{"id":688,"date":"2024-07-09T23:52:40","date_gmt":"2024-07-10T05:52:40","guid":{"rendered":"http:\/\/anc.local\/?page_id=688"},"modified":"2024-07-09T23:52:45","modified_gmt":"2024-07-10T05:52:45","slug":"leonardo-mata-jimenez-1933-2017","status":"publish","type":"page","link":"https:\/\/www.anc.cr\/en\/leonardo-mata-jimenez-1933-2017\/","title":{"rendered":"Leonardo Mata Jim\u00e9nez (1933-2017)"},"content":{"rendered":"<div class=\"wp-block-group alignfull has-global-padding is-layout-constrained wp-container-core-group-is-layout-cb151cc7 wp-block-group-is-layout-constrained\" style=\"margin-top:0;margin-bottom:0;padding-top:0;padding-right:var(--wp--preset--spacing--50);padding-bottom:0;padding-left:var(--wp--preset--spacing--50)\">\n<div class=\"wp-block-columns alignwide are-vertically-aligned-center is-layout-flex wp-container-core-columns-is-layout-47c06fe3 wp-block-columns-is-layout-flex\">\n<div class=\"wp-block-column is-vertically-aligned-center is-layout-flow wp-block-column-is-layout-flow\" style=\"flex-basis:50%\">\n<h3 class=\"wp-block-heading has-x-large-font-size\">Leonardo Mata Jim\u00e9nez (1933-2017)<\/h3>\n\n\n\n<p>Acad\u00e9mico de N\u00famero<\/p>\n\n\n\n<ul class=\"wp-block-list\">\n<li>Profesor Em\u00e9rito y Catedr\u00e1tico, Escuela de Medicina, Universidad de Costa Rica, San Jos\u00e9, Costa Rica.<\/li>\n\n\n\n<li>Lic., Microbiolog\u00eda y Qu\u00edmica Cl\u00ednica, Universidad de Costa Rica (1957).<\/li>\n\n\n\n<li>M.S. (Hyg), Salud P\u00fablica Tropical, Escuela de Salud P\u00fablica, Universidad de Harvard, E.E.U.U. (1960).<\/li>\n\n\n\n<li>D.Sc., Salud P\u00fablica Tropical, Escuela de Salud P\u00fablica, Universidad de Harvard, E.E.U.U. (1962).&nbsp;<\/li>\n<\/ul>\n<\/div>\n\n\n\n<div class=\"wp-block-column is-vertically-aligned-center is-layout-flow wp-block-column-is-layout-flow\" style=\"flex-basis:50%\"><figure style=\"width:500px;height:500px;\" class=\"wp-block-post-featured-image\"><img decoding=\"async\" width=\"400\" height=\"400\" src=\"https:\/\/www.anc.cr\/wp-content\/uploads\/2024\/07\/image-70.png\" class=\"attachment-post-thumbnail size-post-thumbnail wp-post-image\" alt=\"\" style=\"height:500px;object-fit:cover;\" srcset=\"https:\/\/www.anc.cr\/wp-content\/uploads\/2024\/07\/image-70.png 400w, https:\/\/www.anc.cr\/wp-content\/uploads\/2024\/07\/image-70-300x300.png 300w, https:\/\/www.anc.cr\/wp-content\/uploads\/2024\/07\/image-70-150x150.png 150w\" sizes=\"(max-width: 400px) 100vw, 400px\" \/><\/figure><\/div>\n<\/div>\n<\/div>\n\n\n\n<div style=\"height:10px\" aria-hidden=\"true\" class=\"wp-block-spacer\"><\/div>\n\n\n\n<hr class=\"wp-block-separator has-alpha-channel-opacity\"\/>\n\n\n\n<p>Leonardo Mata se especializ\u00f3 en la Salud P\u00fablica. Realiz\u00f3 investigaciones en lactancia materna, nutrici\u00f3n, diarrea, infecciones virales, crecimiento y desarrollo del ni\u00f1o, sida, entre otras.&nbsp;<\/p>\n\n\n\n<p>Entre los cargos que ocup\u00f3 est\u00e1n los siguientes: Coordinado\/Infecci\u00f3n Nutrici\u00f3n, INISA, Universidad de Costa Rica (1989- ); Presidente, Comisi\u00f3n Nacional del SIDA, Ministerio de Salud (1986-88); Profesor Visitante, Ciencias de la Poblaci\u00f3n, Harvard, Esc. Salud P\u00fablica (1985-89); Jefe de Microbiolog\u00eda, INISA, U.C.R. (1985-89); Asesor, Hospital Nacional de Ni\u00f1os, Costa Rica (1979-85); Catedr\u00e1tico, Facultad de Medicina, U.C.R. (1976- );&nbsp; Fundador y primer Director, INISA, U.C.R. (1975-85); Profesor, Sistema de Estudios de Posgrado, U.C.R. (1976- ); Conferencista Visitante, Salud P\u00fablica Tropical, Harvard, Esc. Salud P\u00fablica (1975-90); Profesor Cl\u00ednico, Epidemiolog\u00eda, Univ. de Washington, Esc. De Salud P\u00fablica y Med. Comunitaria, Seattle (1974-81); Profesor Visitante, Epidemiolog\u00eda y Salud Internacional, Univ. de Washington, Esc. De Salud P\u00fablica y Med. Comunitaria, Seattle (1973-74); Profesor de Microbiolog\u00eda, Escuela de Nutrici\u00f3n, INCAP, Guatemala (1972-1974); Profesor Visitante, Microbiolog\u00eda, Univ. de El Salvador, Esc. Med., San Salvador (1970-72) y Profesor de Virolog\u00eda, Fac. Ciencias Qu\u00edmicas\/Farmacia, Univ. de San Carlos, Guatemala (1965-70).&nbsp;<\/p>\n\n\n\n<p>Recibi\u00f3 los siguientes reconocimientos: Miembro Honorario (vitalicio), \u0093American Society of Tropical Medicine and Hygiene\u0094 (1992); C\u00e1tedra&nbsp; \u0093William Withering\u0094, \u0093University of Birmingham\u0094, Facultad de Medicina\/Odontolog\u00eda, Inglaterra (1990); Diploma del \u0093Consejo Mundial de Ciencia\u0094, M\u00e9xico (1988); a) Dedicaci\u00f3n de los \u0093Laboratorios de Microbiolog\u00eda del Instituto de Nutrici\u00f3n de Centro Am\u00e9rica y Panam\u00e1\u0094 (INCAP), b) Simposio Internacional \u0093Nutrici\u00f3n e Inmunidad\u0094 en su honor y c) Colocaci\u00f3n de una Placa en los laboratorios de microbiolog\u00eda, INCAP, Guatemala (1986); Miembro Vitalicio, \u0093Academia de Ciencias de Am\u00e9rica Latina\u0094, Caracas (1984); Miembro Vitalicio, \u0093World Academy of Art and Science\u0094, Philadelphia (1983); Segundo \u0093Stuart Mudd Award\u0094, en microbiolog\u00eda, \u0093World Academy of Art and Science\u0094, Philadelphia (1982); \u0093UNESCO Science Prize-1980\u0094, Paris (1981); C\u00e1tedra \u0093Charles Franklin Craig\u0094, \u0093American Society of Tropical Medicine and Hygiene\u0094, Honolulu, Hawaii (1974); Diploma Honor al M\u00e9rito, \u0093Asociaci\u00f3n Pedi\u00e1trica de Guatemala\u0094 (1973); Miembro Honorario, \u0093Colegio de M\u00e9dicos y Cirujanos de Nicaragua\u0094 (1970); C\u00e1tedra \u0093Spiegel\u0094, \u0093Columbia University\u0094, Centro de Poblaci\u00f3n y Salud Familiar, Nueva York (1986); \u0093Padrino\u0094 de la primera promoci\u00f3n, Maestr\u00eda en Bioqu\u00edmica, Fisiolog\u00eda y Nutrici\u00f3n, \u0093Universidad de San Marcos de Lima\u0094 (1985); Dedicaci\u00f3n de las Terceras Jornadas de los \u0093Cursos Libres\u0094, Universidad de Costa Rica (1982); \u0093Hijo Benem\u00e9rito\u0094 de Santa Mar\u00eda de Dota, Costa Rica (1981); \u0093Sigma Xi\u0094, Columbia, Misouri (1979); C\u00e1tedra \u0093Samuel Z. Levine\u0094, \u0093University of Texas Medical Center\u0094, Dallas, Texas (1975); C\u00e1tedra \u0093Strother\u0094, \u0093University of Washington, School of Public Health and Community Medicine\u0094, Seattle, Washington (1974); Notas de Honor, \u0093Harvard School of Public Health\u0094, Boston, Mass (1959-62); y Mejor Promedio durante la carrera, \u0093Facultad de Microbiolog\u00eda, Universidad de Costa Rica\u0094 (1952-57).&nbsp;&nbsp;<\/p>","protected":false},"excerpt":{"rendered":"<p>Leonardo Mata Jim\u00e9nez (1933-2017) Acad\u00e9mico de N\u00famero Leonardo Mata se especializ\u00f3 en la Salud P\u00fablica. Realiz\u00f3 investigaciones en lactancia materna, nutrici\u00f3n, diarrea, infecciones virales, crecimiento y desarrollo del ni\u00f1o, sida, entre otras.&nbsp; Entre los cargos que ocup\u00f3 est\u00e1n los siguientes: Coordinado\/Infecci\u00f3n Nutrici\u00f3n, INISA, Universidad de Costa Rica (1989- ); Presidente, Comisi\u00f3n Nacional del SIDA, Ministerio [&hellip;]<\/p>\n","protected":false},"author":1,"featured_media":872,"parent":0,"menu_order":0,"comment_status":"closed","ping_status":"closed","template":"","meta":{"footnotes":""},"class_list":["post-688","page","type-page","status-publish","has-post-thumbnail","hentry"],"yoast_head":"<!-- This site is optimized with the Yoast SEO plugin v27.3 - https:\/\/yoast.com\/product\/yoast-seo-wordpress\/ -->\n<title>Leonardo Mata Jim\u00e9nez (1933-2017) - ANC<\/title>\n<meta name=\"robots\" content=\"index, follow, max-snippet:-1, max-image-preview:large, max-video-preview:-1\" \/>\n<link rel=\"canonical\" href=\"https:\/\/www.anc.cr\/en\/leonardo-mata-jimenez-1933-2017\/\" \/>\n<meta property=\"og:locale\" content=\"en_US\" \/>\n<meta property=\"og:type\" content=\"article\" \/>\n<meta property=\"og:title\" content=\"Leonardo Mata Jim\u00e9nez (1933-2017) - ANC\" \/>\n<meta property=\"og:description\" content=\"Leonardo Mata Jim\u00e9nez (1933-2017) Acad\u00e9mico de N\u00famero Leonardo Mata se especializ\u00f3 en la Salud P\u00fablica. Realiz\u00f3 investigaciones en lactancia materna, nutrici\u00f3n, diarrea, infecciones virales, crecimiento y desarrollo del ni\u00f1o, sida, entre otras.&nbsp; Entre los cargos que ocup\u00f3 est\u00e1n los siguientes: Coordinado\/Infecci\u00f3n Nutrici\u00f3n, INISA, Universidad de Costa Rica (1989- ); Presidente, Comisi\u00f3n Nacional del SIDA, Ministerio [&hellip;]\" \/>\n<meta property=\"og:url\" content=\"https:\/\/www.anc.cr\/en\/leonardo-mata-jimenez-1933-2017\/\" \/>\n<meta property=\"og:site_name\" content=\"ANC\" \/>\n<meta property=\"article:modified_time\" content=\"2024-07-10T05:52:45+00:00\" \/>\n<meta property=\"og:image\" content=\"https:\/\/www.anc.cr\/wp-content\/uploads\/2024\/07\/image-70.png\" \/>\n\t<meta property=\"og:image:width\" content=\"400\" \/>\n\t<meta property=\"og:image:height\" content=\"400\" \/>\n\t<meta property=\"og:image:type\" content=\"image\/png\" \/>\n<meta name=\"twitter:card\" content=\"summary_large_image\" \/>\n<meta name=\"twitter:label1\" content=\"Est. reading time\" \/>\n\t<meta name=\"twitter:data1\" content=\"3 minutes\" \/>\n<script type=\"application\/ld+json\" class=\"yoast-schema-graph\">{\"@context\":\"https:\\\/\\\/schema.org\",\"@graph\":[{\"@type\":\"WebPage\",\"@id\":\"https:\\\/\\\/www.anc.cr\\\/leonardo-mata-jimenez-1933-2017\\\/\",\"url\":\"https:\\\/\\\/www.anc.cr\\\/leonardo-mata-jimenez-1933-2017\\\/\",\"name\":\"Leonardo Mata Jim\u00e9nez (1933-2017) - ANC\",\"isPartOf\":{\"@id\":\"https:\\\/\\\/www.anc.cr\\\/#website\"},\"primaryImageOfPage\":{\"@id\":\"https:\\\/\\\/www.anc.cr\\\/leonardo-mata-jimenez-1933-2017\\\/#primaryimage\"},\"image\":{\"@id\":\"https:\\\/\\\/www.anc.cr\\\/leonardo-mata-jimenez-1933-2017\\\/#primaryimage\"},\"thumbnailUrl\":\"https:\\\/\\\/www.anc.cr\\\/wp-content\\\/uploads\\\/2024\\\/07\\\/image-70.png\",\"datePublished\":\"2024-07-10T05:52:40+00:00\",\"dateModified\":\"2024-07-10T05:52:45+00:00\",\"breadcrumb\":{\"@id\":\"https:\\\/\\\/www.anc.cr\\\/leonardo-mata-jimenez-1933-2017\\\/#breadcrumb\"},\"inLanguage\":\"en-US\",\"potentialAction\":[{\"@type\":\"ReadAction\",\"target\":[\"https:\\\/\\\/www.anc.cr\\\/leonardo-mata-jimenez-1933-2017\\\/\"]}]},{\"@type\":\"ImageObject\",\"inLanguage\":\"en-US\",\"@id\":\"https:\\\/\\\/www.anc.cr\\\/leonardo-mata-jimenez-1933-2017\\\/#primaryimage\",\"url\":\"https:\\\/\\\/www.anc.cr\\\/wp-content\\\/uploads\\\/2024\\\/07\\\/image-70.png\",\"contentUrl\":\"https:\\\/\\\/www.anc.cr\\\/wp-content\\\/uploads\\\/2024\\\/07\\\/image-70.png\",\"width\":400,\"height\":400},{\"@type\":\"BreadcrumbList\",\"@id\":\"https:\\\/\\\/www.anc.cr\\\/leonardo-mata-jimenez-1933-2017\\\/#breadcrumb\",\"itemListElement\":[{\"@type\":\"ListItem\",\"position\":1,\"name\":\"Portada\",\"item\":\"https:\\\/\\\/www.anc.cr\\\/\"},{\"@type\":\"ListItem\",\"position\":2,\"name\":\"Leonardo Mata Jim\u00e9nez (1933-2017)\"}]},{\"@type\":\"WebSite\",\"@id\":\"https:\\\/\\\/www.anc.cr\\\/#website\",\"url\":\"https:\\\/\\\/www.anc.cr\\\/\",\"name\":\"ANC\",\"description\":\"Academia Nacional de Ciencias\",\"publisher\":{\"@id\":\"https:\\\/\\\/www.anc.cr\\\/#organization\"},\"potentialAction\":[{\"@type\":\"SearchAction\",\"target\":{\"@type\":\"EntryPoint\",\"urlTemplate\":\"https:\\\/\\\/www.anc.cr\\\/?s={search_term_string}\"},\"query-input\":{\"@type\":\"PropertyValueSpecification\",\"valueRequired\":true,\"valueName\":\"search_term_string\"}}],\"inLanguage\":\"en-US\"},{\"@type\":\"Organization\",\"@id\":\"https:\\\/\\\/www.anc.cr\\\/#organization\",\"name\":\"ANC\",\"url\":\"https:\\\/\\\/www.anc.cr\\\/\",\"logo\":{\"@type\":\"ImageObject\",\"inLanguage\":\"en-US\",\"@id\":\"https:\\\/\\\/www.anc.cr\\\/#\\\/schema\\\/logo\\\/image\\\/\",\"url\":\"https:\\\/\\\/www.anc.cr\\\/wp-content\\\/uploads\\\/2024\\\/07\\\/Logo-ANC-CR.png\",\"contentUrl\":\"https:\\\/\\\/www.anc.cr\\\/wp-content\\\/uploads\\\/2024\\\/07\\\/Logo-ANC-CR.png\",\"width\":1051,\"height\":593,\"caption\":\"ANC\"},\"image\":{\"@id\":\"https:\\\/\\\/www.anc.cr\\\/#\\\/schema\\\/logo\\\/image\\\/\"}}]}<\/script>\n<!-- \/ Yoast SEO plugin. -->","yoast_head_json":{"title":"Leonardo Mata Jim\u00e9nez (1933-2017) - ANC","robots":{"index":"index","follow":"follow","max-snippet":"max-snippet:-1","max-image-preview":"max-image-preview:large","max-video-preview":"max-video-preview:-1"},"canonical":"https:\/\/www.anc.cr\/en\/leonardo-mata-jimenez-1933-2017\/","og_locale":"en_US","og_type":"article","og_title":"Leonardo Mata Jim\u00e9nez (1933-2017) - ANC","og_description":"Leonardo Mata Jim\u00e9nez (1933-2017) Acad\u00e9mico de N\u00famero Leonardo Mata se especializ\u00f3 en la Salud P\u00fablica. Realiz\u00f3 investigaciones en lactancia materna, nutrici\u00f3n, diarrea, infecciones virales, crecimiento y desarrollo del ni\u00f1o, sida, entre otras.&nbsp; Entre los cargos que ocup\u00f3 est\u00e1n los siguientes: Coordinado\/Infecci\u00f3n Nutrici\u00f3n, INISA, Universidad de Costa Rica (1989- ); Presidente, Comisi\u00f3n Nacional del SIDA, Ministerio [&hellip;]","og_url":"https:\/\/www.anc.cr\/en\/leonardo-mata-jimenez-1933-2017\/","og_site_name":"ANC","article_modified_time":"2024-07-10T05:52:45+00:00","og_image":[{"width":400,"height":400,"url":"https:\/\/www.anc.cr\/wp-content\/uploads\/2024\/07\/image-70.png","type":"image\/png"}],"twitter_card":"summary_large_image","twitter_misc":{"Est. reading time":"3 minutes"},"schema":{"@context":"https:\/\/schema.org","@graph":[{"@type":"WebPage","@id":"https:\/\/www.anc.cr\/leonardo-mata-jimenez-1933-2017\/","url":"https:\/\/www.anc.cr\/leonardo-mata-jimenez-1933-2017\/","name":"Leonardo Mata Jim\u00e9nez (1933-2017) - ANC","isPartOf":{"@id":"https:\/\/www.anc.cr\/#website"},"primaryImageOfPage":{"@id":"https:\/\/www.anc.cr\/leonardo-mata-jimenez-1933-2017\/#primaryimage"},"image":{"@id":"https:\/\/www.anc.cr\/leonardo-mata-jimenez-1933-2017\/#primaryimage"},"thumbnailUrl":"https:\/\/www.anc.cr\/wp-content\/uploads\/2024\/07\/image-70.png","datePublished":"2024-07-10T05:52:40+00:00","dateModified":"2024-07-10T05:52:45+00:00","breadcrumb":{"@id":"https:\/\/www.anc.cr\/leonardo-mata-jimenez-1933-2017\/#breadcrumb"},"inLanguage":"en-US","potentialAction":[{"@type":"ReadAction","target":["https:\/\/www.anc.cr\/leonardo-mata-jimenez-1933-2017\/"]}]},{"@type":"ImageObject","inLanguage":"en-US","@id":"https:\/\/www.anc.cr\/leonardo-mata-jimenez-1933-2017\/#primaryimage","url":"https:\/\/www.anc.cr\/wp-content\/uploads\/2024\/07\/image-70.png","contentUrl":"https:\/\/www.anc.cr\/wp-content\/uploads\/2024\/07\/image-70.png","width":400,"height":400},{"@type":"BreadcrumbList","@id":"https:\/\/www.anc.cr\/leonardo-mata-jimenez-1933-2017\/#breadcrumb","itemListElement":[{"@type":"ListItem","position":1,"name":"Portada","item":"https:\/\/www.anc.cr\/"},{"@type":"ListItem","position":2,"name":"Leonardo Mata Jim\u00e9nez (1933-2017)"}]},{"@type":"WebSite","@id":"https:\/\/www.anc.cr\/#website","url":"https:\/\/www.anc.cr\/","name":"ANC","description":"Academia Nacional de Ciencias","publisher":{"@id":"https:\/\/www.anc.cr\/#organization"},"potentialAction":[{"@type":"SearchAction","target":{"@type":"EntryPoint","urlTemplate":"https:\/\/www.anc.cr\/?s={search_term_string}"},"query-input":{"@type":"PropertyValueSpecification","valueRequired":true,"valueName":"search_term_string"}}],"inLanguage":"en-US"},{"@type":"Organization","@id":"https:\/\/www.anc.cr\/#organization","name":"ANC","url":"https:\/\/www.anc.cr\/","logo":{"@type":"ImageObject","inLanguage":"en-US","@id":"https:\/\/www.anc.cr\/#\/schema\/logo\/image\/","url":"https:\/\/www.anc.cr\/wp-content\/uploads\/2024\/07\/Logo-ANC-CR.png","contentUrl":"https:\/\/www.anc.cr\/wp-content\/uploads\/2024\/07\/Logo-ANC-CR.png","width":1051,"height":593,"caption":"ANC"},"image":{"@id":"https:\/\/www.anc.cr\/#\/schema\/logo\/image\/"}}]}},"_links":{"self":[{"href":"https:\/\/www.anc.cr\/en\/wp-json\/wp\/v2\/pages\/688","targetHints":{"allow":["GET"]}}],"collection":[{"href":"https:\/\/www.anc.cr\/en\/wp-json\/wp\/v2\/pages"}],"about":[{"href":"https:\/\/www.anc.cr\/en\/wp-json\/wp\/v2\/types\/page"}],"author":[{"embeddable":true,"href":"https:\/\/www.anc.cr\/en\/wp-json\/wp\/v2\/users\/1"}],"replies":[{"embeddable":true,"href":"https:\/\/www.anc.cr\/en\/wp-json\/wp\/v2\/comments?post=688"}],"version-history":[{"count":1,"href":"https:\/\/www.anc.cr\/en\/wp-json\/wp\/v2\/pages\/688\/revisions"}],"predecessor-version":[{"id":887,"href":"https:\/\/www.anc.cr\/en\/wp-json\/wp\/v2\/pages\/688\/revisions\/887"}],"wp:featuredmedia":[{"embeddable":true,"href":"https:\/\/www.anc.cr\/en\/wp-json\/wp\/v2\/media\/872"}],"wp:attachment":[{"href":"https:\/\/www.anc.cr\/en\/wp-json\/wp\/v2\/media?parent=688"}],"curies":[{"name":"wp","href":"https:\/\/api.w.org\/{rel}","templated":true}]}}