{"id":59,"date":"2024-05-15T16:22:57","date_gmt":"2024-05-15T22:22:57","guid":{"rendered":"http:\/\/anc.local\/?page_id=59"},"modified":"2024-09-20T00:21:42","modified_gmt":"2024-09-20T06:21:42","slug":"noticias","status":"publish","type":"page","link":"https:\/\/www.anc.cr\/en\/noticias\/","title":{"rendered":"News"},"content":{"rendered":"<p><\/p>\n\n\n\n<div class=\"wp-block-query alignwide is-layout-flow wp-block-query-is-layout-flow\">\n<h1 class=\"wp-block-heading has-text-align-center has-x-large-font-size\"><strong>Get the latest news<\/strong><\/h1>\n\n\n\n<div class=\"wp-block-columns is-layout-flex wp-container-core-columns-is-layout-28f84493 wp-block-columns-is-layout-flex\">\n<div class=\"wp-block-column is-layout-flow wp-block-column-is-layout-flow\" style=\"flex-basis:25%\"><\/div>\n\n\n\n<div class=\"wp-block-column is-layout-flow wp-block-column-is-layout-flow\" style=\"flex-basis:50%\"><ul class=\"wp-block-latest-posts__list is-grid columns-2 wp-block-latest-posts\"><li><div class=\"wp-block-latest-posts__featured-image aligncenter\"><a href=\"https:\/\/www.anc.cr\/en\/dia-internacional-de-la-mujer-y-la-nina-en-la-ciencia\/\" aria-label=\"D\u00eda Internacional de la Mujer y la Ni\u00f1a en la Ciencia\"><img decoding=\"async\" width=\"819\" height=\"1024\" src=\"https:\/\/www.anc.cr\/wp-content\/uploads\/2026\/01\/Actividad-7-de-febrero.-Post-1-819x1024.png\" class=\"attachment-large size-large wp-post-image\" alt=\"\" style=\"\" srcset=\"https:\/\/www.anc.cr\/wp-content\/uploads\/2026\/01\/Actividad-7-de-febrero.-Post-1-819x1024.png 819w, https:\/\/www.anc.cr\/wp-content\/uploads\/2026\/01\/Actividad-7-de-febrero.-Post-1-240x300.png 240w, https:\/\/www.anc.cr\/wp-content\/uploads\/2026\/01\/Actividad-7-de-febrero.-Post-1-768x960.png 768w, https:\/\/www.anc.cr\/wp-content\/uploads\/2026\/01\/Actividad-7-de-febrero.-Post-1-10x12.png 10w, https:\/\/www.anc.cr\/wp-content\/uploads\/2026\/01\/Actividad-7-de-febrero.-Post-1.png 1080w\" sizes=\"(max-width: 819px) 100vw, 819px\" \/><\/a><\/div><a class=\"wp-block-latest-posts__post-title\" href=\"https:\/\/www.anc.cr\/en\/dia-internacional-de-la-mujer-y-la-nina-en-la-ciencia\/\">D\u00eda Internacional de la Mujer y la Ni\u00f1a en la Ciencia<\/a><div class=\"wp-block-latest-posts__post-excerpt\">La Academia Nacional de Ciencias y el Planetario de San Jos\u00e9 invitan a ni\u00f1as y sus acompa\u00f1antes a vivir una funci\u00f3n espacial\u2026 <a class=\"wp-block-latest-posts__read-more\" href=\"https:\/\/www.anc.cr\/en\/dia-internacional-de-la-mujer-y-la-nina-en-la-ciencia\/\" rel=\"noopener noreferrer\">Read more<span class=\"screen-reader-text\">: D\u00eda Internacional de la Mujer y la Ni\u00f1a en la Ciencia<\/span><\/a><\/div><\/li>\n<li><div class=\"wp-block-latest-posts__featured-image aligncenter\"><a href=\"https:\/\/www.anc.cr\/en\/conferencia-el-microambiente-tumoral-del-cancer-gastrico-explorando-aspectos-implicados-en-su-conformacion\/\" aria-label=\"Conferencia: El microambiente tumoral del c\u00e1ncer g\u00e1strico: explorando aspectos implicados en su conformaci\u00f3n\"><img decoding=\"async\" width=\"1024\" height=\"1024\" src=\"https:\/\/www.anc.cr\/wp-content\/uploads\/2026\/01\/Conferencia-febrero-2026-1024x1024.png\" class=\"attachment-large size-large wp-post-image\" alt=\"\" style=\"\" srcset=\"https:\/\/www.anc.cr\/wp-content\/uploads\/2026\/01\/Conferencia-febrero-2026-1024x1024.png 1024w, https:\/\/www.anc.cr\/wp-content\/uploads\/2026\/01\/Conferencia-febrero-2026-300x300.png 300w, https:\/\/www.anc.cr\/wp-content\/uploads\/2026\/01\/Conferencia-febrero-2026-150x150.png 150w, https:\/\/www.anc.cr\/wp-content\/uploads\/2026\/01\/Conferencia-febrero-2026-768x768.png 768w, https:\/\/www.anc.cr\/wp-content\/uploads\/2026\/01\/Conferencia-febrero-2026-12x12.png 12w, https:\/\/www.anc.cr\/wp-content\/uploads\/2026\/01\/Conferencia-febrero-2026.png 1080w\" sizes=\"(max-width: 1024px) 100vw, 1024px\" \/><\/a><\/div><a class=\"wp-block-latest-posts__post-title\" href=\"https:\/\/www.anc.cr\/en\/conferencia-el-microambiente-tumoral-del-cancer-gastrico-explorando-aspectos-implicados-en-su-conformacion\/\">Conferencia: El microambiente tumoral del c\u00e1ncer g\u00e1strico: explorando aspectos implicados en su conformaci\u00f3n<\/a><div class=\"wp-block-latest-posts__post-excerpt\">La Academia Nacional de Ciencias, Costa Rica, les invita a la conferencia: El microambiente tumoral del c\u00e1ncer g\u00e1strico: explorando aspectos implicados en\u2026 <a class=\"wp-block-latest-posts__read-more\" href=\"https:\/\/www.anc.cr\/en\/conferencia-el-microambiente-tumoral-del-cancer-gastrico-explorando-aspectos-implicados-en-su-conformacion\/\" rel=\"noopener noreferrer\">Read more<span class=\"screen-reader-text\">: Conferencia: El microambiente tumoral del c\u00e1ncer g\u00e1strico: explorando aspectos implicados en su conformaci\u00f3n<\/span><\/a><\/div><\/li>\n<li><div class=\"wp-block-latest-posts__featured-image aligncenter\"><a href=\"https:\/\/www.anc.cr\/en\/conferencia-diplomacia-cientifica-en-un-mundo-cada-vez-mas-fragmentado-el-rol-de-costa-rica\/\" aria-label=\"Conferencia Diplomacia cient\u00edfica en un mundo cada vez m\u00e1s fragmentado: el rol de Costa Rica\"><img decoding=\"async\" width=\"1024\" height=\"1024\" src=\"https:\/\/www.anc.cr\/wp-content\/uploads\/2026\/01\/Conferencia-21-de-enero-2026-1024x1024.png\" class=\"attachment-large size-large wp-post-image\" alt=\"\" style=\"\" srcset=\"https:\/\/www.anc.cr\/wp-content\/uploads\/2026\/01\/Conferencia-21-de-enero-2026-1024x1024.png 1024w, https:\/\/www.anc.cr\/wp-content\/uploads\/2026\/01\/Conferencia-21-de-enero-2026-300x300.png 300w, https:\/\/www.anc.cr\/wp-content\/uploads\/2026\/01\/Conferencia-21-de-enero-2026-150x150.png 150w, https:\/\/www.anc.cr\/wp-content\/uploads\/2026\/01\/Conferencia-21-de-enero-2026-768x768.png 768w, https:\/\/www.anc.cr\/wp-content\/uploads\/2026\/01\/Conferencia-21-de-enero-2026-12x12.png 12w, https:\/\/www.anc.cr\/wp-content\/uploads\/2026\/01\/Conferencia-21-de-enero-2026.png 1080w\" sizes=\"(max-width: 1024px) 100vw, 1024px\" \/><\/a><\/div><a class=\"wp-block-latest-posts__post-title\" href=\"https:\/\/www.anc.cr\/en\/conferencia-diplomacia-cientifica-en-un-mundo-cada-vez-mas-fragmentado-el-rol-de-costa-rica\/\">Conferencia Diplomacia cient\u00edfica en un mundo cada vez m\u00e1s fragmentado: el rol de Costa Rica<\/a><div class=\"wp-block-latest-posts__post-excerpt\">La Academia Nacional de Ciencias, Costa Rica, les invita a la conferencia presencial: Diplomacia cient\u00edfica en un mundo cada vez m\u00e1s fragmentado:\u2026 <a class=\"wp-block-latest-posts__read-more\" href=\"https:\/\/www.anc.cr\/en\/conferencia-diplomacia-cientifica-en-un-mundo-cada-vez-mas-fragmentado-el-rol-de-costa-rica\/\" rel=\"noopener noreferrer\">Read more<span class=\"screen-reader-text\">: Conferencia Diplomacia cient\u00edfica en un mundo cada vez m\u00e1s fragmentado: el rol de Costa Rica<\/span><\/a><\/div><\/li>\n<li><div class=\"wp-block-latest-posts__featured-image aligncenter\"><a href=\"https:\/\/www.anc.cr\/en\/felices-fiestas-y-prospero-2026-les-desea-la-academia-nacional-de-ciencias-anc\/\" aria-label=\"FELICES FIESTAS Y PR\u00d3SPERO 2026 LES DESEA LA ACADEMIA NACIONAL DE CIENCIAS (ANC)\"><img decoding=\"async\" width=\"917\" height=\"650\" src=\"https:\/\/www.anc.cr\/wp-content\/uploads\/2025\/12\/Screenshot-2025-12-19-at-11-20-57-22-FELICES-FIESTAS-Y-PROSPERO-2026-LES-DESEA-LA-ACADEMIA-NACIONAL-DE-CIENCIAS-ANC-YouTube.png\" class=\"attachment-large size-large wp-post-image\" alt=\"\" style=\"\" srcset=\"https:\/\/www.anc.cr\/wp-content\/uploads\/2025\/12\/Screenshot-2025-12-19-at-11-20-57-22-FELICES-FIESTAS-Y-PROSPERO-2026-LES-DESEA-LA-ACADEMIA-NACIONAL-DE-CIENCIAS-ANC-YouTube.png 917w, https:\/\/www.anc.cr\/wp-content\/uploads\/2025\/12\/Screenshot-2025-12-19-at-11-20-57-22-FELICES-FIESTAS-Y-PROSPERO-2026-LES-DESEA-LA-ACADEMIA-NACIONAL-DE-CIENCIAS-ANC-YouTube-300x213.png 300w, https:\/\/www.anc.cr\/wp-content\/uploads\/2025\/12\/Screenshot-2025-12-19-at-11-20-57-22-FELICES-FIESTAS-Y-PROSPERO-2026-LES-DESEA-LA-ACADEMIA-NACIONAL-DE-CIENCIAS-ANC-YouTube-768x544.png 768w, https:\/\/www.anc.cr\/wp-content\/uploads\/2025\/12\/Screenshot-2025-12-19-at-11-20-57-22-FELICES-FIESTAS-Y-PROSPERO-2026-LES-DESEA-LA-ACADEMIA-NACIONAL-DE-CIENCIAS-ANC-YouTube-18x12.png 18w\" sizes=\"(max-width: 917px) 100vw, 917px\" \/><\/a><\/div><a class=\"wp-block-latest-posts__post-title\" href=\"https:\/\/www.anc.cr\/en\/felices-fiestas-y-prospero-2026-les-desea-la-academia-nacional-de-ciencias-anc\/\">FELICES FIESTAS Y PR\u00d3SPERO 2026 LES DESEA LA ACADEMIA NACIONAL DE CIENCIAS (ANC)<\/a><div class=\"wp-block-latest-posts__post-excerpt\">La Academia Nacional de Ciencias\u00a0 les desea todo lo mejor para estas fiestas y el pr\u00f3ximo a\u00f1o. Les comunicamos que las oficinas\u2026 <a class=\"wp-block-latest-posts__read-more\" href=\"https:\/\/www.anc.cr\/en\/felices-fiestas-y-prospero-2026-les-desea-la-academia-nacional-de-ciencias-anc\/\" rel=\"noopener noreferrer\">Read more<span class=\"screen-reader-text\">: FELICES FIESTAS Y PR\u00d3SPERO 2026 LES DESEA LA ACADEMIA NACIONAL DE CIENCIAS (ANC)<\/span><\/a><\/div><\/li>\n<li><div class=\"wp-block-latest-posts__featured-image aligncenter\"><a href=\"https:\/\/www.anc.cr\/en\/felicitaciones-al-dr-max-chavarria-vargas\/\" aria-label=\"FELICITACIONES AL DR. MAX CHAVARR\u00cdA VARGAS\"><img decoding=\"async\" width=\"1024\" height=\"1024\" src=\"https:\/\/www.anc.cr\/wp-content\/uploads\/2025\/12\/FELICITACIONES-DR.-MAX-CHAVARRIA-1024x1024.jpg\" class=\"attachment-large size-large wp-post-image\" alt=\"\" style=\"\" srcset=\"https:\/\/www.anc.cr\/wp-content\/uploads\/2025\/12\/FELICITACIONES-DR.-MAX-CHAVARRIA-1024x1024.jpg 1024w, https:\/\/www.anc.cr\/wp-content\/uploads\/2025\/12\/FELICITACIONES-DR.-MAX-CHAVARRIA-300x300.jpg 300w, https:\/\/www.anc.cr\/wp-content\/uploads\/2025\/12\/FELICITACIONES-DR.-MAX-CHAVARRIA-150x150.jpg 150w, https:\/\/www.anc.cr\/wp-content\/uploads\/2025\/12\/FELICITACIONES-DR.-MAX-CHAVARRIA-768x768.jpg 768w, https:\/\/www.anc.cr\/wp-content\/uploads\/2025\/12\/FELICITACIONES-DR.-MAX-CHAVARRIA-12x12.jpg 12w, https:\/\/www.anc.cr\/wp-content\/uploads\/2025\/12\/FELICITACIONES-DR.-MAX-CHAVARRIA.jpg 1080w\" sizes=\"(max-width: 1024px) 100vw, 1024px\" \/><\/a><\/div><a class=\"wp-block-latest-posts__post-title\" href=\"https:\/\/www.anc.cr\/en\/felicitaciones-al-dr-max-chavarria-vargas\/\">FELICITACIONES AL DR. MAX CHAVARR\u00cdA VARGAS<\/a><div class=\"wp-block-latest-posts__post-excerpt\">FELICITACIONES AL DR. MAX CHAVARR\u00cdA VARGASGANADOR DEL PREMIO NACIONAL DE CIENCIASDR. CLODOMIRO PICADO TWIGHT 2025 La Academia Nacional de Ciencias felicita al\u2026 <a class=\"wp-block-latest-posts__read-more\" href=\"https:\/\/www.anc.cr\/en\/felicitaciones-al-dr-max-chavarria-vargas\/\" rel=\"noopener noreferrer\">Read more<span class=\"screen-reader-text\">: FELICITACIONES AL DR. MAX CHAVARR\u00cdA VARGAS<\/span><\/a><\/div><\/li>\n<li><div class=\"wp-block-latest-posts__featured-image aligncenter\"><a href=\"https:\/\/www.anc.cr\/en\/la-ley-asintotica-de-los-numeros-primos\/\" aria-label=\"\u201cLa ley asint\u00f3tica de los n\u00fameros primos\u201d\"><img decoding=\"async\" width=\"940\" height=\"788\" src=\"https:\/\/www.anc.cr\/wp-content\/uploads\/2025\/10\/Conferencia-noviembre.-Dr.-Jasson-Vindas.png\" class=\"attachment-large size-large wp-post-image\" alt=\"\" style=\"\" srcset=\"https:\/\/www.anc.cr\/wp-content\/uploads\/2025\/10\/Conferencia-noviembre.-Dr.-Jasson-Vindas.png 940w, https:\/\/www.anc.cr\/wp-content\/uploads\/2025\/10\/Conferencia-noviembre.-Dr.-Jasson-Vindas-300x251.png 300w, https:\/\/www.anc.cr\/wp-content\/uploads\/2025\/10\/Conferencia-noviembre.-Dr.-Jasson-Vindas-768x644.png 768w, https:\/\/www.anc.cr\/wp-content\/uploads\/2025\/10\/Conferencia-noviembre.-Dr.-Jasson-Vindas-14x12.png 14w\" sizes=\"(max-width: 940px) 100vw, 940px\" \/><\/a><\/div><a class=\"wp-block-latest-posts__post-title\" href=\"https:\/\/www.anc.cr\/en\/la-ley-asintotica-de-los-numeros-primos\/\">\u201cLa ley asint\u00f3tica de los n\u00fameros primos\u201d<\/a><div class=\"wp-block-latest-posts__post-excerpt\">La Academia Nacional de Ciencias, Costa Rica, les invita a la conferencia: La ley asint\u00f3tica de los n\u00fameros primos Expositor: Dr. Jasson\u2026 <a class=\"wp-block-latest-posts__read-more\" href=\"https:\/\/www.anc.cr\/en\/la-ley-asintotica-de-los-numeros-primos\/\" rel=\"noopener noreferrer\">Read more<span class=\"screen-reader-text\">: \u201cLa ley asint\u00f3tica de los n\u00fameros primos\u201d<\/span><\/a><\/div><\/li>\n<li><div class=\"wp-block-latest-posts__featured-image aligncenter\"><a href=\"https:\/\/www.anc.cr\/en\/sobre-el-premio-nobel-de-fisiologia-o-medicina-2025\/\" aria-label=\"\u201cSobre el Premio Nobel de Fisiolog\u00eda o Medicina 2025\u201d\"><img decoding=\"async\" width=\"1024\" height=\"1024\" src=\"https:\/\/www.anc.cr\/wp-content\/uploads\/2025\/10\/Conferencia-19-de-noviembre-1024x1024.png\" class=\"attachment-large size-large wp-post-image\" alt=\"\" style=\"\" srcset=\"https:\/\/www.anc.cr\/wp-content\/uploads\/2025\/10\/Conferencia-19-de-noviembre-1024x1024.png 1024w, https:\/\/www.anc.cr\/wp-content\/uploads\/2025\/10\/Conferencia-19-de-noviembre-300x300.png 300w, https:\/\/www.anc.cr\/wp-content\/uploads\/2025\/10\/Conferencia-19-de-noviembre-150x150.png 150w, https:\/\/www.anc.cr\/wp-content\/uploads\/2025\/10\/Conferencia-19-de-noviembre-768x768.png 768w, https:\/\/www.anc.cr\/wp-content\/uploads\/2025\/10\/Conferencia-19-de-noviembre-12x12.png 12w, https:\/\/www.anc.cr\/wp-content\/uploads\/2025\/10\/Conferencia-19-de-noviembre.png 1080w\" sizes=\"(max-width: 1024px) 100vw, 1024px\" \/><\/a><\/div><a class=\"wp-block-latest-posts__post-title\" href=\"https:\/\/www.anc.cr\/en\/sobre-el-premio-nobel-de-fisiologia-o-medicina-2025\/\">\u201cSobre el Premio Nobel de Fisiolog\u00eda o Medicina 2025\u201d<\/a><div class=\"wp-block-latest-posts__post-excerpt\">La Academia Nacional de Ciencias, Costa Rica, les invita a la conferencia presencial: \u201cSobre el Premio Nobel de Fisiolog\u00eda o Medicina 2025\u201d\u2026 <a class=\"wp-block-latest-posts__read-more\" href=\"https:\/\/www.anc.cr\/en\/sobre-el-premio-nobel-de-fisiologia-o-medicina-2025\/\" rel=\"noopener noreferrer\">Read more<span class=\"screen-reader-text\">: \u201cSobre el Premio Nobel de Fisiolog\u00eda o Medicina 2025\u201d<\/span><\/a><\/div><\/li>\n<li><div class=\"wp-block-latest-posts__featured-image aligncenter\"><a href=\"https:\/\/www.anc.cr\/en\/explorando-escapes-del-gas-metano-en-manantiales-submarinos-historia-y-fronteras\/\" aria-label=\"\u201cExplorando escapes del gas metano en manantiales submarinos: Historia y Fronteras\u201d\"><img decoding=\"async\" width=\"819\" height=\"1024\" src=\"https:\/\/www.anc.cr\/wp-content\/uploads\/2025\/09\/Conferencia-29-oct-819x1024.png\" class=\"attachment-large size-large wp-post-image\" alt=\"\" style=\"\" srcset=\"https:\/\/www.anc.cr\/wp-content\/uploads\/2025\/09\/Conferencia-29-oct-819x1024.png 819w, https:\/\/www.anc.cr\/wp-content\/uploads\/2025\/09\/Conferencia-29-oct-240x300.png 240w, https:\/\/www.anc.cr\/wp-content\/uploads\/2025\/09\/Conferencia-29-oct-768x960.png 768w, https:\/\/www.anc.cr\/wp-content\/uploads\/2025\/09\/Conferencia-29-oct-10x12.png 10w, https:\/\/www.anc.cr\/wp-content\/uploads\/2025\/09\/Conferencia-29-oct.png 1080w\" sizes=\"(max-width: 819px) 100vw, 819px\" \/><\/a><\/div><a class=\"wp-block-latest-posts__post-title\" href=\"https:\/\/www.anc.cr\/en\/explorando-escapes-del-gas-metano-en-manantiales-submarinos-historia-y-fronteras\/\">\u201cExplorando escapes del gas metano en manantiales submarinos: Historia y Fronteras\u201d<\/a><div class=\"wp-block-latest-posts__post-excerpt\">La Academia Nacional de Ciencias, Costa Rica, les invita a la conferencia: \u201cExplorando escapes del gas metano en manantiales submarinos: Historia y\u2026 <a class=\"wp-block-latest-posts__read-more\" href=\"https:\/\/www.anc.cr\/en\/explorando-escapes-del-gas-metano-en-manantiales-submarinos-historia-y-fronteras\/\" rel=\"noopener noreferrer\">Read more<span class=\"screen-reader-text\">: \u201cExplorando escapes del gas metano en manantiales submarinos: Historia y Fronteras\u201d<\/span><\/a><\/div><\/li>\n<li><div class=\"wp-block-latest-posts__featured-image aligncenter\"><a href=\"https:\/\/www.anc.cr\/en\/mas-alla-del-veneno-microbiota-de-la-mordedura-de-la-terciopelo-bothrops-asper-y-su-perfil-de-resistencia-a-los-antibioticos\/\" aria-label=\"\u201cM\u00e1s all\u00e1 del veneno: Microbiota de la mordedura de la terciopelo (Bothrops asper) y su perfil de resistencia a los antibi\u00f3ticos\u201d\"><img decoding=\"async\" width=\"940\" height=\"788\" src=\"https:\/\/www.anc.cr\/wp-content\/uploads\/2025\/09\/Conferencia-24-de-Set.-Dr.-Max-Chavarria-1.2.png\" class=\"attachment-large size-large wp-post-image\" alt=\"\" style=\"\" srcset=\"https:\/\/www.anc.cr\/wp-content\/uploads\/2025\/09\/Conferencia-24-de-Set.-Dr.-Max-Chavarria-1.2.png 940w, https:\/\/www.anc.cr\/wp-content\/uploads\/2025\/09\/Conferencia-24-de-Set.-Dr.-Max-Chavarria-1.2-300x251.png 300w, https:\/\/www.anc.cr\/wp-content\/uploads\/2025\/09\/Conferencia-24-de-Set.-Dr.-Max-Chavarria-1.2-768x644.png 768w, https:\/\/www.anc.cr\/wp-content\/uploads\/2025\/09\/Conferencia-24-de-Set.-Dr.-Max-Chavarria-1.2-14x12.png 14w\" sizes=\"(max-width: 940px) 100vw, 940px\" \/><\/a><\/div><a class=\"wp-block-latest-posts__post-title\" href=\"https:\/\/www.anc.cr\/en\/mas-alla-del-veneno-microbiota-de-la-mordedura-de-la-terciopelo-bothrops-asper-y-su-perfil-de-resistencia-a-los-antibioticos\/\">\u201cM\u00e1s all\u00e1 del veneno: Microbiota de la mordedura de la terciopelo (Bothrops asper) y su perfil de resistencia a los antibi\u00f3ticos\u201d<\/a><div class=\"wp-block-latest-posts__post-excerpt\">La Academia Nacional de Ciencias, Costa Rica, les invita a la conferencia: M\u00e1s all\u00e1 del veneno: Microbiota de la mordedura de la\u2026 <a class=\"wp-block-latest-posts__read-more\" href=\"https:\/\/www.anc.cr\/en\/mas-alla-del-veneno-microbiota-de-la-mordedura-de-la-terciopelo-bothrops-asper-y-su-perfil-de-resistencia-a-los-antibioticos\/\" rel=\"noopener noreferrer\">Read more<span class=\"screen-reader-text\">: \u201cM\u00e1s all\u00e1 del veneno: Microbiota de la mordedura de la terciopelo (Bothrops asper) y su perfil de resistencia a los antibi\u00f3ticos\u201d<\/span><\/a><\/div><\/li>\n<li><div class=\"wp-block-latest-posts__featured-image aligncenter\"><a href=\"https:\/\/www.anc.cr\/en\/ia-ciencia-y-desinformacion-en-la-era-de-la-posverdad\/\" aria-label=\"\u201cIA, ciencia y desinformaci\u00f3n en la era de la posverdad\u201d\"><img decoding=\"async\" width=\"1024\" height=\"1024\" src=\"https:\/\/www.anc.cr\/wp-content\/uploads\/2025\/09\/Copy-of-Beige-White-Simple-Business-Seminar-Event-Instagram-Post15-1024x1024.png\" class=\"attachment-large size-large wp-post-image\" alt=\"\" style=\"\" srcset=\"https:\/\/www.anc.cr\/wp-content\/uploads\/2025\/09\/Copy-of-Beige-White-Simple-Business-Seminar-Event-Instagram-Post15-1024x1024.png 1024w, https:\/\/www.anc.cr\/wp-content\/uploads\/2025\/09\/Copy-of-Beige-White-Simple-Business-Seminar-Event-Instagram-Post15-300x300.png 300w, https:\/\/www.anc.cr\/wp-content\/uploads\/2025\/09\/Copy-of-Beige-White-Simple-Business-Seminar-Event-Instagram-Post15-150x150.png 150w, https:\/\/www.anc.cr\/wp-content\/uploads\/2025\/09\/Copy-of-Beige-White-Simple-Business-Seminar-Event-Instagram-Post15-768x768.png 768w, https:\/\/www.anc.cr\/wp-content\/uploads\/2025\/09\/Copy-of-Beige-White-Simple-Business-Seminar-Event-Instagram-Post15-12x12.png 12w, https:\/\/www.anc.cr\/wp-content\/uploads\/2025\/09\/Copy-of-Beige-White-Simple-Business-Seminar-Event-Instagram-Post15.png 1080w\" sizes=\"(max-width: 1024px) 100vw, 1024px\" \/><\/a><\/div><a class=\"wp-block-latest-posts__post-title\" href=\"https:\/\/www.anc.cr\/en\/ia-ciencia-y-desinformacion-en-la-era-de-la-posverdad\/\">\u201cIA, ciencia y desinformaci\u00f3n en la era de la posverdad\u201d<\/a><div class=\"wp-block-latest-posts__post-excerpt\">La Academia Nacional de Ciencias, Costa Rica, les invita a la conferencia: \u201cIA, ciencia y desinformaci\u00f3n en la era de la posverdad\u201d\u2026 <a class=\"wp-block-latest-posts__read-more\" href=\"https:\/\/www.anc.cr\/en\/ia-ciencia-y-desinformacion-en-la-era-de-la-posverdad\/\" rel=\"noopener noreferrer\">Read more<span class=\"screen-reader-text\">: \u201cIA, ciencia y desinformaci\u00f3n en la era de la posverdad\u201d<\/span><\/a><\/div><\/li>\n<li><div class=\"wp-block-latest-posts__featured-image aligncenter\"><a href=\"https:\/\/www.anc.cr\/en\/funcion-espacial-en-el-planetario-y-telescopiada-solar-si-el-clima-lo-permite\/\" aria-label=\"FUNCI\u00d3N ESPACIAL EN EL PLANETARIO Y TELESCOPIADA SOLAR *(Si el clima lo permite)\"><img decoding=\"async\" width=\"772\" height=\"1024\" src=\"https:\/\/www.anc.cr\/wp-content\/uploads\/2025\/08\/funcion-planetario-23-de-agosto-772x1024.jpg\" class=\"attachment-large size-large wp-post-image\" alt=\"\" style=\"\" srcset=\"https:\/\/www.anc.cr\/wp-content\/uploads\/2025\/08\/funcion-planetario-23-de-agosto-772x1024.jpg 772w, https:\/\/www.anc.cr\/wp-content\/uploads\/2025\/08\/funcion-planetario-23-de-agosto-226x300.jpg 226w, https:\/\/www.anc.cr\/wp-content\/uploads\/2025\/08\/funcion-planetario-23-de-agosto-768x1019.jpg 768w, https:\/\/www.anc.cr\/wp-content\/uploads\/2025\/08\/funcion-planetario-23-de-agosto-1157x1536.jpg 1157w, https:\/\/www.anc.cr\/wp-content\/uploads\/2025\/08\/funcion-planetario-23-de-agosto-9x12.jpg 9w, https:\/\/www.anc.cr\/wp-content\/uploads\/2025\/08\/funcion-planetario-23-de-agosto.jpg 1440w\" sizes=\"(max-width: 772px) 100vw, 772px\" \/><\/a><\/div><a class=\"wp-block-latest-posts__post-title\" href=\"https:\/\/www.anc.cr\/en\/funcion-espacial-en-el-planetario-y-telescopiada-solar-si-el-clima-lo-permite\/\">FUNCI\u00d3N ESPACIAL EN EL PLANETARIO Y TELESCOPIADA SOLAR *(Si el clima lo permite)<\/a><div class=\"wp-block-latest-posts__post-excerpt\">La Academia Nacional de Ciencias y el Planetario de San Jos\u00e9-UCR les invita a una FUNCI\u00d3N ESPACIAL EN EL PLANETARIO Y TELESCOPIADA\u2026 <a class=\"wp-block-latest-posts__read-more\" href=\"https:\/\/www.anc.cr\/en\/funcion-espacial-en-el-planetario-y-telescopiada-solar-si-el-clima-lo-permite\/\" rel=\"noopener noreferrer\">Read more<span class=\"screen-reader-text\">: FUNCI\u00d3N ESPACIAL EN EL PLANETARIO Y TELESCOPIADA SOLAR *(Si el clima lo permite)<\/span><\/a><\/div><\/li>\n<li><div class=\"wp-block-latest-posts__featured-image aligncenter\"><a href=\"https:\/\/www.anc.cr\/en\/toma-de-decisiones-en-salud-cuando-la-evidencia-cientifica-encuentra-la-realidad-politica\/\" aria-label=\"Toma de decisiones en salud: Cuando la evidencia cient\u00edfica encuentra la realidad pol\u00edtica\"><img decoding=\"async\" width=\"1024\" height=\"1024\" src=\"https:\/\/www.anc.cr\/wp-content\/uploads\/2025\/07\/Conferencia-27-de-agosto-ANC-1024x1024.png\" class=\"attachment-large size-large wp-post-image\" alt=\"\" style=\"\" srcset=\"https:\/\/www.anc.cr\/wp-content\/uploads\/2025\/07\/Conferencia-27-de-agosto-ANC-1024x1024.png 1024w, https:\/\/www.anc.cr\/wp-content\/uploads\/2025\/07\/Conferencia-27-de-agosto-ANC-300x300.png 300w, https:\/\/www.anc.cr\/wp-content\/uploads\/2025\/07\/Conferencia-27-de-agosto-ANC-150x150.png 150w, https:\/\/www.anc.cr\/wp-content\/uploads\/2025\/07\/Conferencia-27-de-agosto-ANC-768x768.png 768w, https:\/\/www.anc.cr\/wp-content\/uploads\/2025\/07\/Conferencia-27-de-agosto-ANC-12x12.png 12w, https:\/\/www.anc.cr\/wp-content\/uploads\/2025\/07\/Conferencia-27-de-agosto-ANC.png 1080w\" sizes=\"(max-width: 1024px) 100vw, 1024px\" \/><\/a><\/div><a class=\"wp-block-latest-posts__post-title\" href=\"https:\/\/www.anc.cr\/en\/toma-de-decisiones-en-salud-cuando-la-evidencia-cientifica-encuentra-la-realidad-politica\/\">Toma de decisiones en salud: Cuando la evidencia cient\u00edfica encuentra la realidad pol\u00edtica<\/a><div class=\"wp-block-latest-posts__post-excerpt\">La Academia Nacional de Ciencias, Costa Rica, les invita a la conferencia: \u201cToma de decisiones en salud: Cuando la evidencia cient\u00edfica encuentra\u2026 <a class=\"wp-block-latest-posts__read-more\" href=\"https:\/\/www.anc.cr\/en\/toma-de-decisiones-en-salud-cuando-la-evidencia-cientifica-encuentra-la-realidad-politica\/\" rel=\"noopener noreferrer\">Read more<span class=\"screen-reader-text\">: Toma de decisiones en salud: Cuando la evidencia cient\u00edfica encuentra la realidad pol\u00edtica<\/span><\/a><\/div><\/li>\n<li><div class=\"wp-block-latest-posts__featured-image aligncenter\"><a href=\"https:\/\/www.anc.cr\/en\/del-clima-a-la-economia-impactos-y-paralelismos-en-un-mundo-cambiante\/\" aria-label=\"Del clima a la econom\u00eda: impactos y paralelismos en un mundo cambiante\"><img decoding=\"async\" width=\"819\" height=\"1024\" src=\"https:\/\/www.anc.cr\/wp-content\/uploads\/2025\/07\/CONFERENCIA-20-DE-AGOSTO-819x1024.jpeg\" class=\"attachment-large size-large wp-post-image\" alt=\"\" style=\"\" srcset=\"https:\/\/www.anc.cr\/wp-content\/uploads\/2025\/07\/CONFERENCIA-20-DE-AGOSTO-819x1024.jpeg 819w, https:\/\/www.anc.cr\/wp-content\/uploads\/2025\/07\/CONFERENCIA-20-DE-AGOSTO-240x300.jpeg 240w, https:\/\/www.anc.cr\/wp-content\/uploads\/2025\/07\/CONFERENCIA-20-DE-AGOSTO-768x960.jpeg 768w, https:\/\/www.anc.cr\/wp-content\/uploads\/2025\/07\/CONFERENCIA-20-DE-AGOSTO-10x12.jpeg 10w, https:\/\/www.anc.cr\/wp-content\/uploads\/2025\/07\/CONFERENCIA-20-DE-AGOSTO.jpeg 1080w\" sizes=\"(max-width: 819px) 100vw, 819px\" \/><\/a><\/div><a class=\"wp-block-latest-posts__post-title\" href=\"https:\/\/www.anc.cr\/en\/del-clima-a-la-economia-impactos-y-paralelismos-en-un-mundo-cambiante\/\">Del clima a la econom\u00eda: impactos y paralelismos en un mundo cambiante<\/a><div class=\"wp-block-latest-posts__post-excerpt\">La Academia Nacional de Ciencias, Costa Rica, les invita a la conferencia: Del clima a la econom\u00eda: impactos y paralelismos en un\u2026 <a class=\"wp-block-latest-posts__read-more\" href=\"https:\/\/www.anc.cr\/en\/del-clima-a-la-economia-impactos-y-paralelismos-en-un-mundo-cambiante\/\" rel=\"noopener noreferrer\">Read more<span class=\"screen-reader-text\">: Del clima a la econom\u00eda: impactos y paralelismos en un mundo cambiante<\/span><\/a><\/div><\/li>\n<li><div class=\"wp-block-latest-posts__featured-image aligncenter\"><a href=\"https:\/\/www.anc.cr\/en\/eleccion-de-la-candidata-de-costa-rica-al-premio-anneke-levelt-senger-para-jovenes-cientificas-ianas-2025\/\" aria-label=\"Elecci\u00f3n de la candidata de Costa Rica al Premio Anneke Levelt-Senger : PARA J\u00d3VENES CIENT\u00cdFICAS- IANAS- 2025\"><img decoding=\"async\" width=\"1024\" height=\"576\" src=\"https:\/\/www.anc.cr\/wp-content\/uploads\/2025\/07\/Premio-Anneke-Levelt-1024x576.png\" class=\"attachment-large size-large wp-post-image\" alt=\"\" style=\"\" srcset=\"https:\/\/www.anc.cr\/wp-content\/uploads\/2025\/07\/Premio-Anneke-Levelt-1024x576.png 1024w, https:\/\/www.anc.cr\/wp-content\/uploads\/2025\/07\/Premio-Anneke-Levelt-300x169.png 300w, https:\/\/www.anc.cr\/wp-content\/uploads\/2025\/07\/Premio-Anneke-Levelt-768x432.png 768w, https:\/\/www.anc.cr\/wp-content\/uploads\/2025\/07\/Premio-Anneke-Levelt-1536x864.png 1536w, https:\/\/www.anc.cr\/wp-content\/uploads\/2025\/07\/Premio-Anneke-Levelt-18x10.png 18w, https:\/\/www.anc.cr\/wp-content\/uploads\/2025\/07\/Premio-Anneke-Levelt.png 1920w\" sizes=\"(max-width: 1024px) 100vw, 1024px\" \/><\/a><\/div><a class=\"wp-block-latest-posts__post-title\" href=\"https:\/\/www.anc.cr\/en\/eleccion-de-la-candidata-de-costa-rica-al-premio-anneke-levelt-senger-para-jovenes-cientificas-ianas-2025\/\">Elecci\u00f3n de la candidata de Costa Rica al Premio Anneke Levelt-Senger : PARA J\u00d3VENES CIENT\u00cdFICAS- IANAS- 2025<\/a><div class=\"wp-block-latest-posts__post-excerpt\">La Academia Nacional de Ciencias, Costa Rica, les invita a participar por el reconocimiento a Anneke Levelt-Senger Prize. La ganadora recibir\u00e1 US$3,000\u2026 <a class=\"wp-block-latest-posts__read-more\" href=\"https:\/\/www.anc.cr\/en\/eleccion-de-la-candidata-de-costa-rica-al-premio-anneke-levelt-senger-para-jovenes-cientificas-ianas-2025\/\" rel=\"noopener noreferrer\">Read more<span class=\"screen-reader-text\">: Elecci\u00f3n de la candidata de Costa Rica al Premio Anneke Levelt-Senger : PARA J\u00d3VENES CIENT\u00cdFICAS- IANAS- 2025<\/span><\/a><\/div><\/li>\n<li><div class=\"wp-block-latest-posts__featured-image aligncenter\"><a href=\"https:\/\/www.anc.cr\/en\/conferencia-estrategias-patogenicas-utilizadas-por-bacterias-del-genero-brucella\/\" aria-label=\"Conferencia: \u201cEstrategias patog\u00e9nicas utilizadas por bacterias del g\u00e9nero Brucella\u201d.\"><img decoding=\"async\" width=\"1024\" height=\"1024\" src=\"https:\/\/www.anc.cr\/wp-content\/uploads\/2025\/07\/Conferencia-23-de-Julio-1024x1024.png\" class=\"attachment-large size-large wp-post-image\" alt=\"\" style=\"\" srcset=\"https:\/\/www.anc.cr\/wp-content\/uploads\/2025\/07\/Conferencia-23-de-Julio-1024x1024.png 1024w, https:\/\/www.anc.cr\/wp-content\/uploads\/2025\/07\/Conferencia-23-de-Julio-300x300.png 300w, https:\/\/www.anc.cr\/wp-content\/uploads\/2025\/07\/Conferencia-23-de-Julio-150x150.png 150w, https:\/\/www.anc.cr\/wp-content\/uploads\/2025\/07\/Conferencia-23-de-Julio-768x768.png 768w, https:\/\/www.anc.cr\/wp-content\/uploads\/2025\/07\/Conferencia-23-de-Julio-12x12.png 12w, https:\/\/www.anc.cr\/wp-content\/uploads\/2025\/07\/Conferencia-23-de-Julio.png 1080w\" sizes=\"(max-width: 1024px) 100vw, 1024px\" \/><\/a><\/div><a class=\"wp-block-latest-posts__post-title\" href=\"https:\/\/www.anc.cr\/en\/conferencia-estrategias-patogenicas-utilizadas-por-bacterias-del-genero-brucella\/\">Conferencia: \u201cEstrategias patog\u00e9nicas utilizadas por bacterias del g\u00e9nero Brucella\u201d.<\/a><div class=\"wp-block-latest-posts__post-excerpt\">Les invitamos a nuestra conferencia: \u201cEstrategias patog\u00e9nicas utilizadas por bacterias del g\u00e9nero Brucella\u201d Dr. Esteban Chaves Olarte. Catedr\u00e1tico de la Facultad de\u2026 <a class=\"wp-block-latest-posts__read-more\" href=\"https:\/\/www.anc.cr\/en\/conferencia-estrategias-patogenicas-utilizadas-por-bacterias-del-genero-brucella\/\" rel=\"noopener noreferrer\">Read more<span class=\"screen-reader-text\">: Conferencia: \u201cEstrategias patog\u00e9nicas utilizadas por bacterias del g\u00e9nero Brucella\u201d.<\/span><\/a><\/div><\/li>\n<li><div class=\"wp-block-latest-posts__featured-image aligncenter\"><a href=\"https:\/\/www.anc.cr\/en\/conferencia-sexismo-en-la-academia-como-regimen-rutinario\/\" aria-label=\"Conferencia: \u201cSexismo en la academia como r\u00e9gimen rutinario\u201d.\"><img decoding=\"async\" width=\"1024\" height=\"1024\" src=\"https:\/\/www.anc.cr\/wp-content\/uploads\/2025\/06\/CONFERENCIA-JUNIO-2025.2-1024x1024.png\" class=\"attachment-large size-large wp-post-image\" alt=\"\" style=\"\" srcset=\"https:\/\/www.anc.cr\/wp-content\/uploads\/2025\/06\/CONFERENCIA-JUNIO-2025.2-1024x1024.png 1024w, https:\/\/www.anc.cr\/wp-content\/uploads\/2025\/06\/CONFERENCIA-JUNIO-2025.2-300x300.png 300w, https:\/\/www.anc.cr\/wp-content\/uploads\/2025\/06\/CONFERENCIA-JUNIO-2025.2-150x150.png 150w, https:\/\/www.anc.cr\/wp-content\/uploads\/2025\/06\/CONFERENCIA-JUNIO-2025.2-768x768.png 768w, https:\/\/www.anc.cr\/wp-content\/uploads\/2025\/06\/CONFERENCIA-JUNIO-2025.2-12x12.png 12w, https:\/\/www.anc.cr\/wp-content\/uploads\/2025\/06\/CONFERENCIA-JUNIO-2025.2.png 1080w\" sizes=\"(max-width: 1024px) 100vw, 1024px\" \/><\/a><\/div><a class=\"wp-block-latest-posts__post-title\" href=\"https:\/\/www.anc.cr\/en\/conferencia-sexismo-en-la-academia-como-regimen-rutinario\/\">Conferencia: \u201cSexismo en la academia como r\u00e9gimen rutinario\u201d.<\/a><div class=\"wp-block-latest-posts__post-excerpt\">Les invitamos a nuestra conferencia: \u201cSexismo en la academia como r\u00e9gimen rutinario\u201d. Dra. Montserrat Sagot R. Profesora Catedr\u00e1tica, Escuela de Sociolog\u00eda Investigadora,\u2026 <a class=\"wp-block-latest-posts__read-more\" href=\"https:\/\/www.anc.cr\/en\/conferencia-sexismo-en-la-academia-como-regimen-rutinario\/\" rel=\"noopener noreferrer\">Read more<span class=\"screen-reader-text\">: Conferencia: \u201cSexismo en la academia como r\u00e9gimen rutinario\u201d.<\/span><\/a><\/div><\/li>\n<li><div class=\"wp-block-latest-posts__featured-image aligncenter\"><a href=\"https:\/\/www.anc.cr\/en\/foro-seguridad-social-y-la-ccss-situacion-actual-y-desafios-futuros\/\" aria-label=\"Foro: \u201cSeguridad social y la CCSS: situaci\u00f3n actual y desaf\u00edos futuros\u201d.\"><img decoding=\"async\" width=\"819\" height=\"1024\" src=\"https:\/\/www.anc.cr\/wp-content\/uploads\/2025\/05\/Invitacion-ANC-Foro-CCSS-819x1024.jpeg\" class=\"attachment-large size-large wp-post-image\" alt=\"\" style=\"\" srcset=\"https:\/\/www.anc.cr\/wp-content\/uploads\/2025\/05\/Invitacion-ANC-Foro-CCSS-819x1024.jpeg 819w, https:\/\/www.anc.cr\/wp-content\/uploads\/2025\/05\/Invitacion-ANC-Foro-CCSS-240x300.jpeg 240w, https:\/\/www.anc.cr\/wp-content\/uploads\/2025\/05\/Invitacion-ANC-Foro-CCSS-768x960.jpeg 768w, https:\/\/www.anc.cr\/wp-content\/uploads\/2025\/05\/Invitacion-ANC-Foro-CCSS-10x12.jpeg 10w, https:\/\/www.anc.cr\/wp-content\/uploads\/2025\/05\/Invitacion-ANC-Foro-CCSS.jpeg 1024w\" sizes=\"(max-width: 819px) 100vw, 819px\" \/><\/a><\/div><a class=\"wp-block-latest-posts__post-title\" href=\"https:\/\/www.anc.cr\/en\/foro-seguridad-social-y-la-ccss-situacion-actual-y-desafios-futuros\/\">Foro: \u201cSeguridad social y la CCSS: situaci\u00f3n actual y desaf\u00edos futuros\u201d.<\/a><div class=\"wp-block-latest-posts__post-excerpt\">La Comisi\u00f3n de Salud Global de la Academia Nacional de Ciencias les extiende una cordial invitaci\u00f3n para que nos acompa\u00f1en en el\u2026 <a class=\"wp-block-latest-posts__read-more\" href=\"https:\/\/www.anc.cr\/en\/foro-seguridad-social-y-la-ccss-situacion-actual-y-desafios-futuros\/\" rel=\"noopener noreferrer\">Read more<span class=\"screen-reader-text\">: Foro: \u201cSeguridad social y la CCSS: situaci\u00f3n actual y desaf\u00edos futuros\u201d.<\/span><\/a><\/div><\/li>\n<li><div class=\"wp-block-latest-posts__featured-image aligncenter\"><a href=\"https:\/\/www.anc.cr\/en\/el-programa-de-mujer-y-ciencia-de-ianas-les-invita-a-participar-en-el-concurso-de-videos-descubramos-a-las-cientificas-latinoamericanas\/\" aria-label=\"El PROGRAMA DE MUJER Y CIENCIA DE IANAS LES INVITA A PARTICIPAR EN EL CONCURSO DE VIDEOS \u201cDESCUBRAMOS A LAS CIENT\u00cdFICAS LATINOAMERICANAS:\"><img decoding=\"async\" width=\"662\" height=\"1024\" src=\"https:\/\/www.anc.cr\/wp-content\/uploads\/2025\/05\/concurso-de-videos-2025-662x1024.jpg\" class=\"attachment-large size-large wp-post-image\" alt=\"\" style=\"\" srcset=\"https:\/\/www.anc.cr\/wp-content\/uploads\/2025\/05\/concurso-de-videos-2025-662x1024.jpg 662w, https:\/\/www.anc.cr\/wp-content\/uploads\/2025\/05\/concurso-de-videos-2025-194x300.jpg 194w, https:\/\/www.anc.cr\/wp-content\/uploads\/2025\/05\/concurso-de-videos-2025-768x1187.jpg 768w, https:\/\/www.anc.cr\/wp-content\/uploads\/2025\/05\/concurso-de-videos-2025-994x1536.jpg 994w, https:\/\/www.anc.cr\/wp-content\/uploads\/2025\/05\/concurso-de-videos-2025-8x12.jpg 8w, https:\/\/www.anc.cr\/wp-content\/uploads\/2025\/05\/concurso-de-videos-2025.jpg 1035w\" sizes=\"(max-width: 662px) 100vw, 662px\" \/><\/a><\/div><a class=\"wp-block-latest-posts__post-title\" href=\"https:\/\/www.anc.cr\/en\/el-programa-de-mujer-y-ciencia-de-ianas-les-invita-a-participar-en-el-concurso-de-videos-descubramos-a-las-cientificas-latinoamericanas\/\">El PROGRAMA DE MUJER Y CIENCIA DE IANAS LES INVITA A PARTICIPAR EN EL CONCURSO DE VIDEOS \u201cDESCUBRAMOS A LAS CIENT\u00cdFICAS LATINOAMERICANAS:<\/a><div class=\"wp-block-latest-posts__post-excerpt\">Pueden participar estudiantes entre 14 y 23 a\u00f1os, hay dos categor\u00edas de premios para primer y segundo lugar, para la regi\u00f3n de\u2026 <a class=\"wp-block-latest-posts__read-more\" href=\"https:\/\/www.anc.cr\/en\/el-programa-de-mujer-y-ciencia-de-ianas-les-invita-a-participar-en-el-concurso-de-videos-descubramos-a-las-cientificas-latinoamericanas\/\" rel=\"noopener noreferrer\">Read more<span class=\"screen-reader-text\">: El PROGRAMA DE MUJER Y CIENCIA DE IANAS LES INVITA A PARTICIPAR EN EL CONCURSO DE VIDEOS \u201cDESCUBRAMOS A LAS CIENT\u00cdFICAS LATINOAMERICANAS:<\/span><\/a><\/div><\/li>\n<li><div class=\"wp-block-latest-posts__featured-image aligncenter\"><a href=\"https:\/\/www.anc.cr\/en\/conferencia-el-subito-entusiasmo-por-la-mineria-quimica-a-cielo-abierto-en-crucitas-analisis-y-perspectivas\/\" aria-label=\"Conferencia: El s\u00fabito entusiasmo por la miner\u00eda qu\u00edmica a cielo abierto en Crucitas: an\u00e1lisis y perspectivas\u201d\"><img decoding=\"async\" width=\"1024\" height=\"1024\" src=\"https:\/\/www.anc.cr\/wp-content\/uploads\/2025\/05\/El-subito-entusiasmo-por-la-mineria-quimica-a-cielo-abierto-en-Crucitas-analisis-y-perspectivas5-1024x1024.png\" class=\"attachment-large size-large wp-post-image\" alt=\"\" style=\"\" srcset=\"https:\/\/www.anc.cr\/wp-content\/uploads\/2025\/05\/El-subito-entusiasmo-por-la-mineria-quimica-a-cielo-abierto-en-Crucitas-analisis-y-perspectivas5-1024x1024.png 1024w, https:\/\/www.anc.cr\/wp-content\/uploads\/2025\/05\/El-subito-entusiasmo-por-la-mineria-quimica-a-cielo-abierto-en-Crucitas-analisis-y-perspectivas5-300x300.png 300w, https:\/\/www.anc.cr\/wp-content\/uploads\/2025\/05\/El-subito-entusiasmo-por-la-mineria-quimica-a-cielo-abierto-en-Crucitas-analisis-y-perspectivas5-150x150.png 150w, https:\/\/www.anc.cr\/wp-content\/uploads\/2025\/05\/El-subito-entusiasmo-por-la-mineria-quimica-a-cielo-abierto-en-Crucitas-analisis-y-perspectivas5-768x768.png 768w, https:\/\/www.anc.cr\/wp-content\/uploads\/2025\/05\/El-subito-entusiasmo-por-la-mineria-quimica-a-cielo-abierto-en-Crucitas-analisis-y-perspectivas5-12x12.png 12w, https:\/\/www.anc.cr\/wp-content\/uploads\/2025\/05\/El-subito-entusiasmo-por-la-mineria-quimica-a-cielo-abierto-en-Crucitas-analisis-y-perspectivas5.png 1080w\" sizes=\"(max-width: 1024px) 100vw, 1024px\" \/><\/a><\/div><a class=\"wp-block-latest-posts__post-title\" href=\"https:\/\/www.anc.cr\/en\/conferencia-el-subito-entusiasmo-por-la-mineria-quimica-a-cielo-abierto-en-crucitas-analisis-y-perspectivas\/\">Conferencia: El s\u00fabito entusiasmo por la miner\u00eda qu\u00edmica a cielo abierto en Crucitas: an\u00e1lisis y perspectivas\u201d<\/a><div class=\"wp-block-latest-posts__post-excerpt\">Expositores: Dr. Nicol\u00e1s Boeglin. Profesor de Derecho Internacional P\u00fablico, Facultad de Derecho, UCR. Dr. Jorge Lobo. Profesor Catedr\u00e1tico, Escuela de Biolog\u00eda, UCR.\u2026 <a class=\"wp-block-latest-posts__read-more\" href=\"https:\/\/www.anc.cr\/en\/conferencia-el-subito-entusiasmo-por-la-mineria-quimica-a-cielo-abierto-en-crucitas-analisis-y-perspectivas\/\" rel=\"noopener noreferrer\">Read more<span class=\"screen-reader-text\">: Conferencia: El s\u00fabito entusiasmo por la miner\u00eda qu\u00edmica a cielo abierto en Crucitas: an\u00e1lisis y perspectivas\u201d<\/span><\/a><\/div><\/li>\n<li><div class=\"wp-block-latest-posts__featured-image aligncenter\"><a href=\"https:\/\/www.anc.cr\/en\/conferencia-origen-y-diversidad-de-los-cuarzos-nuestra-gema-preciosa\/\" aria-label=\"Conferencia: \u201cOrigen y diversidad de los cuarzos: nuestra gema preciosa.\"><img decoding=\"async\" width=\"575\" height=\"1024\" src=\"https:\/\/www.anc.cr\/wp-content\/uploads\/2025\/04\/Conferencia-24-de-abril-2025-575x1024.jpg\" class=\"attachment-large size-large wp-post-image\" alt=\"\" style=\"\" srcset=\"https:\/\/www.anc.cr\/wp-content\/uploads\/2025\/04\/Conferencia-24-de-abril-2025-575x1024.jpg 575w, https:\/\/www.anc.cr\/wp-content\/uploads\/2025\/04\/Conferencia-24-de-abril-2025-168x300.jpg 168w, https:\/\/www.anc.cr\/wp-content\/uploads\/2025\/04\/Conferencia-24-de-abril-2025-768x1368.jpg 768w, https:\/\/www.anc.cr\/wp-content\/uploads\/2025\/04\/Conferencia-24-de-abril-2025-862x1536.jpg 862w, https:\/\/www.anc.cr\/wp-content\/uploads\/2025\/04\/Conferencia-24-de-abril-2025-7x12.jpg 7w, https:\/\/www.anc.cr\/wp-content\/uploads\/2025\/04\/Conferencia-24-de-abril-2025.jpg 898w\" sizes=\"(max-width: 575px) 100vw, 575px\" \/><\/a><\/div><a class=\"wp-block-latest-posts__post-title\" href=\"https:\/\/www.anc.cr\/en\/conferencia-origen-y-diversidad-de-los-cuarzos-nuestra-gema-preciosa\/\">Conferencia: \u201cOrigen y diversidad de los cuarzos: nuestra gema preciosa.<\/a><div class=\"wp-block-latest-posts__post-excerpt\">Expositor: Dr. Guillermo Alvarado Induni, Ge\u00f3logo, miembro de la Academia Nacional de Ciencias. Fecha: 24 de abril Hora: 6:00 p.m. Lugar: Auditorio,\u2026 <a class=\"wp-block-latest-posts__read-more\" href=\"https:\/\/www.anc.cr\/en\/conferencia-origen-y-diversidad-de-los-cuarzos-nuestra-gema-preciosa\/\" rel=\"noopener noreferrer\">Read more<span class=\"screen-reader-text\">: Conferencia: \u201cOrigen y diversidad de los cuarzos: nuestra gema preciosa.<\/span><\/a><\/div><\/li>\n<\/ul><\/div>\n\n\n\n<div class=\"wp-block-column is-layout-flow wp-block-column-is-layout-flow\" style=\"flex-basis:25%\"><\/div>\n<\/div>\n<\/div>","protected":false},"excerpt":{"rendered":"","protected":false},"author":1,"featured_media":0,"parent":0,"menu_order":0,"comment_status":"closed","ping_status":"closed","template":"","meta":{"footnotes":""},"class_list":["post-59","page","type-page","status-publish","hentry"],"yoast_head":"<!-- This site is optimized with the Yoast SEO plugin v27.3 - https:\/\/yoast.com\/product\/yoast-seo-wordpress\/ -->\n<title>Noticias - ANC<\/title>\n<meta name=\"robots\" content=\"index, follow, max-snippet:-1, max-image-preview:large, max-video-preview:-1\" \/>\n<link rel=\"canonical\" href=\"https:\/\/www.anc.cr\/en\/noticias\/\" \/>\n<meta property=\"og:locale\" content=\"en_US\" \/>\n<meta property=\"og:type\" content=\"article\" \/>\n<meta property=\"og:title\" content=\"Noticias - ANC\" \/>\n<meta property=\"og:url\" content=\"https:\/\/www.anc.cr\/en\/noticias\/\" \/>\n<meta property=\"og:site_name\" content=\"ANC\" \/>\n<meta property=\"article:modified_time\" content=\"2024-09-20T06:21:42+00:00\" \/>\n<meta name=\"twitter:card\" content=\"summary_large_image\" \/>\n<meta name=\"twitter:label1\" content=\"Est. reading time\" \/>\n\t<meta name=\"twitter:data1\" content=\"1 minute\" \/>\n<script type=\"application\/ld+json\" class=\"yoast-schema-graph\">{\"@context\":\"https:\\\/\\\/schema.org\",\"@graph\":[{\"@type\":\"WebPage\",\"@id\":\"https:\\\/\\\/www.anc.cr\\\/noticias\\\/\",\"url\":\"https:\\\/\\\/www.anc.cr\\\/noticias\\\/\",\"name\":\"Noticias - ANC\",\"isPartOf\":{\"@id\":\"https:\\\/\\\/www.anc.cr\\\/#website\"},\"datePublished\":\"2024-05-15T22:22:57+00:00\",\"dateModified\":\"2024-09-20T06:21:42+00:00\",\"breadcrumb\":{\"@id\":\"https:\\\/\\\/www.anc.cr\\\/noticias\\\/#breadcrumb\"},\"inLanguage\":\"en-US\",\"potentialAction\":[{\"@type\":\"ReadAction\",\"target\":[\"https:\\\/\\\/www.anc.cr\\\/noticias\\\/\"]}]},{\"@type\":\"BreadcrumbList\",\"@id\":\"https:\\\/\\\/www.anc.cr\\\/noticias\\\/#breadcrumb\",\"itemListElement\":[{\"@type\":\"ListItem\",\"position\":1,\"name\":\"Portada\",\"item\":\"https:\\\/\\\/www.anc.cr\\\/\"},{\"@type\":\"ListItem\",\"position\":2,\"name\":\"Noticias\"}]},{\"@type\":\"WebSite\",\"@id\":\"https:\\\/\\\/www.anc.cr\\\/#website\",\"url\":\"https:\\\/\\\/www.anc.cr\\\/\",\"name\":\"ANC\",\"description\":\"Academia Nacional de Ciencias\",\"publisher\":{\"@id\":\"https:\\\/\\\/www.anc.cr\\\/#organization\"},\"potentialAction\":[{\"@type\":\"SearchAction\",\"target\":{\"@type\":\"EntryPoint\",\"urlTemplate\":\"https:\\\/\\\/www.anc.cr\\\/?s={search_term_string}\"},\"query-input\":{\"@type\":\"PropertyValueSpecification\",\"valueRequired\":true,\"valueName\":\"search_term_string\"}}],\"inLanguage\":\"en-US\"},{\"@type\":\"Organization\",\"@id\":\"https:\\\/\\\/www.anc.cr\\\/#organization\",\"name\":\"ANC\",\"url\":\"https:\\\/\\\/www.anc.cr\\\/\",\"logo\":{\"@type\":\"ImageObject\",\"inLanguage\":\"en-US\",\"@id\":\"https:\\\/\\\/www.anc.cr\\\/#\\\/schema\\\/logo\\\/image\\\/\",\"url\":\"https:\\\/\\\/www.anc.cr\\\/wp-content\\\/uploads\\\/2024\\\/07\\\/Logo-ANC-CR.png\",\"contentUrl\":\"https:\\\/\\\/www.anc.cr\\\/wp-content\\\/uploads\\\/2024\\\/07\\\/Logo-ANC-CR.png\",\"width\":1051,\"height\":593,\"caption\":\"ANC\"},\"image\":{\"@id\":\"https:\\\/\\\/www.anc.cr\\\/#\\\/schema\\\/logo\\\/image\\\/\"}}]}<\/script>\n<!-- \/ Yoast SEO plugin. -->","yoast_head_json":{"title":"Noticias - ANC","robots":{"index":"index","follow":"follow","max-snippet":"max-snippet:-1","max-image-preview":"max-image-preview:large","max-video-preview":"max-video-preview:-1"},"canonical":"https:\/\/www.anc.cr\/en\/noticias\/","og_locale":"en_US","og_type":"article","og_title":"Noticias - ANC","og_url":"https:\/\/www.anc.cr\/en\/noticias\/","og_site_name":"ANC","article_modified_time":"2024-09-20T06:21:42+00:00","twitter_card":"summary_large_image","twitter_misc":{"Est. reading time":"1 minute"},"schema":{"@context":"https:\/\/schema.org","@graph":[{"@type":"WebPage","@id":"https:\/\/www.anc.cr\/noticias\/","url":"https:\/\/www.anc.cr\/noticias\/","name":"Noticias - ANC","isPartOf":{"@id":"https:\/\/www.anc.cr\/#website"},"datePublished":"2024-05-15T22:22:57+00:00","dateModified":"2024-09-20T06:21:42+00:00","breadcrumb":{"@id":"https:\/\/www.anc.cr\/noticias\/#breadcrumb"},"inLanguage":"en-US","potentialAction":[{"@type":"ReadAction","target":["https:\/\/www.anc.cr\/noticias\/"]}]},{"@type":"BreadcrumbList","@id":"https:\/\/www.anc.cr\/noticias\/#breadcrumb","itemListElement":[{"@type":"ListItem","position":1,"name":"Portada","item":"https:\/\/www.anc.cr\/"},{"@type":"ListItem","position":2,"name":"Noticias"}]},{"@type":"WebSite","@id":"https:\/\/www.anc.cr\/#website","url":"https:\/\/www.anc.cr\/","name":"ANC","description":"Academia Nacional de Ciencias","publisher":{"@id":"https:\/\/www.anc.cr\/#organization"},"potentialAction":[{"@type":"SearchAction","target":{"@type":"EntryPoint","urlTemplate":"https:\/\/www.anc.cr\/?s={search_term_string}"},"query-input":{"@type":"PropertyValueSpecification","valueRequired":true,"valueName":"search_term_string"}}],"inLanguage":"en-US"},{"@type":"Organization","@id":"https:\/\/www.anc.cr\/#organization","name":"ANC","url":"https:\/\/www.anc.cr\/","logo":{"@type":"ImageObject","inLanguage":"en-US","@id":"https:\/\/www.anc.cr\/#\/schema\/logo\/image\/","url":"https:\/\/www.anc.cr\/wp-content\/uploads\/2024\/07\/Logo-ANC-CR.png","contentUrl":"https:\/\/www.anc.cr\/wp-content\/uploads\/2024\/07\/Logo-ANC-CR.png","width":1051,"height":593,"caption":"ANC"},"image":{"@id":"https:\/\/www.anc.cr\/#\/schema\/logo\/image\/"}}]}},"_links":{"self":[{"href":"https:\/\/www.anc.cr\/en\/wp-json\/wp\/v2\/pages\/59","targetHints":{"allow":["GET"]}}],"collection":[{"href":"https:\/\/www.anc.cr\/en\/wp-json\/wp\/v2\/pages"}],"about":[{"href":"https:\/\/www.anc.cr\/en\/wp-json\/wp\/v2\/types\/page"}],"author":[{"embeddable":true,"href":"https:\/\/www.anc.cr\/en\/wp-json\/wp\/v2\/users\/1"}],"replies":[{"embeddable":true,"href":"https:\/\/www.anc.cr\/en\/wp-json\/wp\/v2\/comments?post=59"}],"version-history":[{"count":20,"href":"https:\/\/www.anc.cr\/en\/wp-json\/wp\/v2\/pages\/59\/revisions"}],"predecessor-version":[{"id":2056,"href":"https:\/\/www.anc.cr\/en\/wp-json\/wp\/v2\/pages\/59\/revisions\/2056"}],"wp:attachment":[{"href":"https:\/\/www.anc.cr\/en\/wp-json\/wp\/v2\/media?parent=59"}],"curies":[{"name":"wp","href":"https:\/\/api.w.org\/{rel}","templated":true}]}}