{"id":587,"date":"2024-07-09T05:12:42","date_gmt":"2024-07-09T11:12:42","guid":{"rendered":"http:\/\/anc.local\/?page_id=587"},"modified":"2024-10-11T16:38:49","modified_gmt":"2024-10-11T22:38:49","slug":"julio-mata-segreda","status":"publish","type":"page","link":"https:\/\/www.anc.cr\/en\/julio-mata-segreda\/","title":{"rendered":"Julio Mata Segreda"},"content":{"rendered":"<div class=\"wp-block-group alignfull has-global-padding is-layout-constrained wp-container-core-group-is-layout-cb151cc7 wp-block-group-is-layout-constrained\" style=\"margin-top:0;margin-bottom:0;padding-top:0;padding-right:var(--wp--preset--spacing--50);padding-bottom:0;padding-left:var(--wp--preset--spacing--50)\">\n<div class=\"wp-block-columns alignwide are-vertically-aligned-center is-layout-flex wp-container-core-columns-is-layout-47c06fe3 wp-block-columns-is-layout-flex\">\n<div class=\"wp-block-column is-vertically-aligned-center is-layout-flow wp-block-column-is-layout-flow\" style=\"flex-basis:50%\">\n<h3 class=\"wp-block-heading has-x-large-font-size\">Julio Mata Segreda<\/h3>\n\n\n\n<p>Acad\u00e9mico de N\u00famero<\/p>\n\n\n\n<ul class=\"wp-block-list\">\n<li>Catedr\u00e1tico Humboldt 2006, Universidad de Costa Rica, San Jos\u00e9, Costa Rica.<\/li>\n\n\n\n<li>Bachiller, Qu\u00edmica, Universidad de Costa Rica (1970).&nbsp;<\/li>\n\n\n\n<li>Licenciatura, Qu\u00edmica, Universidad de Costa Rica (1971).&nbsp;&nbsp;&nbsp;&nbsp;&nbsp;&nbsp;&nbsp;&nbsp;&nbsp;&nbsp;&nbsp;&nbsp;&nbsp;&nbsp;&nbsp;&nbsp;&nbsp;&nbsp;&nbsp;&nbsp;&nbsp;&nbsp;<\/li>\n\n\n\n<li>Ph.D., Qu\u00edmica, Universidad de Kansas (1975).&nbsp;<\/li>\n<\/ul>\n<\/div>\n\n\n\n<div class=\"wp-block-column is-vertically-aligned-center is-layout-flow wp-block-column-is-layout-flow\" style=\"flex-basis:50%\"><figure style=\"width:500px;height:500px;\" class=\"wp-block-post-featured-image\"><img decoding=\"async\" width=\"400\" height=\"400\" src=\"https:\/\/www.anc.cr\/wp-content\/uploads\/2024\/07\/image-21.png\" class=\"attachment-post-thumbnail size-post-thumbnail wp-post-image\" alt=\"\" style=\"height:500px;object-fit:cover;\" srcset=\"https:\/\/www.anc.cr\/wp-content\/uploads\/2024\/07\/image-21.png 400w, https:\/\/www.anc.cr\/wp-content\/uploads\/2024\/07\/image-21-300x300.png 300w, https:\/\/www.anc.cr\/wp-content\/uploads\/2024\/07\/image-21-150x150.png 150w\" sizes=\"(max-width: 400px) 100vw, 400px\" \/><\/figure><\/div>\n<\/div>\n<\/div>\n\n\n\n<div style=\"height:10px\" aria-hidden=\"true\" class=\"wp-block-spacer\"><\/div>\n\n\n\n<hr class=\"wp-block-separator has-alpha-channel-opacity\"\/>\n\n\n\n<div style=\"height:15px\" aria-hidden=\"true\" class=\"wp-block-spacer\"><\/div>\n\n\n\n<p>Julio Mata estudia los mecanismos de reacciones qu\u00edmicas&nbsp; y bioqu\u00edmicas, en particular de reacciones de transferencia de acilo, la cat\u00e1lisis heterog\u00e9nea y enzim\u00e1tica, los efectos hidrof\u00f3bicos, la bioqu\u00edmica de procesos post-cosecha y el uso racional de la energ\u00eda y desarrollo de materiales de origen vegetal, alternos a derivados de petr\u00f3leo.&nbsp;<\/p>\n\n\n\n<p>Ha ocupado los siguientes cargos: Asistente de laboratorio, UCR (1967), Instructor de laboratorio, UCR (1968-71), Instructor de laboratorio, UK (1972-73), Asistente de investigaci\u00f3n, UK (1973-75), Asociado de investigaci\u00f3n, UK (1975)&nbsp; (Postdoctorado, Schowen), Profesor invitado, UCR (1975-77), Profesor invitado, CATIE (1977-78), Profesor asociado, UCR (1978-84), Investigador invitado, Universidad Ritsumeikan\/Kioto (1982), Catedr\u00e1tico, UCR (1984 \u0096 presente), Profesor adjunto de qu\u00edmica, Universidad de Kansas (1986-89), Profesor visitante, Universidad de los Andes, M\u00e9rida,Venezuela (1989), Coordinador del Programa Institucional en Fuentes Alternas de Energ\u00eda, UCR (2008-presente), Catedr\u00e1tico Humboldt, UCR (2006-presente), Qu\u00edmico, Kativo Chemical, 1970, Director de la revista Ingenier\u00eda y Ciencia Qu\u00edmica (1979-83), Presidente de la Asociaci\u00f3n Costarricense de Bioqu\u00edmica y Qu\u00edmica Cl\u00ednica (1983-88), Director de la revista Ciencia y Tecnolog\u00eda (2006-2008). Adem\u00e1s, es Miembro del Comit\u00e9 Organizador del 6o. Congreso Centroamericano de Microbiolog\u00eda (1985), Miembro del Comit\u00e9 Organizador del 6o. Congreso Nacional de Microbiolog\u00eda, Parasitolog\u00eda y Patolog\u00eda Cl\u00ednica (1987), Miembro del Comit\u00e9 Cient\u00edfico del Instituto Costarricense de Investigaci\u00f3n y Ense\u00f1anza en Salud (1987-9), Miembro de la Comisi\u00f3n Latinoamericana de Fisicoqu\u00edmica Org\u00e1nica (2000-presente), Miembro del comit\u00e9 para seleccionar al ganador del Premio Nacional de Ciencia y Tecnolog\u00eda &#8220;Clodomiro Picado Twight&#8221; (1982, 1984), Miembro de la Junta Directiva del Colegio Cient\u00edfico de San Pedro (1989-90), Miembro Comisi\u00f3n Nacional de Biocombustibles (2006-2009).<\/p>\n\n\n\n<p>Ha recibido los siguientes reconocimientos: Investigador del Consejo Nacional de Investigaciones Cient\u00edficas y Tecnol\u00f3gicas de Costa Rica (Conicit) (1979-1989), Premio Nacional de Ciencia y Tecnolog\u00eda &#8220;Clodomiro Picado Twight&#8221; (1980), Beca y medalla Matsumae, Tokio (1982), Beca Fullbright (1986 \u0096 87), Designado Miembro Academia Nacional de Ciencia de Costa Rica (1992-presente), Lecci\u00f3n inaugural del Programa de Maestr\u00eda en Bibliotecolog\u00eda y Estudios de la Informaci\u00f3n, Universidad de Costa Rica. 3 de junio, 2003, \u0093La informaci\u00f3n para acreditaci\u00f3n en laboratorios: Un nuevo reto para la bibliotecolog\u00eda\u0094, Conferencia inaugural del XIV Simposio Costarricense de Psicobiolog\u00eda y II Simposio Costarricense de An\u00e1lisis Conductual Aplicado. Octubre de 2004, \u0093La emoci\u00f3n humana como fuerza motriz en las ciencias naturales\u0094, C\u00e1tedra Humboldt 2006, Universidad de Costa Rica y Premio al Investigador de la Universidad de Costa Rica (2008).&nbsp;&nbsp;<\/p>\n\n\n\n<h3 class=\"wp-block-heading\">Publicaciones m\u00e1s recientes:&nbsp;<\/h3>\n\n\n\n<ul class=\"wp-block-list\">\n<li>Arag\u00f3n, H.; Calder\u00f3n-Mes\u00e9n, P.; Mata-Segreda, J. F., \u201cResiduo de&nbsp;<em>Elaeis guineensis<\/em>&nbsp;(<em>Arecaceae<\/em>) como absorbente de combustibles para aplicaci\u00f3n pasiva en ingenier\u00eda contra incendios\u201d,&nbsp;<em>Biol. Trop.<\/em>&nbsp;2024,&nbsp;<em>72<\/em>, e559<\/li>\n\n\n\n<li>Arag\u00f3n, H.; Mata-Segreda, J. F., \u201cEvaporation kinetics of liquid mixtures and safe handling\u201d,&nbsp;<em>ACS Chem. Health Saf.<\/em>&nbsp;<strong>2023<\/strong>,&nbsp;<em>30<\/em>&nbsp;(2), 54-62.&nbsp;<em>DOI<\/em>:&nbsp;<a href=\"https:\/\/doi.org\/10.1021\/acs.chas.2c00070\">https:\/\/doi.org\/10.1021\/acs.chas.2c00070<\/a>.<\/li>\n\n\n\n<li>Hern\u00e1ndez-Chaverri, R. A.; Mata-Segreda, J. F.; Prado-Barrag\u00e1n, L. A.; Buenrostro-Figueroa, J. J., \u201cPhysico-chemical characterization of pineapple stubble as possible raw material for bioenergetics\u201d,&nbsp;<em>RIIIT<\/em>&nbsp;<strong>2022<\/strong>,&nbsp;<em>9<\/em>, 40-55.<\/li>\n\n\n\n<li>Mata-Bulgarelli, J. A.; Mata-Segreda, J. F., \u201cSimilitude of physical properties of biodiesel and a tractor hydraulic fluid\u201d,&nbsp;<em>&amp; Technol.<\/em>&nbsp;<strong>2021<\/strong>,&nbsp;<em>2<\/em>, 40-55.<\/li>\n\n\n\n<li>Fern\u00e1ndez-Solano, B., Mata-Segreda, J. F., \u201cEffect of molecular structure on diffusion of alcohols through type-A zeolite pores (0.5 nm)\u201d,&nbsp;<em>Mat. Sci. Eng. A<\/em>&nbsp;<strong>2021<\/strong>,&nbsp;<em>11<\/em>, 48-55.<\/li>\n\n\n\n<li>Mata-Segreda, J. F., \u201cAn empirical numerical relation between evaporation rate and flash point of common industrial liquid materials\u201d,&nbsp;<em>Eng. Sci. Technol.<\/em>&nbsp;<strong>2021<\/strong>,&nbsp;<em>16<\/em>, 842-850.<\/li>\n\n\n\n<li>Conejo-Barboza, G.; Mata.Segreda, J. F., \u201cDrying kinetics as tool for the assessment of dynamic porosity of catalyst-support materials\u201d,&nbsp;<em>J. Renewable Energy &amp; Biofuels<\/em>&nbsp;<strong>2018<\/strong>,&nbsp;<em>DOI: 10.5171\/2018.901967<\/em>.<\/li>\n\n\n\n<li>Alvarado-Montero, H. R.; Monge-Montero, C.; Vargas, M. S.; Lutz, G.; Mata-Segreda, J. F., \u201cAbsence of a molecular structural effect on the thermodynamic properties of several biodiesel materials\u201d,\u00a0<em>Uned Res. J.\u00a02018,\u00a010<\/em>, 362-367.<\/li>\n\n\n\n<li>Rodr\u00edguez-Acevedo, F.; Fiore-\u00c1lvarez, S.; Z\u00fa\u00f1iga-Campos, M.; Miranda, B. C.; Mata-Segreda, J. F., \u201cNewton\u2019s cooling rate constant of liquids for the relative assessment for heat transport\u201d,&nbsp;<em>J. Renewable Energy &amp; Biofuels<\/em>&nbsp;<strong>2018<\/strong>,<em>&nbsp;DOI: 10.5171\/2018.996542<\/em>.<\/li>\n\n\n\n<li>Mata-Segreda, J. F.,\u201dDemanda y eficiencia energ\u00e9ticas\u201d, En:&nbsp;<em>Memorias del premio Dr. Fernando Cuevas 2010, Energ\u00eda cambio clim\u00e1tico y desarrollo sostenible: Los desaf\u00edos para Am\u00e9rica Latina<\/em>, Naciones Unidas\/Cepal: Ciudad de M\u00e9xico, 2017, pp. 83-92.<\/li>\n<\/ul>\n\n\n\n<ul class=\"wp-block-list\">\n<li><\/li>\n<\/ul>","protected":false},"excerpt":{"rendered":"<p>Julio Mata Segreda Acad\u00e9mico de N\u00famero Julio Mata estudia los mecanismos de reacciones qu\u00edmicas&nbsp; y bioqu\u00edmicas, en particular de reacciones de transferencia de acilo, la cat\u00e1lisis heterog\u00e9nea y enzim\u00e1tica, los efectos hidrof\u00f3bicos, la bioqu\u00edmica de procesos post-cosecha y el uso racional de la energ\u00eda y desarrollo de materiales de origen vegetal, alternos a derivados de [&hellip;]<\/p>\n","protected":false},"author":1,"featured_media":490,"parent":0,"menu_order":0,"comment_status":"closed","ping_status":"closed","template":"","meta":{"footnotes":""},"class_list":["post-587","page","type-page","status-publish","has-post-thumbnail","hentry"],"yoast_head":"<!-- This site is optimized with the Yoast SEO plugin v27.3 - https:\/\/yoast.com\/product\/yoast-seo-wordpress\/ -->\n<title>Julio Mata Segreda - ANC<\/title>\n<meta name=\"robots\" content=\"index, follow, max-snippet:-1, max-image-preview:large, max-video-preview:-1\" \/>\n<link rel=\"canonical\" href=\"https:\/\/www.anc.cr\/en\/julio-mata-segreda\/\" \/>\n<meta property=\"og:locale\" content=\"en_US\" \/>\n<meta property=\"og:type\" content=\"article\" \/>\n<meta property=\"og:title\" content=\"Julio Mata Segreda - ANC\" \/>\n<meta property=\"og:description\" content=\"Julio Mata Segreda Acad\u00e9mico de N\u00famero Julio Mata estudia los mecanismos de reacciones qu\u00edmicas&nbsp; y bioqu\u00edmicas, en particular de reacciones de transferencia de acilo, la cat\u00e1lisis heterog\u00e9nea y enzim\u00e1tica, los efectos hidrof\u00f3bicos, la bioqu\u00edmica de procesos post-cosecha y el uso racional de la energ\u00eda y desarrollo de materiales de origen vegetal, alternos a derivados de [&hellip;]\" \/>\n<meta property=\"og:url\" content=\"https:\/\/www.anc.cr\/en\/julio-mata-segreda\/\" \/>\n<meta property=\"og:site_name\" content=\"ANC\" \/>\n<meta property=\"article:modified_time\" content=\"2024-10-11T22:38:49+00:00\" \/>\n<meta property=\"og:image\" content=\"https:\/\/www.anc.cr\/wp-content\/uploads\/2024\/07\/image-21.png\" \/>\n\t<meta property=\"og:image:width\" content=\"400\" \/>\n\t<meta property=\"og:image:height\" content=\"400\" \/>\n\t<meta property=\"og:image:type\" content=\"image\/png\" \/>\n<meta name=\"twitter:card\" content=\"summary_large_image\" \/>\n<meta name=\"twitter:label1\" content=\"Est. reading time\" \/>\n\t<meta name=\"twitter:data1\" content=\"4 minutes\" \/>\n<script type=\"application\/ld+json\" class=\"yoast-schema-graph\">{\"@context\":\"https:\\\/\\\/schema.org\",\"@graph\":[{\"@type\":\"WebPage\",\"@id\":\"https:\\\/\\\/www.anc.cr\\\/julio-mata-segreda\\\/\",\"url\":\"https:\\\/\\\/www.anc.cr\\\/julio-mata-segreda\\\/\",\"name\":\"Julio Mata Segreda - ANC\",\"isPartOf\":{\"@id\":\"https:\\\/\\\/www.anc.cr\\\/#website\"},\"primaryImageOfPage\":{\"@id\":\"https:\\\/\\\/www.anc.cr\\\/julio-mata-segreda\\\/#primaryimage\"},\"image\":{\"@id\":\"https:\\\/\\\/www.anc.cr\\\/julio-mata-segreda\\\/#primaryimage\"},\"thumbnailUrl\":\"https:\\\/\\\/www.anc.cr\\\/wp-content\\\/uploads\\\/2024\\\/07\\\/image-21.png\",\"datePublished\":\"2024-07-09T11:12:42+00:00\",\"dateModified\":\"2024-10-11T22:38:49+00:00\",\"breadcrumb\":{\"@id\":\"https:\\\/\\\/www.anc.cr\\\/julio-mata-segreda\\\/#breadcrumb\"},\"inLanguage\":\"en-US\",\"potentialAction\":[{\"@type\":\"ReadAction\",\"target\":[\"https:\\\/\\\/www.anc.cr\\\/julio-mata-segreda\\\/\"]}]},{\"@type\":\"ImageObject\",\"inLanguage\":\"en-US\",\"@id\":\"https:\\\/\\\/www.anc.cr\\\/julio-mata-segreda\\\/#primaryimage\",\"url\":\"https:\\\/\\\/www.anc.cr\\\/wp-content\\\/uploads\\\/2024\\\/07\\\/image-21.png\",\"contentUrl\":\"https:\\\/\\\/www.anc.cr\\\/wp-content\\\/uploads\\\/2024\\\/07\\\/image-21.png\",\"width\":400,\"height\":400},{\"@type\":\"BreadcrumbList\",\"@id\":\"https:\\\/\\\/www.anc.cr\\\/julio-mata-segreda\\\/#breadcrumb\",\"itemListElement\":[{\"@type\":\"ListItem\",\"position\":1,\"name\":\"Portada\",\"item\":\"https:\\\/\\\/www.anc.cr\\\/\"},{\"@type\":\"ListItem\",\"position\":2,\"name\":\"Julio Mata Segreda\"}]},{\"@type\":\"WebSite\",\"@id\":\"https:\\\/\\\/www.anc.cr\\\/#website\",\"url\":\"https:\\\/\\\/www.anc.cr\\\/\",\"name\":\"ANC\",\"description\":\"Academia Nacional de Ciencias\",\"publisher\":{\"@id\":\"https:\\\/\\\/www.anc.cr\\\/#organization\"},\"potentialAction\":[{\"@type\":\"SearchAction\",\"target\":{\"@type\":\"EntryPoint\",\"urlTemplate\":\"https:\\\/\\\/www.anc.cr\\\/?s={search_term_string}\"},\"query-input\":{\"@type\":\"PropertyValueSpecification\",\"valueRequired\":true,\"valueName\":\"search_term_string\"}}],\"inLanguage\":\"en-US\"},{\"@type\":\"Organization\",\"@id\":\"https:\\\/\\\/www.anc.cr\\\/#organization\",\"name\":\"ANC\",\"url\":\"https:\\\/\\\/www.anc.cr\\\/\",\"logo\":{\"@type\":\"ImageObject\",\"inLanguage\":\"en-US\",\"@id\":\"https:\\\/\\\/www.anc.cr\\\/#\\\/schema\\\/logo\\\/image\\\/\",\"url\":\"https:\\\/\\\/www.anc.cr\\\/wp-content\\\/uploads\\\/2024\\\/07\\\/Logo-ANC-CR.png\",\"contentUrl\":\"https:\\\/\\\/www.anc.cr\\\/wp-content\\\/uploads\\\/2024\\\/07\\\/Logo-ANC-CR.png\",\"width\":1051,\"height\":593,\"caption\":\"ANC\"},\"image\":{\"@id\":\"https:\\\/\\\/www.anc.cr\\\/#\\\/schema\\\/logo\\\/image\\\/\"}}]}<\/script>\n<!-- \/ Yoast SEO plugin. -->","yoast_head_json":{"title":"Julio Mata Segreda - ANC","robots":{"index":"index","follow":"follow","max-snippet":"max-snippet:-1","max-image-preview":"max-image-preview:large","max-video-preview":"max-video-preview:-1"},"canonical":"https:\/\/www.anc.cr\/en\/julio-mata-segreda\/","og_locale":"en_US","og_type":"article","og_title":"Julio Mata Segreda - ANC","og_description":"Julio Mata Segreda Acad\u00e9mico de N\u00famero Julio Mata estudia los mecanismos de reacciones qu\u00edmicas&nbsp; y bioqu\u00edmicas, en particular de reacciones de transferencia de acilo, la cat\u00e1lisis heterog\u00e9nea y enzim\u00e1tica, los efectos hidrof\u00f3bicos, la bioqu\u00edmica de procesos post-cosecha y el uso racional de la energ\u00eda y desarrollo de materiales de origen vegetal, alternos a derivados de [&hellip;]","og_url":"https:\/\/www.anc.cr\/en\/julio-mata-segreda\/","og_site_name":"ANC","article_modified_time":"2024-10-11T22:38:49+00:00","og_image":[{"width":400,"height":400,"url":"https:\/\/www.anc.cr\/wp-content\/uploads\/2024\/07\/image-21.png","type":"image\/png"}],"twitter_card":"summary_large_image","twitter_misc":{"Est. reading time":"4 minutes"},"schema":{"@context":"https:\/\/schema.org","@graph":[{"@type":"WebPage","@id":"https:\/\/www.anc.cr\/julio-mata-segreda\/","url":"https:\/\/www.anc.cr\/julio-mata-segreda\/","name":"Julio Mata Segreda - ANC","isPartOf":{"@id":"https:\/\/www.anc.cr\/#website"},"primaryImageOfPage":{"@id":"https:\/\/www.anc.cr\/julio-mata-segreda\/#primaryimage"},"image":{"@id":"https:\/\/www.anc.cr\/julio-mata-segreda\/#primaryimage"},"thumbnailUrl":"https:\/\/www.anc.cr\/wp-content\/uploads\/2024\/07\/image-21.png","datePublished":"2024-07-09T11:12:42+00:00","dateModified":"2024-10-11T22:38:49+00:00","breadcrumb":{"@id":"https:\/\/www.anc.cr\/julio-mata-segreda\/#breadcrumb"},"inLanguage":"en-US","potentialAction":[{"@type":"ReadAction","target":["https:\/\/www.anc.cr\/julio-mata-segreda\/"]}]},{"@type":"ImageObject","inLanguage":"en-US","@id":"https:\/\/www.anc.cr\/julio-mata-segreda\/#primaryimage","url":"https:\/\/www.anc.cr\/wp-content\/uploads\/2024\/07\/image-21.png","contentUrl":"https:\/\/www.anc.cr\/wp-content\/uploads\/2024\/07\/image-21.png","width":400,"height":400},{"@type":"BreadcrumbList","@id":"https:\/\/www.anc.cr\/julio-mata-segreda\/#breadcrumb","itemListElement":[{"@type":"ListItem","position":1,"name":"Portada","item":"https:\/\/www.anc.cr\/"},{"@type":"ListItem","position":2,"name":"Julio Mata Segreda"}]},{"@type":"WebSite","@id":"https:\/\/www.anc.cr\/#website","url":"https:\/\/www.anc.cr\/","name":"ANC","description":"Academia Nacional de Ciencias","publisher":{"@id":"https:\/\/www.anc.cr\/#organization"},"potentialAction":[{"@type":"SearchAction","target":{"@type":"EntryPoint","urlTemplate":"https:\/\/www.anc.cr\/?s={search_term_string}"},"query-input":{"@type":"PropertyValueSpecification","valueRequired":true,"valueName":"search_term_string"}}],"inLanguage":"en-US"},{"@type":"Organization","@id":"https:\/\/www.anc.cr\/#organization","name":"ANC","url":"https:\/\/www.anc.cr\/","logo":{"@type":"ImageObject","inLanguage":"en-US","@id":"https:\/\/www.anc.cr\/#\/schema\/logo\/image\/","url":"https:\/\/www.anc.cr\/wp-content\/uploads\/2024\/07\/Logo-ANC-CR.png","contentUrl":"https:\/\/www.anc.cr\/wp-content\/uploads\/2024\/07\/Logo-ANC-CR.png","width":1051,"height":593,"caption":"ANC"},"image":{"@id":"https:\/\/www.anc.cr\/#\/schema\/logo\/image\/"}}]}},"_links":{"self":[{"href":"https:\/\/www.anc.cr\/en\/wp-json\/wp\/v2\/pages\/587","targetHints":{"allow":["GET"]}}],"collection":[{"href":"https:\/\/www.anc.cr\/en\/wp-json\/wp\/v2\/pages"}],"about":[{"href":"https:\/\/www.anc.cr\/en\/wp-json\/wp\/v2\/types\/page"}],"author":[{"embeddable":true,"href":"https:\/\/www.anc.cr\/en\/wp-json\/wp\/v2\/users\/1"}],"replies":[{"embeddable":true,"href":"https:\/\/www.anc.cr\/en\/wp-json\/wp\/v2\/comments?post=587"}],"version-history":[{"count":2,"href":"https:\/\/www.anc.cr\/en\/wp-json\/wp\/v2\/pages\/587\/revisions"}],"predecessor-version":[{"id":2158,"href":"https:\/\/www.anc.cr\/en\/wp-json\/wp\/v2\/pages\/587\/revisions\/2158"}],"wp:featuredmedia":[{"embeddable":true,"href":"https:\/\/www.anc.cr\/en\/wp-json\/wp\/v2\/media\/490"}],"wp:attachment":[{"href":"https:\/\/www.anc.cr\/en\/wp-json\/wp\/v2\/media?parent=587"}],"curies":[{"name":"wp","href":"https:\/\/api.w.org\/{rel}","templated":true}]}}