{"id":298,"date":"2024-05-19T00:42:12","date_gmt":"2024-05-19T06:42:12","guid":{"rendered":"http:\/\/anc.local\/?page_id=298"},"modified":"2024-05-19T00:42:13","modified_gmt":"2024-05-19T06:42:13","slug":"ley-de-creacion","status":"publish","type":"page","link":"https:\/\/www.anc.cr\/en\/ley-de-creacion\/","title":{"rendered":"Ley de creaci\u00f3n"},"content":{"rendered":"<h2 class=\"wp-block-heading has-text-align-center\"><strong>Ley de creaci\u00f3n<\/strong><\/h2>\n\n\n<figure class=\"wp-block-post-featured-image\"><img decoding=\"async\" width=\"1920\" height=\"1080\" src=\"https:\/\/www.anc.cr\/wp-content\/uploads\/2024\/05\/LeyDeCreacionANC.jpg\" class=\"attachment-post-thumbnail size-post-thumbnail wp-post-image\" alt=\"\" style=\"object-fit:cover;\" srcset=\"https:\/\/www.anc.cr\/wp-content\/uploads\/2024\/05\/LeyDeCreacionANC.jpg 1920w, https:\/\/www.anc.cr\/wp-content\/uploads\/2024\/05\/LeyDeCreacionANC-300x169.jpg 300w, https:\/\/www.anc.cr\/wp-content\/uploads\/2024\/05\/LeyDeCreacionANC-1024x576.jpg 1024w, https:\/\/www.anc.cr\/wp-content\/uploads\/2024\/05\/LeyDeCreacionANC-768x432.jpg 768w, https:\/\/www.anc.cr\/wp-content\/uploads\/2024\/05\/LeyDeCreacionANC-1536x864.jpg 1536w\" sizes=\"(max-width: 1920px) 100vw, 1920px\" \/><\/figure>\n\n\n<p>LA GACETA<br>San Jos\u00e9, Costa Rica, mi\u00e9rcoles 15 de noviembre de 1995 N\u00b0217 &#8212; 36 P\u00e1ginas<br><strong>LEY N\u00b0 7544<\/strong><br><strong>CREACI\u00d3N DE LA ACADEMIA NACIONAL DE CIENCIAS<br>LA ASAMBLEA LEGISLATIVA DE LA REPUBLICA DE COSTA RICA<br>DECRETA:<\/strong><\/p>\n\n\n\n<p><strong>Art\u00edculo 1\u00b0-Creaci\u00f3n<\/strong><\/p>\n\n\n\n<p>Se crea la Academia Nacional de Ciencias, como una instituci\u00f3n de derecho p\u00fablico no estatal.<\/p>\n\n\n\n<p><strong>Art\u00edculo 2\u00b0-Calidades<\/strong><\/p>\n\n\n\n<p>La Academia tendr\u00e1 plena personalidad jur\u00eddica y patrimonio propio.&nbsp; Su domicilio legal estar\u00e1 en la ciudad de San Jos\u00e9.&nbsp; El Presidente de su Consejo Directivo ejercer\u00e1 la representaci\u00f3n judicial y extrajudicial, con car\u00e1cter de apoderado general.<\/p>\n\n\n\n<p><strong>Art\u00edculo 3\u00b0-Objetivos<\/strong><\/p>\n\n\n\n<p>Los objetivos de la Academia son:<\/p>\n\n\n\n<ul class=\"wp-block-list\">\n<li>Promover la investigaci\u00f3n cient\u00edfica y el desarrollo tecnol\u00f3gico del pa\u00eds.<\/li>\n\n\n\n<li>Fomentar la difusi\u00f3n y el intercambio de informaci\u00f3n y material cient\u00edfico y tecnol\u00f3gico, entre la Academia , las instituciones y los entes cient\u00edficos del pa\u00eds.<\/li>\n\n\n\n<li>Constituir un foro multidisciplinario de discusi\u00f3n cient\u00edfica permanente, con \u00e9nfasis en el avance global de la ciencia y en la investigaci\u00f3n de los problemas nacionales.<\/li>\n\n\n\n<li>Colaborar al mejoramiento de los recursos humanos dedicados a la investigaci\u00f3n cient\u00edfica.<\/li>\n\n\n\n<li>Velar por la calidad de las actividades cient\u00edficas y el cumplimiento de principios \u00e9ticos en su realizaci\u00f3n.<\/li>\n\n\n\n<li>Proponer proyectos de ley y decretos en el campo de su competencia.<\/li>\n\n\n\n<li>Firmar convenios con instituciones p\u00fablicas o privadas, nacionales y extranjeras.<\/li>\n\n\n\n<li>Fomentar la conservaci\u00f3n del acervo cient\u00edfico nacional.<\/li>\n\n\n\n<li>Programar foros y conferencias cient\u00edficas y participar en los que se realicen\u00a0 sobre el particular, tanto dentro como fuera del pa\u00eds.<\/li>\n\n\n\n<li>Recibir y analizar los planteamientos\u00a0 y las propuestas que le presenten las personas, f\u00edsicas y jur\u00eddicas, interesadas en el quehacer cient\u00edfico\u00a0nacional<\/li>\n<\/ul>\n\n\n\n<p><strong>Art\u00edculo 4\u00b0-Integrantes<\/strong><\/p>\n\n\n\n<p>Ser\u00e1n miembros de la Academia :<br><br>a)\u00a0\u00a0\u00a0\u00a0\u00a0\u00a0\u00a0 Los acad\u00e9micos de n\u00famero.<br><br>b)\u00a0\u00a0\u00a0\u00a0\u00a0\u00a0\u00a0 Los acad\u00e9micos em\u00e9ritos.<br><br>c)\u00a0\u00a0\u00a0\u00a0\u00a0\u00a0\u00a0 Los acad\u00e9micos honorarios.<br><br>d)\u00a0\u00a0\u00a0\u00a0\u00a0\u00a0\u00a0 Los acad\u00e9micos correspondientes.<br><br>e)\u00a0\u00a0\u00a0\u00a0\u00a0\u00a0\u00a0 Los de otras categor\u00edas que la Academia establezca por reglamento.<br><br>Corresponder\u00e1 a la Asamblea General aprobar el reglamento que Eje los requisitos para ingresar a la Academia.<\/p>\n\n\n\n<p><br><strong>Art\u00edculo 5\u00b0- \u00d3rganos<br><\/strong><br>Son \u00f3rganos de la Academia :<br><br>a)\u00a0\u00a0\u00a0\u00a0\u00a0\u00a0\u00a0 La Asamblea General.<br><br>b)\u00a0\u00a0\u00a0\u00a0\u00a0\u00a0\u00a0 El Consejo Directivo.<br><br>c)\u00a0\u00a0\u00a0\u00a0\u00a0\u00a0\u00a0 La Fiscal\u00eda.<br><\/p>\n\n\n\n<p><strong>Art\u00edculo 6\u00b0-Consejo Directivo<br><\/strong><br>El Consejo Directivo estar\u00e1 compuesto por un presidente, un vicepresidente, un secretario, un tesorero y tres vocales.\u00a0 Sesionar\u00e1 en forma ordinaria una vez al mes y extraordinariamente cuando lo convoque el Presidente.<\/p>\n\n\n\n<p><br><strong>Art\u00edculo 7\u00b0-Permanencia<br><\/strong><br>El Consejo Directivo y el Fiscal ser\u00e1n elegidos por la Asamblea General , por un per\u00edodo de dos a\u00f1os y podr\u00e1n ser reelegidos.<\/p>\n\n\n\n<p><br><strong>Art\u00edculo 8\u00b0-Reglamentos<br><\/strong><br>La\u00a0 Academia dictar\u00e1 sus propios reglamentos, los cuales deber\u00e1n ser aprobados por dos tercios del total de los acad\u00e9micos de n\u00famero en Asamblea General convocada para el efecto.<\/p>\n\n\n\n<p><br><strong>Art\u00edculo 9\u00b0-Recursos<br><\/strong><br>La Academia podr\u00e1 generar sus propios recursos econ\u00f3micos, por medio de asesor\u00edas, elaboraci\u00f3n de documentos y otras actividades cient\u00edficas.\u00a0 Adem\u00e1s, podr\u00e1 recibir recursos econ\u00f3micos procedentes de transferencias, contribuciones, donaciones y otros aportes de entidades p\u00fablicas y privadas, nacionales o extranjeras; as\u00ed como de personas f\u00edsicas.<br><br>La Contralor\u00eda General de la Rep\u00fablica fiscalizar\u00e1 el uso de estos recursos.<\/p>\n\n\n\n<p><br><strong>Art\u00edculo 10.-Vigencia<br><\/strong><br>Rige a partir de su publicaci\u00f3n.<br><br>Transitorio Unico. &#8211; Para los efectos de esta ley, se tendr\u00e1 como miembros fundadores a los integrantes de la Academia de Ciencias, creada mediante el Decreto Ejecutivo N\u00b021358 -MICIT, del 26 de junio de 1992.<br><br>Comisi\u00f3n Legislativa Plena Segunda.-Aprobado el anterior proyecto el d\u00eda seis de setiembre de mil novecientos noventa y cinco.<br><br>Rolando Gonz\u00e1lez Ulloa, Presidente.-Mario Alvarez Gonz\u00e1lez, Prosecretario.<br><br>Asamblea Legislativa.-San Jos\u00e9, a los dieciocho d\u00edas del mes de setiembre de mil novecientos noventa y cinco.<br>Comun\u00edquese al Poder Ejecutivo<br><br>Antonio Alvarez Desanti , Presidente.-Manuel Ant . Barrantes Rodr\u00edguez, Segundo Secretario.-Mar\u00eda Luisa Ortiz Messeguer , Primera Prosecretaria .<br><br>Dado en la Presidencia de la Rep\u00fablica.-San Jos\u00e9, a los veinti\u00fan d\u00edas del mes de setiembre de mil novecientos noventa y cinco.<br>Ejec\u00fatese y publ\u00edquese<br><br>JOSE MARIA FIGUERES OLSEN.-El Ministerio de Econom\u00eda, Industria y Comercio y de Ciencia y Tecnolog\u00eda, Marco A. Vargas D.-1 vez.-C-100.- (61668).<\/p>","protected":false},"excerpt":{"rendered":"<p>Ley de creaci\u00f3n LA GACETASan Jos\u00e9, Costa Rica, mi\u00e9rcoles 15 de noviembre de 1995 N\u00b0217 &#8212; 36 P\u00e1ginasLEY N\u00b0 7544CREACI\u00d3N DE LA ACADEMIA NACIONAL DE CIENCIASLA ASAMBLEA LEGISLATIVA DE LA REPUBLICA DE COSTA RICADECRETA: Art\u00edculo 1\u00b0-Creaci\u00f3n Se crea la Academia Nacional de Ciencias, como una instituci\u00f3n de derecho p\u00fablico no estatal. Art\u00edculo 2\u00b0-Calidades La Academia [&hellip;]<\/p>\n","protected":false},"author":1,"featured_media":299,"parent":0,"menu_order":0,"comment_status":"closed","ping_status":"closed","template":"","meta":{"footnotes":""},"class_list":["post-298","page","type-page","status-publish","has-post-thumbnail","hentry"],"yoast_head":"<!-- This site is optimized with the Yoast SEO plugin v27.3 - https:\/\/yoast.com\/product\/yoast-seo-wordpress\/ -->\n<title>Ley de creaci\u00f3n - ANC<\/title>\n<meta name=\"robots\" content=\"index, follow, max-snippet:-1, max-image-preview:large, max-video-preview:-1\" \/>\n<link rel=\"canonical\" href=\"https:\/\/www.anc.cr\/en\/ley-de-creacion\/\" \/>\n<meta property=\"og:locale\" content=\"en_US\" \/>\n<meta property=\"og:type\" content=\"article\" \/>\n<meta property=\"og:title\" content=\"Ley de creaci\u00f3n - ANC\" \/>\n<meta property=\"og:description\" content=\"Ley de creaci\u00f3n LA GACETASan Jos\u00e9, Costa Rica, mi\u00e9rcoles 15 de noviembre de 1995 N\u00b0217 &#8212; 36 P\u00e1ginasLEY N\u00b0 7544CREACI\u00d3N DE LA ACADEMIA NACIONAL DE CIENCIASLA ASAMBLEA LEGISLATIVA DE LA REPUBLICA DE COSTA RICADECRETA: Art\u00edculo 1\u00b0-Creaci\u00f3n Se crea la Academia Nacional de Ciencias, como una instituci\u00f3n de derecho p\u00fablico no estatal. Art\u00edculo 2\u00b0-Calidades La Academia [&hellip;]\" \/>\n<meta property=\"og:url\" content=\"https:\/\/www.anc.cr\/en\/ley-de-creacion\/\" \/>\n<meta property=\"og:site_name\" content=\"ANC\" \/>\n<meta property=\"article:modified_time\" content=\"2024-05-19T06:42:13+00:00\" \/>\n<meta property=\"og:image\" content=\"https:\/\/www.anc.cr\/wp-content\/uploads\/2024\/05\/LeyDeCreacionANC.jpg\" \/>\n\t<meta property=\"og:image:width\" content=\"1920\" \/>\n\t<meta property=\"og:image:height\" content=\"1080\" \/>\n\t<meta property=\"og:image:type\" content=\"image\/jpeg\" \/>\n<meta name=\"twitter:card\" content=\"summary_large_image\" \/>\n<meta name=\"twitter:label1\" content=\"Est. reading time\" \/>\n\t<meta name=\"twitter:data1\" content=\"4 minutes\" \/>\n<script type=\"application\/ld+json\" class=\"yoast-schema-graph\">{\"@context\":\"https:\\\/\\\/schema.org\",\"@graph\":[{\"@type\":\"WebPage\",\"@id\":\"https:\\\/\\\/www.anc.cr\\\/ley-de-creacion\\\/\",\"url\":\"https:\\\/\\\/www.anc.cr\\\/ley-de-creacion\\\/\",\"name\":\"Ley de creaci\u00f3n - ANC\",\"isPartOf\":{\"@id\":\"https:\\\/\\\/www.anc.cr\\\/#website\"},\"primaryImageOfPage\":{\"@id\":\"https:\\\/\\\/www.anc.cr\\\/ley-de-creacion\\\/#primaryimage\"},\"image\":{\"@id\":\"https:\\\/\\\/www.anc.cr\\\/ley-de-creacion\\\/#primaryimage\"},\"thumbnailUrl\":\"https:\\\/\\\/www.anc.cr\\\/wp-content\\\/uploads\\\/2024\\\/05\\\/LeyDeCreacionANC.jpg\",\"datePublished\":\"2024-05-19T06:42:12+00:00\",\"dateModified\":\"2024-05-19T06:42:13+00:00\",\"breadcrumb\":{\"@id\":\"https:\\\/\\\/www.anc.cr\\\/ley-de-creacion\\\/#breadcrumb\"},\"inLanguage\":\"en-US\",\"potentialAction\":[{\"@type\":\"ReadAction\",\"target\":[\"https:\\\/\\\/www.anc.cr\\\/ley-de-creacion\\\/\"]}]},{\"@type\":\"ImageObject\",\"inLanguage\":\"en-US\",\"@id\":\"https:\\\/\\\/www.anc.cr\\\/ley-de-creacion\\\/#primaryimage\",\"url\":\"https:\\\/\\\/www.anc.cr\\\/wp-content\\\/uploads\\\/2024\\\/05\\\/LeyDeCreacionANC.jpg\",\"contentUrl\":\"https:\\\/\\\/www.anc.cr\\\/wp-content\\\/uploads\\\/2024\\\/05\\\/LeyDeCreacionANC.jpg\",\"width\":1920,\"height\":1080},{\"@type\":\"BreadcrumbList\",\"@id\":\"https:\\\/\\\/www.anc.cr\\\/ley-de-creacion\\\/#breadcrumb\",\"itemListElement\":[{\"@type\":\"ListItem\",\"position\":1,\"name\":\"Portada\",\"item\":\"https:\\\/\\\/www.anc.cr\\\/\"},{\"@type\":\"ListItem\",\"position\":2,\"name\":\"Ley de creaci\u00f3n\"}]},{\"@type\":\"WebSite\",\"@id\":\"https:\\\/\\\/www.anc.cr\\\/#website\",\"url\":\"https:\\\/\\\/www.anc.cr\\\/\",\"name\":\"ANC\",\"description\":\"Academia Nacional de Ciencias\",\"publisher\":{\"@id\":\"https:\\\/\\\/www.anc.cr\\\/#organization\"},\"potentialAction\":[{\"@type\":\"SearchAction\",\"target\":{\"@type\":\"EntryPoint\",\"urlTemplate\":\"https:\\\/\\\/www.anc.cr\\\/?s={search_term_string}\"},\"query-input\":{\"@type\":\"PropertyValueSpecification\",\"valueRequired\":true,\"valueName\":\"search_term_string\"}}],\"inLanguage\":\"en-US\"},{\"@type\":\"Organization\",\"@id\":\"https:\\\/\\\/www.anc.cr\\\/#organization\",\"name\":\"ANC\",\"url\":\"https:\\\/\\\/www.anc.cr\\\/\",\"logo\":{\"@type\":\"ImageObject\",\"inLanguage\":\"en-US\",\"@id\":\"https:\\\/\\\/www.anc.cr\\\/#\\\/schema\\\/logo\\\/image\\\/\",\"url\":\"https:\\\/\\\/www.anc.cr\\\/wp-content\\\/uploads\\\/2024\\\/07\\\/Logo-ANC-CR.png\",\"contentUrl\":\"https:\\\/\\\/www.anc.cr\\\/wp-content\\\/uploads\\\/2024\\\/07\\\/Logo-ANC-CR.png\",\"width\":1051,\"height\":593,\"caption\":\"ANC\"},\"image\":{\"@id\":\"https:\\\/\\\/www.anc.cr\\\/#\\\/schema\\\/logo\\\/image\\\/\"}}]}<\/script>\n<!-- \/ Yoast SEO plugin. -->","yoast_head_json":{"title":"Ley de creaci\u00f3n - ANC","robots":{"index":"index","follow":"follow","max-snippet":"max-snippet:-1","max-image-preview":"max-image-preview:large","max-video-preview":"max-video-preview:-1"},"canonical":"https:\/\/www.anc.cr\/en\/ley-de-creacion\/","og_locale":"en_US","og_type":"article","og_title":"Ley de creaci\u00f3n - ANC","og_description":"Ley de creaci\u00f3n LA GACETASan Jos\u00e9, Costa Rica, mi\u00e9rcoles 15 de noviembre de 1995 N\u00b0217 &#8212; 36 P\u00e1ginasLEY N\u00b0 7544CREACI\u00d3N DE LA ACADEMIA NACIONAL DE CIENCIASLA ASAMBLEA LEGISLATIVA DE LA REPUBLICA DE COSTA RICADECRETA: Art\u00edculo 1\u00b0-Creaci\u00f3n Se crea la Academia Nacional de Ciencias, como una instituci\u00f3n de derecho p\u00fablico no estatal. Art\u00edculo 2\u00b0-Calidades La Academia [&hellip;]","og_url":"https:\/\/www.anc.cr\/en\/ley-de-creacion\/","og_site_name":"ANC","article_modified_time":"2024-05-19T06:42:13+00:00","og_image":[{"width":1920,"height":1080,"url":"https:\/\/www.anc.cr\/wp-content\/uploads\/2024\/05\/LeyDeCreacionANC.jpg","type":"image\/jpeg"}],"twitter_card":"summary_large_image","twitter_misc":{"Est. reading time":"4 minutes"},"schema":{"@context":"https:\/\/schema.org","@graph":[{"@type":"WebPage","@id":"https:\/\/www.anc.cr\/ley-de-creacion\/","url":"https:\/\/www.anc.cr\/ley-de-creacion\/","name":"Ley de creaci\u00f3n - ANC","isPartOf":{"@id":"https:\/\/www.anc.cr\/#website"},"primaryImageOfPage":{"@id":"https:\/\/www.anc.cr\/ley-de-creacion\/#primaryimage"},"image":{"@id":"https:\/\/www.anc.cr\/ley-de-creacion\/#primaryimage"},"thumbnailUrl":"https:\/\/www.anc.cr\/wp-content\/uploads\/2024\/05\/LeyDeCreacionANC.jpg","datePublished":"2024-05-19T06:42:12+00:00","dateModified":"2024-05-19T06:42:13+00:00","breadcrumb":{"@id":"https:\/\/www.anc.cr\/ley-de-creacion\/#breadcrumb"},"inLanguage":"en-US","potentialAction":[{"@type":"ReadAction","target":["https:\/\/www.anc.cr\/ley-de-creacion\/"]}]},{"@type":"ImageObject","inLanguage":"en-US","@id":"https:\/\/www.anc.cr\/ley-de-creacion\/#primaryimage","url":"https:\/\/www.anc.cr\/wp-content\/uploads\/2024\/05\/LeyDeCreacionANC.jpg","contentUrl":"https:\/\/www.anc.cr\/wp-content\/uploads\/2024\/05\/LeyDeCreacionANC.jpg","width":1920,"height":1080},{"@type":"BreadcrumbList","@id":"https:\/\/www.anc.cr\/ley-de-creacion\/#breadcrumb","itemListElement":[{"@type":"ListItem","position":1,"name":"Portada","item":"https:\/\/www.anc.cr\/"},{"@type":"ListItem","position":2,"name":"Ley de creaci\u00f3n"}]},{"@type":"WebSite","@id":"https:\/\/www.anc.cr\/#website","url":"https:\/\/www.anc.cr\/","name":"ANC","description":"Academia Nacional de Ciencias","publisher":{"@id":"https:\/\/www.anc.cr\/#organization"},"potentialAction":[{"@type":"SearchAction","target":{"@type":"EntryPoint","urlTemplate":"https:\/\/www.anc.cr\/?s={search_term_string}"},"query-input":{"@type":"PropertyValueSpecification","valueRequired":true,"valueName":"search_term_string"}}],"inLanguage":"en-US"},{"@type":"Organization","@id":"https:\/\/www.anc.cr\/#organization","name":"ANC","url":"https:\/\/www.anc.cr\/","logo":{"@type":"ImageObject","inLanguage":"en-US","@id":"https:\/\/www.anc.cr\/#\/schema\/logo\/image\/","url":"https:\/\/www.anc.cr\/wp-content\/uploads\/2024\/07\/Logo-ANC-CR.png","contentUrl":"https:\/\/www.anc.cr\/wp-content\/uploads\/2024\/07\/Logo-ANC-CR.png","width":1051,"height":593,"caption":"ANC"},"image":{"@id":"https:\/\/www.anc.cr\/#\/schema\/logo\/image\/"}}]}},"_links":{"self":[{"href":"https:\/\/www.anc.cr\/en\/wp-json\/wp\/v2\/pages\/298","targetHints":{"allow":["GET"]}}],"collection":[{"href":"https:\/\/www.anc.cr\/en\/wp-json\/wp\/v2\/pages"}],"about":[{"href":"https:\/\/www.anc.cr\/en\/wp-json\/wp\/v2\/types\/page"}],"author":[{"embeddable":true,"href":"https:\/\/www.anc.cr\/en\/wp-json\/wp\/v2\/users\/1"}],"replies":[{"embeddable":true,"href":"https:\/\/www.anc.cr\/en\/wp-json\/wp\/v2\/comments?post=298"}],"version-history":[{"count":1,"href":"https:\/\/www.anc.cr\/en\/wp-json\/wp\/v2\/pages\/298\/revisions"}],"predecessor-version":[{"id":300,"href":"https:\/\/www.anc.cr\/en\/wp-json\/wp\/v2\/pages\/298\/revisions\/300"}],"wp:featuredmedia":[{"embeddable":true,"href":"https:\/\/www.anc.cr\/en\/wp-json\/wp\/v2\/media\/299"}],"wp:attachment":[{"href":"https:\/\/www.anc.cr\/en\/wp-json\/wp\/v2\/media?parent=298"}],"curies":[{"name":"wp","href":"https:\/\/api.w.org\/{rel}","templated":true}]}}