{"id":269,"date":"2024-05-19T00:22:54","date_gmt":"2024-05-19T06:22:54","guid":{"rendered":"http:\/\/anc.local\/?page_id=269"},"modified":"2026-01-15T14:22:47","modified_gmt":"2026-01-15T20:22:47","slug":"comisiones","status":"publish","type":"page","link":"https:\/\/www.anc.cr\/en\/comisiones\/","title":{"rendered":"International Organizations, Commissions and Working Groups"},"content":{"rendered":"<h2 class=\"wp-block-heading has-text-align-center\">International Organizations, Commissions and Working Groups<\/h2>\n\n\n<figure class=\"wp-block-post-featured-image\"><img decoding=\"async\" width=\"651\" height=\"342\" src=\"https:\/\/www.anc.cr\/wp-content\/uploads\/2024\/07\/logo_ANC_final.png\" class=\"attachment-post-thumbnail size-post-thumbnail wp-post-image\" alt=\"\" style=\"object-fit:cover;\" srcset=\"https:\/\/www.anc.cr\/wp-content\/uploads\/2024\/07\/logo_ANC_final.png 651w, https:\/\/www.anc.cr\/wp-content\/uploads\/2024\/07\/logo_ANC_final-300x158.png 300w\" sizes=\"(max-width: 651px) 100vw, 651px\" \/><\/figure>\n\n\n<p class=\"has-text-align-center\">Active participation is taken in committees where the National Academy of Sciences is represented.<\/p>\n\n\n\n<p class=\"has-text-align-center\">Currently, work is being done on commissions classified as:<\/p>\n\n\n\n<div style=\"height:25px\" aria-hidden=\"true\" class=\"wp-block-spacer\"><\/div>\n\n\n\n<hr class=\"wp-block-separator has-alpha-channel-opacity\"\/>\n\n\n\n<div style=\"height:25px\" aria-hidden=\"true\" class=\"wp-block-spacer\"><\/div>\n\n\n\n<h3 class=\"wp-block-heading has-text-align-center\"><strong>Representations of the Academy in International Organizations:<\/strong><\/h3>\n\n\n\n<div style=\"height:25px\" aria-hidden=\"true\" class=\"wp-block-spacer\"><\/div>\n\n\n\n<div class=\"guten-element guten-accordions-wrapper\"><div class=\"guten-accordions guten-aCQnDD\">\n<div class=\"accordion-item guten-htbHMg\"><div class=\"accordion-heading\"><div class=\"accordion-icon\"><span class=\"accordion-icon-open\"><i class=\"fas fa-minus\"><\/i><\/span><span class=\"accordion-icon-closed\"><i class=\"fas fa-plus\"><\/i><\/span><\/div><span class=\"accordion-text\"><strong>IAP (The InterAcademy Partnership)<\/strong><\/span><\/div><div class=\"accordion-body\"><div class=\"accordion-content\">\n<p><strong>Website:<\/strong> <a href=\"https:\/\/www.interacademies.org\">https:\/\/www.interacademies.org<\/a><\/p>\n\n\n\n<p><strong>Representative<\/strong>: ANC President, Dr. Walter Fern\u00e1ndez<\/p>\n\n\n\n<p><strong>Contact: <\/strong>Secretary of the ANC, Dr. Hugo Hidalgo<\/p>\n\n\n\n<p>The InterAcademy Partnership (IAP), unites more than 140 national, regional and global academies, working together to support the vital role of science in finding evidence-based solutions to the world's most challenging problems.<\/p>\n\n\n\n<p>The National Academy of Sciences of Costa Rica formally requested to be part of IAP in 2022&nbsp;<\/p>\n\n\n\n<p><a href=\"https:\/\/www.interacademies.org\/organization\/national-academy-sciences-costa-rica-anc\"><strong>https:\/\/www.interacademies.org\/organization\/national-academy-sciences-costa-rica-anc<\/strong><\/a><\/p>\n<\/div><\/div><\/div>\n<\/div><\/div>\n\n\n\n<div class=\"guten-element guten-accordions-wrapper\"><div class=\"guten-accordions guten-DuXmTU\">\n<div class=\"accordion-item guten-qEELcn\"><div class=\"accordion-heading\"><div class=\"accordion-icon\"><span class=\"accordion-icon-open\"><i class=\"fas fa-minus\"><\/i><\/span><span class=\"accordion-icon-closed\"><i class=\"fas fa-plus\"><\/i><\/span><\/div><span class=\"accordion-text\"><strong>IANAS (Inter American Network of Academies of Sciences)<\/strong><\/span><\/div><div class=\"accordion-body\"><div class=\"accordion-content\">\n<p><strong>Website:<\/strong> <a href=\"https:\/\/ianas.org\/\">https:\/\/ianas.org<\/a><\/p>\n\n\n\n<p><strong>Representative: <\/strong>ANC President, Dr. Walter Fern\u00e1ndez.<\/p>\n\n\n\n<p>IANAS is a regional network of Academies of Sciences created to support cooperation towards strengthening science and technology as a tool to promote research and development, prosperity and equity in the Americas.<\/p>\n\n\n\n<p>It has five programmes with four ANC focal points: Women in Science, Water, Energy, Education, and Food Safety and Nutrition. These focal points are:<\/p>\n\n\n\n<p><strong>Women in Science: <\/strong>Dra. Henriette Ravent\u00f3s&nbsp;<\/p>\n\n\n\n<p><strong>Water:<\/strong> Dr. Hugo Hidalgo<\/p>\n\n\n\n<p><strong>Energy:&nbsp;<\/strong> Dr. Julio Mata&nbsp;&nbsp;<\/p>\n\n\n\n<p><strong>Education: <\/strong>Dr. Gabriel Macaya&nbsp;&nbsp;<\/p>\n\n\n\n<p><strong>Food Security and Nutrition:&nbsp;<\/strong> There are no people<\/p>\n<\/div><\/div><\/div>\n<\/div><\/div>\n\n\n\n<div class=\"guten-element guten-accordions-wrapper\"><div class=\"guten-accordions guten-Zsjm24\">\n<div class=\"accordion-item guten-6oAGWy\"><div class=\"accordion-heading\"><div class=\"accordion-icon\"><span class=\"accordion-icon-open\"><i class=\"fas fa-minus\"><\/i><\/span><span class=\"accordion-icon-closed\"><i class=\"fas fa-plus\"><\/i><\/span><\/div><span class=\"accordion-text\"><strong>ISC (International Science Council)<\/strong><\/span><\/div><div class=\"accordion-body\"><div class=\"accordion-content\">\n<p><strong>Website:<\/strong> <a href=\"https:\/\/council.science\/\">https:\/\/council.science<\/a><\/p>\n\n\n\n<p><strong>Representative: <\/strong>President of the ANC, Dr. Walter Fernandez<\/p>\n\n\n\n<p>The ISC brings together the scientific expertise and resources needed to lead the catalysis, incubation and coordination of international actions with impact on issues of great scientific and public importance.<\/p>\n\n\n\n<p>It has several scientific unions, among which the Academy is a member of IUGG (International Union of Geodesy And Geophysics \u2013 Union Geodesique et Geophysique Internationale). The IUGG National Committee is chaired by Dr. Marino Protti and Dr. Walter Fern\u00e1ndez is the Secretary General.<\/p>\n<\/div><\/div><\/div>\n<\/div><\/div>\n\n\n\n<div class=\"guten-element guten-accordions-wrapper\"><div class=\"guten-accordions guten-aokrDI\">\n<div class=\"accordion-item guten-0DeD4N\"><div class=\"accordion-heading\"><div class=\"accordion-icon\"><span class=\"accordion-icon-open\"><i class=\"fas fa-minus\"><\/i><\/span><span class=\"accordion-icon-closed\"><i class=\"fas fa-plus\"><\/i><\/span><\/div><span class=\"accordion-text\"><strong>IUGG (International Union of Geodesy and Geophysics)<\/strong><\/span><\/div><div class=\"accordion-body\"><div class=\"accordion-content\">\n<p><strong>Website: <\/strong><a href=\"http:\/\/www.iugg.org\/\">http:\/\/www.iugg.org\/<\/a><\/p>\n\n\n\n<p>The National Committee is chaired by Dr. Marino Protti and Dr. Walter Fern\u00e1ndez is the Secretary General.<\/p>\n\n\n\n<p>Its objectives are the promotion and coordination of physical, chemical, and mathematical studies of the Earth and its outer space environment. These studies include the shape of the Earth, its gravitational and magnetic fields, Earth dynamics, Earth's internal structure, composition and tectonics, magma generation, volcanism, rock formation and hydrology, the cycle including snow and ice, all aspects of the oceans, atmosphere, ionosphere, magnetosphere, and solar-terrestrial relations, and analogous problems associated with the Moon and other planets.&nbsp;<\/p>\n\n\n\n<p>It is made up of several associations, among which are the International Association of Hydrological Sciences, whose National Correspondent is Dr. Hugo Hidalgo, and the International Association of Seismology and Physics of the Earth's Interior, whose National Correspondent is Dr. Marino Protti.<\/p>\n<\/div><\/div><\/div>\n<\/div><\/div>\n\n\n\n<div class=\"guten-element guten-accordions-wrapper\"><div class=\"guten-accordions guten-bx5z01\">\n<div class=\"accordion-item guten-vGtP3C\"><div class=\"accordion-heading\"><div class=\"accordion-icon\"><span class=\"accordion-icon-open\"><i class=\"fas fa-minus\"><\/i><\/span><span class=\"accordion-icon-closed\"><i class=\"fas fa-plus\"><\/i><\/span><\/div><span class=\"accordion-text\"><strong>International Human Rights Network of Academies and Scholarly Societies<\/strong><\/span><\/div><div class=\"accordion-body\"><div class=\"accordion-content\">\n<p><strong>Website:<\/strong> <a href=\"https:\/\/www.internationalhrnetwork.org\/\">https:\/\/www.internationalhrnetwork.org\/<\/a><\/p>\n\n\n\n<p><strong>Academy Representative: <\/strong>Dr. Pedro Le\u00f3n<\/p>\n\n\n\n<p>It addresses serious issues of science and human rights, in particular the cases of scientists, academics, engineers and health professionals around the world who are subject to severe repression, solely for having non-violently exercised their rights under the Universal Declaration of Human Rights.<\/p>\n\n\n\n<p>Currently, academies of science and learned societies from approximately 90 countries are affiliated to IHRN; each is represented by an internationally distinguished member who is also a human rights defender.<\/p>\n<\/div><\/div><\/div>\n<\/div><\/div>\n\n\n\n<div class=\"guten-element guten-accordions-wrapper\"><div class=\"guten-accordions guten-G9Sjd6\">\n<div class=\"accordion-item guten-Xgt4pQ\"><div class=\"accordion-heading\"><div class=\"accordion-icon\"><span class=\"accordion-icon-open\"><i class=\"fas fa-minus\"><\/i><\/span><span class=\"accordion-icon-closed\"><i class=\"fas fa-plus\"><\/i><\/span><\/div><span class=\"accordion-text\"><strong>Red-POP (Network for the Popularization of Science and Technology in Latin America and the Caribbean)<\/strong><\/span><\/div><div class=\"accordion-body\"><div class=\"accordion-content\">\n<p><strong>Website: <\/strong><a href=\"https:\/\/www.redpop.org\/\">https:\/\/www.redpop.org\/<\/a><\/p>\n\n\n\n<p><strong>Representative of the ANC:<\/strong> M.Sc. Dayana Mora<\/p>\n\n\n\n<p>Its general objective is to contribute to the strengthening, exchange and active cooperation between groups, programs and centers for the popularization of science and technology (S&amp;T) in Latin America and the Caribbean. It is also responsible for stimulating and supporting the development of new initiatives for the popularization of S&amp;T in the region.<\/p>\n<\/div><\/div><\/div>\n<\/div><\/div>\n\n\n\n<div style=\"height:25px\" aria-hidden=\"true\" class=\"wp-block-spacer\"><\/div>\n\n\n\n<hr class=\"wp-block-separator has-alpha-channel-opacity\"\/>\n\n\n\n<div style=\"height:25px\" aria-hidden=\"true\" class=\"wp-block-spacer\"><\/div>\n\n\n\n<h3 class=\"wp-block-heading has-text-align-center\"><strong>Government Commissions:<\/strong><span id=\"docs-internal-guid-af7f8fec-7fff-daae-5d22-5474ab945ff1\"><div><span style=\"font-size: 14pt; font-family: Aptos; color: rgb(0, 0, 0); background-color: transparent; font-weight: 700; font-variant-numeric: normal; font-variant-east-asian: normal; font-variant-alternates: normal; font-variant-position: normal; vertical-align: baseline;\"><\/span><\/div><\/span><\/h3>\n\n\n\n<div style=\"height:25px\" aria-hidden=\"true\" class=\"wp-block-spacer\"><\/div>\n\n\n\n<div class=\"guten-element guten-accordions-wrapper\"><div class=\"guten-accordions guten-eIWFKc\">\n<div class=\"accordion-item guten-9W8q9J\"><div class=\"accordion-heading\"><div class=\"accordion-icon\"><span class=\"accordion-icon-open\"><i class=\"fas fa-minus\"><\/i><\/span><span class=\"accordion-icon-closed\"><i class=\"fas fa-plus\"><\/i><\/span><\/div><span class=\"accordion-text\"><strong>Comisi\u00f3n T\u00e9cnica Nacional de Bioseguridad (CTNBio)<\/strong><\/span><\/div><div class=\"accordion-body\"><div class=\"accordion-content\">\n<p><a href=\"https:\/\/www.sfe.go.cr\/Leyes\/Ley%20N%C2%B0%207664%20de%20Protecci%C3%B3n%20Fitosanitaria.pdf\">Law No. 7664 on Plant Health Protection<\/a>; its composition, powers and functions are established in the&nbsp;<a href=\"https:\/\/www.sfe.go.cr\/Decretos\/Decreto%20N%C2%B0%2026921%20MAG%20Reforma%20Reglamento%20a%20la%20Ley%20de%20Protecci%C3%B3n%20Fitosanitaria.pdf\">Decree No. 26921-MAG.<\/a><\/p>\n\n\n\n<p>MSc Giovanni Garro Monge, Full Member (ANC-140-2023)<\/p>\n\n\n\n<p>Dr. Marta Valdez Melara, Alternate Member (ANC-074-2023)<\/p>\n\n\n\n<p>In Article 111 of Executive Decree 26921-MAG: Regulations to the Plant Health Protection Law, the functions of CTNBio are established, which include advising the State Phytosanitary Service in making decisions on the importation, mobilization, experimentation, release into the environment, multiplication, commercialization or any other activity with organisms that are the product of modern biotechnology, including those obtained by genome editing, as well as modified living organisms used in agriculture, which may represent an unacceptable risk to the environment, human or animal health or agricultural production activities.<\/p>\n\n\n\n<p>According to Executive Decree 44020-MAG, published in La Gaceta 105 dated May 3, 2023, the composition of CTNBio was amended. Among the entities that make up the Commission, the National Academy of Sciences (ANC) is represented by a full member and an alternate to replace the full member in his absence.<\/p>\n<\/div><\/div><\/div>\n<\/div><\/div>\n\n\n\n<div class=\"guten-element guten-accordions-wrapper\"><div class=\"guten-accordions guten-A610Ms\">\n<div class=\"accordion-item guten-lTRj3O\"><div class=\"accordion-heading\"><div class=\"accordion-icon\"><span class=\"accordion-icon-open\"><i class=\"fas fa-minus\"><\/i><\/span><span class=\"accordion-icon-closed\"><i class=\"fas fa-plus\"><\/i><\/span><\/div><span class=\"accordion-text\"><strong>National Technical Commission for the Use, Management and Conservation of Soils<\/strong><\/span><\/div><div class=\"accordion-body\"><div class=\"accordion-content\">\n<p><strong>Representative:<\/strong> Dr. Alfredo Alvarado Hern\u00e1ndez<\/p>\n\n\n\n<p>Law 7779 on the Use, Management and Conservation of Soils.<\/p>\n\n\n\n<p>Article 1\u00ba\u2014In order to protect, conserve and improve soils, prevent erosion and degradation due to various natural or artificial causes, state or private action is declared to be of public interest and utility for the integrated and sustainable management of soils in harmony with other resources and natural wealth throughout the national territory, in accordance with the provisions of Article 3 of Law 7779 of April 30, 1998.<\/p>\n\n\n\n<p>Law 7779 recognizes and declares that soil, as a natural resource, constitutes the asset of greatest patrimonial and productive importance for the agricultural enterprise, according to the corresponding classification and methodology. It establishes a platform to promote the management, conservation and recovery of soils in a sustained and integrated manner with other natural resources; facilitates mechanisms for coordinated institutional action, oriented towards balanced use between the capacity for use and the productive potential of soils; encourages the active participation of communities in the construction of decisions on the management and conservation of soils; promotes the implementation and control of improved practices in land use systems that prevent erosion or other forms of resource degradation; promotes conservation agriculture as a way of achieving convergence between the objectives of production and the conservation of soil and water resources. It declares state and private action for the management, conservation and recovery of soil to be of public interest.<\/p>\n<\/div><\/div><\/div>\n<\/div><\/div>\n\n\n\n<div class=\"guten-element guten-accordions-wrapper\"><div class=\"guten-accordions guten-Y5NdtG\">\n<div class=\"accordion-item guten-dU2uzi\"><div class=\"accordion-heading\"><div class=\"accordion-icon\"><span class=\"accordion-icon-open\"><i class=\"fas fa-minus\"><\/i><\/span><span class=\"accordion-icon-closed\"><i class=\"fas fa-plus\"><\/i><\/span><\/div><span class=\"accordion-text\"><strong>Jury of the Clodomiro Picado Twight Prize in Science<\/strong><\/span><\/div><div class=\"accordion-body\"><div class=\"accordion-content\">\n<p><strong>Representative: <\/strong>Dr. Marito Protti<\/p>\n\n\n\n<p>This award is intended to recognize the scientific work of Costa Rican researchers who have contributed to the development of knowledge, as well as to social progress and well-being in an extraordinary and exemplary manner at the national and international level. It is governed by Decree No. 41128-MICITT, which establishes this award.<\/p>\n\n\n\n<p>It is awarded annually to a person for his or her outstanding career in the field of scientific research. A jury in the field of science is in charge of evaluating the reports submitted.<\/p>\n\n\n\n<p>The award consists of a commemorative statuette, a scroll of recognition and a sum equal to ten times the base salary of a Civil Service 2 professional.<\/p>\n\n\n\n<p>The National Science Award and the Dr. Clodomiro Picado Twight National Technology Award are sponsored and awarded by MICITT and are presented through a special ceremony, according to the award ceremony schedule established by this Ministry.<\/p>\n<\/div><\/div><\/div>\n<\/div><\/div>\n\n\n\n<div class=\"guten-element guten-accordions-wrapper\"><div class=\"guten-accordions guten-Vrkay5\">\n<div class=\"accordion-item guten-CRSbYq\"><div class=\"accordion-heading\"><div class=\"accordion-icon\"><span class=\"accordion-icon-open\"><i class=\"fas fa-minus\"><\/i><\/span><span class=\"accordion-icon-closed\"><i class=\"fas fa-plus\"><\/i><\/span><\/div><span class=\"accordion-text\"><strong>National Policy for equality between women and men in training, employment and the enjoyment of the products of Science, Technology, Telecommunications and Innovation 2018-2027 (PICTTI)<\/strong><\/span><\/div><div class=\"accordion-body\"><div class=\"accordion-content\">\n<p>High Level Committee, Dr. Giselle Tamayo<\/p>\n\n\n\n<p>Technical Committee, M.Sc. Dayana Mora&nbsp;<\/p>\n\n\n\n<p>Renewed in August, 2022<\/p>\n\n\n\n<p>The Ministry of Science, Innovation, Technology and Telecommunications (Micitt) together with allied institutions and organizations seek to promote gender equality in training, employment and the enjoyment of the products of science, technology, telecommunications and innovation<\/p>\n<\/div><\/div><\/div>\n<\/div><\/div>\n\n\n\n<div class=\"guten-element guten-accordions-wrapper\"><div class=\"guten-accordions guten-puGO5e\">\n<div class=\"accordion-item guten-qt1enR\"><div class=\"accordion-heading\"><div class=\"accordion-icon\"><span class=\"accordion-icon-open\"><i class=\"fas fa-minus\"><\/i><\/span><span class=\"accordion-icon-closed\"><i class=\"fas fa-plus\"><\/i><\/span><\/div><span class=\"accordion-text\"><strong>National Policy on Knowledge-Based Society and Economy (PNSEBC)<\/strong><\/span><\/div><div class=\"accordion-body\"><div class=\"accordion-content\">\n<p>Dr. Julio Calvo Alvarado.<\/p>\n\n\n\n<p>Created in 2021<\/p>\n\n\n\n<p>The National Policy on Knowledge-Based Society and Economy (PNSEBC) seeks, through a participatory and consensual construction with actors from civil society, the private sector and academia, to articulate the country's efforts in a long-term vision, with respect to scientific-technological progress, as well as its economic, social and environmental impact.<\/p>\n\n\n\n<p>The PNSEBC is built on five strategic axes, which are binding for the development of our country: Knowledge generation, Human talent, Transformative innovation, Digital government and Digital transformation; actions must be articulated around these axes that allow all people access to the scientific and technological advances of the country, through solid innovation processes and taking advantage of the use of telecommunications networks by reducing the digital divide.<\/p>\n\n\n\n<p>This policy is based on the possibilities offered by scientific and technological development.<\/p>\n\n\n\n<p>to improve productivity through human talent capable of implementing innovation and boosting competitiveness.<\/p>\n\n\n\n<p>This is how this policy guides the actions necessary for scientific-technological development and telecommunications to contribute to the country from a comprehensive perspective, and with a<\/p>\n\n\n\n<p>shared vision with society, for sustainable development of the territory, economic growth, social mobility and inclusion.<\/p>\n<\/div><\/div><\/div>\n<\/div><\/div>\n\n\n\n<div class=\"guten-element guten-accordions-wrapper\"><div class=\"guten-accordions guten-jzLDiM\">\n<div class=\"accordion-item guten-P5YMG9\"><div class=\"accordion-heading\"><div class=\"accordion-icon\"><span class=\"accordion-icon-open\"><i class=\"fas fa-minus\"><\/i><\/span><span class=\"accordion-icon-closed\"><i class=\"fas fa-plus\"><\/i><\/span><\/div><span class=\"accordion-text\"><strong>Committee for the Management, Conservation and Recovery Area of \u200b\u200bSoils of the Coto Colorado Basin<\/strong><\/span><\/div><div class=\"accordion-body\"><div class=\"accordion-content\">\n<p>Representative: Eng. David Chac\u00f3n Robles (ANC-134-2023)<\/p>\n\n\n\n<p>As of April 29, 2020, with the publication of Executive Decree No. 35216-MINAE-MAG, entitled \"Establishment of the National Soil Management and Conservation Plan for Agroecological Use Lands in Costa Rica\" and Repeal of Articles 1, 2 and 3 of Executive Decree No. 35216- MINAET-MAG, \"Officialization of the National Action Program to Combat Land Degradation in Costa Rica and Modification of the Executive Decree Creating the Advisory Commission on Land Degradation-CADETI\". This Decree corrects the instrumental limitation of the Soils Law 7779, regarding the need to have a National Soil Plan prior to the formation of the Area Committees.<\/p>\n<\/div><\/div><\/div>\n\n\n\n<div class=\"accordion-item guten-4IJj7K active\"><div class=\"accordion-heading\"><div class=\"accordion-icon\"><span class=\"accordion-icon-open\"><i class=\"fas fa-minus\"><\/i><\/span><span class=\"accordion-icon-closed\"><i class=\"fas fa-plus\"><\/i><\/span><\/div><span class=\"accordion-text\"><strong>Comisi\u00f3n Institucional en Materia de Discapacidad CIMAD- CONAPDIS<\/strong><\/span><\/div><div class=\"accordion-body\"><div class=\"accordion-content\">\n<p>Representante de la ANC: MSc. Dayana&nbsp;Mora&nbsp;Sol\u00f3rzano.<\/p>\n<\/div><\/div><\/div>\n<\/div><\/div>\n\n\n\n<div style=\"height:25px\" aria-hidden=\"true\" class=\"wp-block-spacer\"><\/div>\n\n\n\n<hr class=\"wp-block-separator has-alpha-channel-opacity\"\/>\n\n\n\n<div style=\"height:0px\" aria-hidden=\"true\" class=\"wp-block-spacer\"><\/div>\n\n\n\n<h3 class=\"wp-block-heading has-text-align-center\"><strong>Commissions and Working Groups established in accordance with the Strategic Plan 2023-2027 of the National Academy of Sciences:<\/strong><\/h3>\n\n\n\n<div style=\"height:25px\" aria-hidden=\"true\" class=\"wp-block-spacer\"><\/div>\n\n\n\n<div class=\"guten-element guten-accordions-wrapper\"><div class=\"guten-accordions guten-p9WfUP\">\n<div class=\"accordion-item guten-bA8bAm\"><div class=\"accordion-heading\"><div class=\"accordion-icon\"><span class=\"accordion-icon-open\"><i class=\"fas fa-minus\"><\/i><\/span><span class=\"accordion-icon-closed\"><i class=\"fas fa-plus\"><\/i><\/span><\/div><span class=\"accordion-text\"><strong>Bioethics and Human Rights Commission<\/strong><\/span><\/div><div class=\"accordion-body\"><div class=\"accordion-content\">\n<p>Pedro Leon- Coordinator<\/p>\n\n\n\n<p>MaryJane West-Eberhard<\/p>\n\n\n\n<p>Jorge Marino Protti<\/p>\n\n\n\n<p>Ramiro Barrantes<\/p>\n\n\n\n<p>Walter Fern\u00e1ndez<\/p>\n\n\n\n<p>Mar\u00eda Luisa \u00c1vila Ag\u00fcero<\/p>\n<\/div><\/div><\/div>\n<\/div><\/div>\n\n\n\n<div class=\"guten-element guten-accordions-wrapper\"><div class=\"guten-accordions guten-aQnHbl\">\n<div class=\"accordion-item guten-boGp0V\"><div class=\"accordion-heading\"><div class=\"accordion-icon\"><span class=\"accordion-icon-open\"><i class=\"fas fa-minus\"><\/i><\/span><span class=\"accordion-icon-closed\"><i class=\"fas fa-plus\"><\/i><\/span><\/div><span class=\"accordion-text\"><strong>Communications Commission<\/strong><\/span><\/div><div class=\"accordion-body\"><div class=\"accordion-content\">\n<p>Julio C. Calvo Alvarado- Coordinator<\/p>\n\n\n\n<p>Eugenia Mar\u00eda Flores Vindas<\/p>\n\n\n\n<p>Guillermo&nbsp; E. Alvarado Induni<\/p>\n\n\n\n<p>Jorge Cort\u00e9s<\/p>\n\n\n\n<p>Walter Fern\u00e1ndez<\/p>\n<\/div><\/div><\/div>\n<\/div><\/div>\n\n\n\n<div class=\"guten-element guten-accordions-wrapper\"><div class=\"guten-accordions guten-Igc2YM\">\n<div class=\"accordion-item guten-Ayj3wY\"><div class=\"accordion-heading\"><div class=\"accordion-icon\"><span class=\"accordion-icon-open\"><i class=\"fas fa-minus\"><\/i><\/span><span class=\"accordion-icon-closed\"><i class=\"fas fa-plus\"><\/i><\/span><\/div><span class=\"accordion-text\"><strong>Gender Commission<\/strong><\/span><\/div><div class=\"accordion-body\"><div class=\"accordion-content\">\n<p>Henriette Ravent\u00f3s- Coordinadora<\/p>\n\n\n\n<p>Marino Protti<\/p>\n\n\n\n<p>Priscila Chaverri<\/p>\n\n\n\n<p>Rolando Herrero Acosta<\/p>\n\n\n\n<p>Sandra Cauffman<\/p>\n\n\n\n<p>Marta Torres<\/p>\n<\/div><\/div><\/div>\n<\/div><\/div>\n\n\n\n<div class=\"guten-element guten-accordions-wrapper\"><div class=\"guten-accordions guten-fkZutD\">\n<div class=\"accordion-item guten-lSzJ1s\"><div class=\"accordion-heading\"><div class=\"accordion-icon\"><span class=\"accordion-icon-open\"><i class=\"fas fa-minus\"><\/i><\/span><span class=\"accordion-icon-closed\"><i class=\"fas fa-plus\"><\/i><\/span><\/div><span class=\"accordion-text\"><strong>Membership Commission&nbsp;<\/strong><\/span><\/div><div class=\"accordion-body\"><div class=\"accordion-content\">\n<p>Giselle Tamayo- Coordinator<\/p>\n\n\n\n<p>Jorge Cort\u00e9s<\/p>\n\n\n\n<p>Mar\u00eda Laura Arias Echandi<\/p>\n\n\n\n<p>Marino Protti<\/p>\n\n\n\n<p>Mary Jane West- Eberhard<\/p>\n\n\n\n<p>Pedro Le\u00f3n<\/p>\n\n\n\n<p>Ricardo Estrada<\/p>\n<\/div><\/div><\/div>\n<\/div><\/div>\n\n\n\n<div class=\"guten-element guten-accordions-wrapper\"><div class=\"guten-accordions guten-sxRK8r\">\n<div class=\"accordion-item guten-J55RVC\"><div class=\"accordion-heading\"><div class=\"accordion-icon\"><span class=\"accordion-icon-open\"><i class=\"fas fa-minus\"><\/i><\/span><span class=\"accordion-icon-closed\"><i class=\"fas fa-plus\"><\/i><\/span><\/div><span class=\"accordion-text\"><strong>Global Change Discussion Group<\/strong><\/span><\/div><div class=\"accordion-body\"><div class=\"accordion-content\">\n<p>Hugo Hidalgo- Coordinator<\/p>\n\n\n\n<p>Jorge Amador<\/p>\n\n\n\n<p>Luko Hilje<\/p>\n\n\n\n<p>Odalisca Breedy<\/p>\n\n\n\n<p>Sandra Cauffman<\/p>\n\n\n\n<p>Walter Fern\u00e1ndez<\/p>\n\n\n\n<p>Jos\u00e9 Gracia<\/p>\n<\/div><\/div><\/div>\n<\/div><\/div>\n\n\n\n<div class=\"guten-element guten-accordions-wrapper\"><div class=\"guten-accordions guten-jbSbkk\">\n<div class=\"accordion-item guten-TxlmBQ\"><div class=\"accordion-heading\"><div class=\"accordion-icon\"><span class=\"accordion-icon-open\"><i class=\"fas fa-minus\"><\/i><\/span><span class=\"accordion-icon-closed\"><i class=\"fas fa-plus\"><\/i><\/span><\/div><span class=\"accordion-text\"><strong>Education Discussion Group&nbsp;<\/strong><\/span><\/div><div class=\"accordion-body\"><div class=\"accordion-content\">\n<p>Gabriel Macaya- Coordinator<\/p>\n\n\n\n<p>Eugenia Mar\u00eda Flores Vindas<\/p>\n\n\n\n<p>Paul Eliot Hanson Snortum<\/p>\n\n\n\n<p>Ramiro Barrantes<\/p>\n\n\n\n<p>Walter Fern\u00e1ndez<\/p>\n\n\n\n<p>Marta Torres Losilla<\/p>\n\n\n\n<p>William Eberahard<\/p>\n\n\n\n<p>Max Chavarr\u00eda<\/p>\n<\/div><\/div><\/div>\n<\/div><\/div>\n\n\n\n<div class=\"guten-element guten-accordions-wrapper\"><div class=\"guten-accordions guten-kK0X7Z\">\n<div class=\"accordion-item guten-08Ovsp\"><div class=\"accordion-heading\"><div class=\"accordion-icon\"><span class=\"accordion-icon-open\"><i class=\"fas fa-minus\"><\/i><\/span><span class=\"accordion-icon-closed\"><i class=\"fas fa-plus\"><\/i><\/span><\/div><span class=\"accordion-text\"><strong>Financing Discussion Group<\/strong><\/span><\/div><div class=\"accordion-body\"><div class=\"accordion-content\">\n<p>Julio C. Calvo Alvarado- Coordinator<br>Bruno Lomonte<br>Giselle Tamayo<\/p>\n\n\n\n<p>Roger Moya<\/p>\n<\/div><\/div><\/div>\n<\/div><\/div>\n\n\n\n<div class=\"guten-element guten-accordions-wrapper\"><div class=\"guten-accordions guten-eyK26E\">\n<div class=\"accordion-item guten-WbKeFI\"><div class=\"accordion-heading\"><div class=\"accordion-icon\"><span class=\"accordion-icon-open\"><i class=\"fas fa-minus\"><\/i><\/span><span class=\"accordion-icon-closed\"><i class=\"fas fa-plus\"><\/i><\/span><\/div><span class=\"accordion-text\"><strong>Global Health Discussion Group<\/strong><\/span><\/div><div class=\"accordion-body\"><div class=\"accordion-content\">\n<p>Jose Maria Gutierrez- Coordinator<\/p>\n\n\n\n<p>Catharina (Ineke) Wesseling<\/p>\n\n\n\n<p>Edgardo Moreno<\/p>\n\n\n\n<p>Henriette Ravent\u00f3s<\/p>\n\n\n\n<p>Berendina (Berna) van Wendel De Joode<\/p>\n\n\n\n<p>Rolando Herrero<\/p>\n\n\n\n<p>Mar\u00eda Luisa \u00c1vila Ag\u00fcero<\/p>\n\n\n\n<div\n    class='wp-block-pdfp-pdf-poster  alignnone'\n    id='block-1'\n    data-attributes='{&quot;file&quot;:&quot;https:\\\/\\\/www.anc.cr\\\/wp-content\\\/uploads\\\/2025\\\/02\\\/Pronunciamiento-de-la-Comision-de-Salud-Global-de-la-Academia-Nacional-de-Ciencias.pdf&quot;,&quot;btnStyles&quot;:{&quot;background&quot;:&quot;#2271b1&quot;,&quot;color&quot;:&quot;#fff&quot;,&quot;fontSize&quot;:&quot;16px&quot;,&quot;padding&quot;:{&quot;top&quot;:10,&quot;right&quot;:20,&quot;bottom&quot;:10,&quot;left&quot;:10}},&quot;align&quot;:&quot;none&quot;,&quot;alignment&quot;:&quot;left&quot;,&quot;title&quot;:&quot;&quot;,&quot;titleFontSize&quot;:&quot;16px&quot;,&quot;height&quot;:{&quot;desktop&quot;:&quot;840px&quot;,&quot;tablet&quot;:&quot;700px&quot;,&quot;mobile&quot;:&quot;400px&quot;},&quot;width&quot;:{&quot;desktop&quot;:&quot;100%&quot;,&quot;tablet&quot;:&quot;100%&quot;,&quot;mobile&quot;:&quot;100%&quot;},&quot;showName&quot;:false,&quot;print&quot;:false,&quot;onlyPDF&quot;:false,&quot;defaultBrowser&quot;:false,&quot;downloadButton&quot;:false,&quot;downloadButtonText&quot;:&quot;Download File&quot;,&quot;fullscreenButton&quot;:true,&quot;fullscreenButtonText&quot;:&quot;View Fullscreen&quot;,&quot;actionsPosition&quot;:&quot;top&quot;,&quot;newWindow&quot;:false,&quot;protect&quot;:false,&quot;thumbMenu&quot;:false,&quot;sidebarOpen&quot;:false,&quot;initialPage&quot;:0,&quot;alert&quot;:false,&quot;lastVersion&quot;:false,&quot;hrScroll&quot;:false,&quot;isHideRightToolbar&quot;:false,&quot;additional&quot;:{&quot;ID&quot;:&quot;&quot;,&quot;Class&quot;:&quot;&quot;,&quot;CSS&quot;:&quot;&quot;},&quot;adobeEmbedder&quot;:false,&quot;adobeOptions&quot;:{&quot;showDownloadPDF&quot;:true,&quot;showPrintPDF&quot;:true,&quot;showAnnotationTools&quot;:true,&quot;showFullScreen&quot;:false,&quot;embedMode&quot;:&quot;SIZED_CONTAINER&quot;},&quot;popupOptions&quot;:{&quot;enabled&quot;:false,&quot;triggerType&quot;:&quot;button&quot;,&quot;image&quot;:&quot;&quot;,&quot;imagePdfIcon&quot;:true,&quot;imageHeight&quot;:&quot;200px&quot;,&quot;imageWidth&quot;:&quot;300px&quot;,&quot;text&quot;:&quot;Open PDF&quot;,&quot;btnStyle&quot;:{&quot;background&quot;:&quot;#2271b1&quot;,&quot;color&quot;:&quot;#fff&quot;,&quot;fontSize&quot;:&quot;16px&quot;,&quot;padding&quot;:{&quot;top&quot;:10,&quot;right&quot;:20,&quot;bottom&quot;:10,&quot;left&quot;:10}}},&quot;popupBtnStyle&quot;:{&quot;background&quot;:&quot;#2271b1&quot;,&quot;color&quot;:&quot;#fff&quot;,&quot;padding&quot;:{&quot;top&quot;:10,&quot;right&quot;:20,&quot;bottom&quot;:10,&quot;left&quot;:10}},&quot;popupBtnText&quot;:&quot;Open Document&quot;,&quot;CSS&quot;:&quot;&quot;,&quot;socialShare&quot;:{&quot;enabled&quot;:false,&quot;facebook&quot;:true,&quot;twitter&quot;:true,&quot;linkedin&quot;:true,&quot;pinterest&quot;:true,&quot;position&quot;:&quot;top&quot;},&quot;TrpContentRestriction&quot;:{&quot;restriction_type&quot;:&quot;exclude&quot;,&quot;selected_languages&quot;:[],&quot;panel_open&quot;:true},&quot;isPremium&quot;:false}'\n    style=\"text-align: left\">\n    \n        <iframe title=\"\" style=\"border:0;\" width=\"100%\" height=\"800px\" class=\"pdfp_unsupported_frame\" src=\"\/\/docs.google.com\/gview?embedded=true&#038;url=https:\/\/www.anc.cr\/wp-content\/uploads\/2025\/02\/Pronunciamiento-de-la-Comision-de-Salud-Global-de-la-Academia-Nacional-de-Ciencias.pdf\"><\/iframe>\n\n    <\/div>\n\n\n\n<div\n    class='wp-block-pdfp-pdf-poster  alignnone'\n    id='block-2'\n    data-attributes='{&quot;file&quot;:&quot;https:\\\/\\\/www.anc.cr\\\/wp-content\\\/uploads\\\/2024\\\/10\\\/Pronunciamiento-Academia-de-Ciencias-sobre-plaguicidas-.pdf&quot;,&quot;btnStyles&quot;:{&quot;background&quot;:&quot;#2271b1&quot;,&quot;color&quot;:&quot;#fff&quot;,&quot;fontSize&quot;:&quot;16px&quot;,&quot;padding&quot;:{&quot;top&quot;:10,&quot;right&quot;:20,&quot;bottom&quot;:10,&quot;left&quot;:10}},&quot;adobeOptions&quot;:{&quot;showDownloadPDF&quot;:true,&quot;showPrintPDF&quot;:true,&quot;showAnnotationTools&quot;:true,&quot;showFullScreen&quot;:false,&quot;embedMode&quot;:&quot;SIZED_CONTAINER&quot;,&quot;updated&quot;:true},&quot;CSS&quot;:&quot;.pdfpee1eff98btn {background: #2271b1; color: #fff; padding: 10px 20px 10px 10px}&quot;,&quot;align&quot;:&quot;none&quot;,&quot;alignment&quot;:&quot;left&quot;,&quot;title&quot;:&quot;&quot;,&quot;titleFontSize&quot;:&quot;16px&quot;,&quot;height&quot;:{&quot;desktop&quot;:&quot;840px&quot;,&quot;tablet&quot;:&quot;700px&quot;,&quot;mobile&quot;:&quot;400px&quot;},&quot;width&quot;:{&quot;desktop&quot;:&quot;100%&quot;,&quot;tablet&quot;:&quot;100%&quot;,&quot;mobile&quot;:&quot;100%&quot;},&quot;showName&quot;:false,&quot;print&quot;:false,&quot;onlyPDF&quot;:false,&quot;defaultBrowser&quot;:false,&quot;downloadButton&quot;:false,&quot;downloadButtonText&quot;:&quot;Download File&quot;,&quot;fullscreenButton&quot;:true,&quot;fullscreenButtonText&quot;:&quot;View Fullscreen&quot;,&quot;actionsPosition&quot;:&quot;top&quot;,&quot;newWindow&quot;:false,&quot;protect&quot;:false,&quot;thumbMenu&quot;:false,&quot;sidebarOpen&quot;:false,&quot;initialPage&quot;:0,&quot;alert&quot;:false,&quot;lastVersion&quot;:false,&quot;hrScroll&quot;:false,&quot;isHideRightToolbar&quot;:false,&quot;additional&quot;:{&quot;ID&quot;:&quot;&quot;,&quot;Class&quot;:&quot;&quot;,&quot;CSS&quot;:&quot;&quot;},&quot;adobeEmbedder&quot;:false,&quot;popupOptions&quot;:{&quot;enabled&quot;:false,&quot;triggerType&quot;:&quot;button&quot;,&quot;image&quot;:&quot;&quot;,&quot;imagePdfIcon&quot;:true,&quot;imageHeight&quot;:&quot;200px&quot;,&quot;imageWidth&quot;:&quot;300px&quot;,&quot;text&quot;:&quot;Open PDF&quot;,&quot;btnStyle&quot;:{&quot;background&quot;:&quot;#2271b1&quot;,&quot;color&quot;:&quot;#fff&quot;,&quot;fontSize&quot;:&quot;16px&quot;,&quot;padding&quot;:{&quot;top&quot;:10,&quot;right&quot;:20,&quot;bottom&quot;:10,&quot;left&quot;:10}}},&quot;popupBtnStyle&quot;:{&quot;background&quot;:&quot;#2271b1&quot;,&quot;color&quot;:&quot;#fff&quot;,&quot;padding&quot;:{&quot;top&quot;:10,&quot;right&quot;:20,&quot;bottom&quot;:10,&quot;left&quot;:10}},&quot;popupBtnText&quot;:&quot;Open Document&quot;,&quot;socialShare&quot;:{&quot;enabled&quot;:false,&quot;facebook&quot;:true,&quot;twitter&quot;:true,&quot;linkedin&quot;:true,&quot;pinterest&quot;:true,&quot;position&quot;:&quot;top&quot;},&quot;TrpContentRestriction&quot;:{&quot;restriction_type&quot;:&quot;exclude&quot;,&quot;selected_languages&quot;:[],&quot;panel_open&quot;:true},&quot;isPremium&quot;:false}'\n    style=\"text-align: left\">\n    \n        <iframe title=\"\" style=\"border:0;\" width=\"100%\" height=\"800px\" class=\"pdfp_unsupported_frame\" src=\"\/\/docs.google.com\/gview?embedded=true&#038;url=https:\/\/www.anc.cr\/wp-content\/uploads\/2024\/10\/Pronunciamiento-Academia-de-Ciencias-sobre-plaguicidas-.pdf\"><\/iframe>\n\n    <\/div>\n\n\n\n<div\n    class='wp-block-pdfp-pdf-poster  alignnone'\n    id='block-3'\n    data-attributes='{&quot;file&quot;:&quot;https:\\\/\\\/www.anc.cr\\\/wp-content\\\/uploads\\\/2024\\\/09\\\/Pronunciamiento-sobre-el-tema-de-la-Enfermedad-Renal-Cronica-de-Origen-no-Tradicional-ERCnt-1-1.pdf&quot;,&quot;btnStyles&quot;:{&quot;background&quot;:&quot;#2271b1&quot;,&quot;color&quot;:&quot;#fff&quot;,&quot;fontSize&quot;:&quot;16px&quot;,&quot;padding&quot;:{&quot;top&quot;:10,&quot;right&quot;:20,&quot;bottom&quot;:10,&quot;left&quot;:10}},&quot;adobeOptions&quot;:{&quot;showDownloadPDF&quot;:true,&quot;showPrintPDF&quot;:true,&quot;showAnnotationTools&quot;:true,&quot;showFullScreen&quot;:false,&quot;embedMode&quot;:&quot;SIZED_CONTAINER&quot;,&quot;updated&quot;:true},&quot;CSS&quot;:&quot;.pdfp85497431btn {background: #2271b1; color: #fff; padding: 10px 20px 10px 10px}&quot;,&quot;align&quot;:&quot;none&quot;,&quot;alignment&quot;:&quot;left&quot;,&quot;title&quot;:&quot;&quot;,&quot;titleFontSize&quot;:&quot;16px&quot;,&quot;height&quot;:{&quot;desktop&quot;:&quot;840px&quot;,&quot;tablet&quot;:&quot;700px&quot;,&quot;mobile&quot;:&quot;400px&quot;},&quot;width&quot;:{&quot;desktop&quot;:&quot;100%&quot;,&quot;tablet&quot;:&quot;100%&quot;,&quot;mobile&quot;:&quot;100%&quot;},&quot;showName&quot;:false,&quot;print&quot;:false,&quot;onlyPDF&quot;:false,&quot;defaultBrowser&quot;:false,&quot;downloadButton&quot;:false,&quot;downloadButtonText&quot;:&quot;Download File&quot;,&quot;fullscreenButton&quot;:true,&quot;fullscreenButtonText&quot;:&quot;View Fullscreen&quot;,&quot;actionsPosition&quot;:&quot;top&quot;,&quot;newWindow&quot;:false,&quot;protect&quot;:false,&quot;thumbMenu&quot;:false,&quot;sidebarOpen&quot;:false,&quot;initialPage&quot;:0,&quot;alert&quot;:false,&quot;lastVersion&quot;:false,&quot;hrScroll&quot;:false,&quot;isHideRightToolbar&quot;:false,&quot;additional&quot;:{&quot;ID&quot;:&quot;&quot;,&quot;Class&quot;:&quot;&quot;,&quot;CSS&quot;:&quot;&quot;},&quot;adobeEmbedder&quot;:false,&quot;popupOptions&quot;:{&quot;enabled&quot;:false,&quot;triggerType&quot;:&quot;button&quot;,&quot;image&quot;:&quot;&quot;,&quot;imagePdfIcon&quot;:true,&quot;imageHeight&quot;:&quot;200px&quot;,&quot;imageWidth&quot;:&quot;300px&quot;,&quot;text&quot;:&quot;Open PDF&quot;,&quot;btnStyle&quot;:{&quot;background&quot;:&quot;#2271b1&quot;,&quot;color&quot;:&quot;#fff&quot;,&quot;fontSize&quot;:&quot;16px&quot;,&quot;padding&quot;:{&quot;top&quot;:10,&quot;right&quot;:20,&quot;bottom&quot;:10,&quot;left&quot;:10}}},&quot;popupBtnStyle&quot;:{&quot;background&quot;:&quot;#2271b1&quot;,&quot;color&quot;:&quot;#fff&quot;,&quot;padding&quot;:{&quot;top&quot;:10,&quot;right&quot;:20,&quot;bottom&quot;:10,&quot;left&quot;:10}},&quot;popupBtnText&quot;:&quot;Open Document&quot;,&quot;socialShare&quot;:{&quot;enabled&quot;:false,&quot;facebook&quot;:true,&quot;twitter&quot;:true,&quot;linkedin&quot;:true,&quot;pinterest&quot;:true,&quot;position&quot;:&quot;top&quot;},&quot;TrpContentRestriction&quot;:{&quot;restriction_type&quot;:&quot;exclude&quot;,&quot;selected_languages&quot;:[],&quot;panel_open&quot;:true},&quot;isPremium&quot;:false}'\n    style=\"text-align: left\">\n    \n        <iframe title=\"\" style=\"border:0;\" width=\"100%\" height=\"800px\" class=\"pdfp_unsupported_frame\" src=\"\/\/docs.google.com\/gview?embedded=true&#038;url=https:\/\/www.anc.cr\/wp-content\/uploads\/2024\/09\/Pronunciamiento-sobre-el-tema-de-la-Enfermedad-Renal-Cronica-de-Origen-no-Tradicional-ERCnt-1-1.pdf\"><\/iframe>\n\n    <\/div>\n<\/div><\/div><\/div>\n<\/div><\/div>\n\n\n\n<div style=\"height:25px\" aria-hidden=\"true\" class=\"wp-block-spacer\"><\/div>","protected":false},"excerpt":{"rendered":"<p>Organismos Internacionales, Comisiones y Grupos de Trabajo Se participa activamente en comisiones donde la Academia Nacional de Ciencias tiene representaci\u00f3n. Actualmente se trabaja en comisiones catalogadas como: Representaciones de la Academia en Organizaciones Internacionales: Comisiones Gubernamentales: Comisiones y Grupos de Trabajo establecidos de acuerdo al Plan Estrat\u00e9gico 2023-2027 de la Academia Nacional de Ciencias:<\/p>","protected":false},"author":1,"featured_media":1463,"parent":0,"menu_order":0,"comment_status":"closed","ping_status":"closed","template":"","meta":{"footnotes":""},"class_list":["post-269","page","type-page","status-publish","has-post-thumbnail","hentry"],"yoast_head":"<!-- This site is optimized with the Yoast SEO plugin v27.3 - https:\/\/yoast.com\/product\/yoast-seo-wordpress\/ -->\n<title>Organismos Internacionales, Comisiones y Grupos de Trabajo - ANC<\/title>\n<meta name=\"robots\" content=\"index, follow, max-snippet:-1, max-image-preview:large, max-video-preview:-1\" \/>\n<link rel=\"canonical\" href=\"https:\/\/www.anc.cr\/en\/comisiones\/\" \/>\n<meta property=\"og:locale\" content=\"en_US\" \/>\n<meta property=\"og:type\" content=\"article\" \/>\n<meta property=\"og:title\" content=\"Organismos Internacionales, Comisiones y Grupos de Trabajo - ANC\" \/>\n<meta property=\"og:description\" content=\"Organismos Internacionales, Comisiones y Grupos de Trabajo Se participa activamente en comisiones donde la Academia Nacional de Ciencias tiene representaci\u00f3n. Actualmente se trabaja en comisiones catalogadas como: Representaciones de la Academia en Organizaciones Internacionales: Comisiones Gubernamentales: Comisiones y Grupos de Trabajo establecidos de acuerdo al Plan Estrat\u00e9gico 2023-2027 de la Academia Nacional de Ciencias:\" \/>\n<meta property=\"og:url\" content=\"https:\/\/www.anc.cr\/en\/comisiones\/\" \/>\n<meta property=\"og:site_name\" content=\"ANC\" \/>\n<meta property=\"article:modified_time\" content=\"2026-01-15T20:22:47+00:00\" \/>\n<meta property=\"og:image\" content=\"https:\/\/www.anc.cr\/wp-content\/uploads\/2024\/07\/logo_ANC_final.png\" \/>\n\t<meta property=\"og:image:width\" content=\"651\" \/>\n\t<meta property=\"og:image:height\" content=\"342\" \/>\n\t<meta property=\"og:image:type\" content=\"image\/png\" \/>\n<meta name=\"twitter:card\" content=\"summary_large_image\" \/>\n<meta name=\"twitter:label1\" content=\"Est. reading time\" \/>\n\t<meta name=\"twitter:data1\" content=\"9 minutes\" \/>\n<script type=\"application\/ld+json\" class=\"yoast-schema-graph\">{\"@context\":\"https:\\\/\\\/schema.org\",\"@graph\":[{\"@type\":\"WebPage\",\"@id\":\"https:\\\/\\\/www.anc.cr\\\/comisiones\\\/\",\"url\":\"https:\\\/\\\/www.anc.cr\\\/comisiones\\\/\",\"name\":\"Organismos Internacionales, Comisiones y Grupos de Trabajo - ANC\",\"isPartOf\":{\"@id\":\"https:\\\/\\\/www.anc.cr\\\/#website\"},\"primaryImageOfPage\":{\"@id\":\"https:\\\/\\\/www.anc.cr\\\/comisiones\\\/#primaryimage\"},\"image\":{\"@id\":\"https:\\\/\\\/www.anc.cr\\\/comisiones\\\/#primaryimage\"},\"thumbnailUrl\":\"https:\\\/\\\/www.anc.cr\\\/wp-content\\\/uploads\\\/2024\\\/07\\\/logo_ANC_final.png\",\"datePublished\":\"2024-05-19T06:22:54+00:00\",\"dateModified\":\"2026-01-15T20:22:47+00:00\",\"breadcrumb\":{\"@id\":\"https:\\\/\\\/www.anc.cr\\\/comisiones\\\/#breadcrumb\"},\"inLanguage\":\"en-US\",\"potentialAction\":[{\"@type\":\"ReadAction\",\"target\":[\"https:\\\/\\\/www.anc.cr\\\/comisiones\\\/\"]}]},{\"@type\":\"ImageObject\",\"inLanguage\":\"en-US\",\"@id\":\"https:\\\/\\\/www.anc.cr\\\/comisiones\\\/#primaryimage\",\"url\":\"https:\\\/\\\/www.anc.cr\\\/wp-content\\\/uploads\\\/2024\\\/07\\\/logo_ANC_final.png\",\"contentUrl\":\"https:\\\/\\\/www.anc.cr\\\/wp-content\\\/uploads\\\/2024\\\/07\\\/logo_ANC_final.png\",\"width\":651,\"height\":342},{\"@type\":\"BreadcrumbList\",\"@id\":\"https:\\\/\\\/www.anc.cr\\\/comisiones\\\/#breadcrumb\",\"itemListElement\":[{\"@type\":\"ListItem\",\"position\":1,\"name\":\"Portada\",\"item\":\"https:\\\/\\\/www.anc.cr\\\/\"},{\"@type\":\"ListItem\",\"position\":2,\"name\":\"Organismos Internacionales, Comisiones y Grupos de Trabajo\"}]},{\"@type\":\"WebSite\",\"@id\":\"https:\\\/\\\/www.anc.cr\\\/#website\",\"url\":\"https:\\\/\\\/www.anc.cr\\\/\",\"name\":\"ANC\",\"description\":\"Academia Nacional de Ciencias\",\"publisher\":{\"@id\":\"https:\\\/\\\/www.anc.cr\\\/#organization\"},\"potentialAction\":[{\"@type\":\"SearchAction\",\"target\":{\"@type\":\"EntryPoint\",\"urlTemplate\":\"https:\\\/\\\/www.anc.cr\\\/?s={search_term_string}\"},\"query-input\":{\"@type\":\"PropertyValueSpecification\",\"valueRequired\":true,\"valueName\":\"search_term_string\"}}],\"inLanguage\":\"en-US\"},{\"@type\":\"Organization\",\"@id\":\"https:\\\/\\\/www.anc.cr\\\/#organization\",\"name\":\"ANC\",\"url\":\"https:\\\/\\\/www.anc.cr\\\/\",\"logo\":{\"@type\":\"ImageObject\",\"inLanguage\":\"en-US\",\"@id\":\"https:\\\/\\\/www.anc.cr\\\/#\\\/schema\\\/logo\\\/image\\\/\",\"url\":\"https:\\\/\\\/www.anc.cr\\\/wp-content\\\/uploads\\\/2024\\\/07\\\/Logo-ANC-CR.png\",\"contentUrl\":\"https:\\\/\\\/www.anc.cr\\\/wp-content\\\/uploads\\\/2024\\\/07\\\/Logo-ANC-CR.png\",\"width\":1051,\"height\":593,\"caption\":\"ANC\"},\"image\":{\"@id\":\"https:\\\/\\\/www.anc.cr\\\/#\\\/schema\\\/logo\\\/image\\\/\"}}]}<\/script>\n<!-- \/ Yoast SEO plugin. -->","yoast_head_json":{"title":"Organismos Internacionales, Comisiones y Grupos de Trabajo - ANC","robots":{"index":"index","follow":"follow","max-snippet":"max-snippet:-1","max-image-preview":"max-image-preview:large","max-video-preview":"max-video-preview:-1"},"canonical":"https:\/\/www.anc.cr\/en\/comisiones\/","og_locale":"en_US","og_type":"article","og_title":"Organismos Internacionales, Comisiones y Grupos de Trabajo - ANC","og_description":"Organismos Internacionales, Comisiones y Grupos de Trabajo Se participa activamente en comisiones donde la Academia Nacional de Ciencias tiene representaci\u00f3n. Actualmente se trabaja en comisiones catalogadas como: Representaciones de la Academia en Organizaciones Internacionales: Comisiones Gubernamentales: Comisiones y Grupos de Trabajo establecidos de acuerdo al Plan Estrat\u00e9gico 2023-2027 de la Academia Nacional de Ciencias:","og_url":"https:\/\/www.anc.cr\/en\/comisiones\/","og_site_name":"ANC","article_modified_time":"2026-01-15T20:22:47+00:00","og_image":[{"width":651,"height":342,"url":"https:\/\/www.anc.cr\/wp-content\/uploads\/2024\/07\/logo_ANC_final.png","type":"image\/png"}],"twitter_card":"summary_large_image","twitter_misc":{"Est. reading time":"9 minutes"},"schema":{"@context":"https:\/\/schema.org","@graph":[{"@type":"WebPage","@id":"https:\/\/www.anc.cr\/comisiones\/","url":"https:\/\/www.anc.cr\/comisiones\/","name":"Organismos Internacionales, Comisiones y Grupos de Trabajo - ANC","isPartOf":{"@id":"https:\/\/www.anc.cr\/#website"},"primaryImageOfPage":{"@id":"https:\/\/www.anc.cr\/comisiones\/#primaryimage"},"image":{"@id":"https:\/\/www.anc.cr\/comisiones\/#primaryimage"},"thumbnailUrl":"https:\/\/www.anc.cr\/wp-content\/uploads\/2024\/07\/logo_ANC_final.png","datePublished":"2024-05-19T06:22:54+00:00","dateModified":"2026-01-15T20:22:47+00:00","breadcrumb":{"@id":"https:\/\/www.anc.cr\/comisiones\/#breadcrumb"},"inLanguage":"en-US","potentialAction":[{"@type":"ReadAction","target":["https:\/\/www.anc.cr\/comisiones\/"]}]},{"@type":"ImageObject","inLanguage":"en-US","@id":"https:\/\/www.anc.cr\/comisiones\/#primaryimage","url":"https:\/\/www.anc.cr\/wp-content\/uploads\/2024\/07\/logo_ANC_final.png","contentUrl":"https:\/\/www.anc.cr\/wp-content\/uploads\/2024\/07\/logo_ANC_final.png","width":651,"height":342},{"@type":"BreadcrumbList","@id":"https:\/\/www.anc.cr\/comisiones\/#breadcrumb","itemListElement":[{"@type":"ListItem","position":1,"name":"Portada","item":"https:\/\/www.anc.cr\/"},{"@type":"ListItem","position":2,"name":"Organismos Internacionales, Comisiones y Grupos de Trabajo"}]},{"@type":"WebSite","@id":"https:\/\/www.anc.cr\/#website","url":"https:\/\/www.anc.cr\/","name":"ANC","description":"Academia Nacional de Ciencias","publisher":{"@id":"https:\/\/www.anc.cr\/#organization"},"potentialAction":[{"@type":"SearchAction","target":{"@type":"EntryPoint","urlTemplate":"https:\/\/www.anc.cr\/?s={search_term_string}"},"query-input":{"@type":"PropertyValueSpecification","valueRequired":true,"valueName":"search_term_string"}}],"inLanguage":"en-US"},{"@type":"Organization","@id":"https:\/\/www.anc.cr\/#organization","name":"ANC","url":"https:\/\/www.anc.cr\/","logo":{"@type":"ImageObject","inLanguage":"en-US","@id":"https:\/\/www.anc.cr\/#\/schema\/logo\/image\/","url":"https:\/\/www.anc.cr\/wp-content\/uploads\/2024\/07\/Logo-ANC-CR.png","contentUrl":"https:\/\/www.anc.cr\/wp-content\/uploads\/2024\/07\/Logo-ANC-CR.png","width":1051,"height":593,"caption":"ANC"},"image":{"@id":"https:\/\/www.anc.cr\/#\/schema\/logo\/image\/"}}]}},"_links":{"self":[{"href":"https:\/\/www.anc.cr\/en\/wp-json\/wp\/v2\/pages\/269","targetHints":{"allow":["GET"]}}],"collection":[{"href":"https:\/\/www.anc.cr\/en\/wp-json\/wp\/v2\/pages"}],"about":[{"href":"https:\/\/www.anc.cr\/en\/wp-json\/wp\/v2\/types\/page"}],"author":[{"embeddable":true,"href":"https:\/\/www.anc.cr\/en\/wp-json\/wp\/v2\/users\/1"}],"replies":[{"embeddable":true,"href":"https:\/\/www.anc.cr\/en\/wp-json\/wp\/v2\/comments?post=269"}],"version-history":[{"count":24,"href":"https:\/\/www.anc.cr\/en\/wp-json\/wp\/v2\/pages\/269\/revisions"}],"predecessor-version":[{"id":2870,"href":"https:\/\/www.anc.cr\/en\/wp-json\/wp\/v2\/pages\/269\/revisions\/2870"}],"wp:featuredmedia":[{"embeddable":true,"href":"https:\/\/www.anc.cr\/en\/wp-json\/wp\/v2\/media\/1463"}],"wp:attachment":[{"href":"https:\/\/www.anc.cr\/en\/wp-json\/wp\/v2\/media?parent=269"}],"curies":[{"name":"wp","href":"https:\/\/api.w.org\/{rel}","templated":true}]}}