{"id":2332,"date":"2025-04-22T13:10:06","date_gmt":"2025-04-22T19:10:06","guid":{"rendered":"https:\/\/www.anc.cr\/?page_id=2332"},"modified":"2025-04-22T13:19:24","modified_gmt":"2025-04-22T19:19:24","slug":"walter-fernandez-rojas-3","status":"publish","type":"page","link":"https:\/\/www.anc.cr\/en\/walter-fernandez-rojas-3\/","title":{"rendered":"Walter Fern\u00e1ndez Rojas"},"content":{"rendered":"<p><\/p>\n\n\n\n<div class=\"wp-block-columns alignwide are-vertically-aligned-center is-layout-flex wp-container-core-columns-is-layout-47c06fe3 wp-block-columns-is-layout-flex\">\n<div class=\"wp-block-column is-vertically-aligned-center is-layout-flow wp-block-column-is-layout-flow\" style=\"flex-basis:50%\">\n<h3 class=\"wp-block-heading has-x-large-font-size\">Walter Fern\u00e1ndez Rojas<\/h3>\n\n\n\n<p>Presidente- Academia Nacional de Ciencias<\/p>\n\n\n\n<ul class=\"wp-block-list\">\n<li>Catedr\u00e1tico, Escuela de F\u00edsica, Universidad de Costa Rica, San Jos\u00e9, Costa Rica.<\/li>\n\n\n\n<li>Bachiller,\u00a0 F\u00edsica-Meteorolog\u00eda, Universidad de Costa Rica (1970).<\/li>\n\n\n\n<li>M.Sc., Meteorolog\u00eda, Saint Louis University, U.S.A. (1973).<\/li>\n\n\n\n<li>D.I.C., F\u00edsica (F\u00edsica Atmosf\u00e9rica), Imperial College of Science and Technology University of London, U.K. (1980).<\/li>\n\n\n\n<li>Ph.D., F\u00edsica (F\u00edsica Atmosf\u00e9rica), Imperial College of Science and Technology University of London, U.K. (1980).<\/li>\n<\/ul>\n<\/div>\n\n\n\n<div class=\"wp-block-column is-vertically-aligned-center is-layout-flow wp-block-column-is-layout-flow\" style=\"flex-basis:50%\">\n<figure class=\"wp-block-image aligncenter size-full is-resized is-style-rounded is-style-rounded--1\"><img decoding=\"async\" width=\"398\" height=\"383\" src=\"https:\/\/www.anc.cr\/wp-content\/uploads\/2024\/05\/m_walter-Fern-ndez2-1569969997.png\" alt=\"\" class=\"wp-image-319\" style=\"aspect-ratio:1;object-fit:cover;width:400px\" srcset=\"https:\/\/www.anc.cr\/wp-content\/uploads\/2024\/05\/m_walter-Fern-ndez2-1569969997.png 398w, https:\/\/www.anc.cr\/wp-content\/uploads\/2024\/05\/m_walter-Fern-ndez2-1569969997-300x289.png 300w\" sizes=\"(max-width: 398px) 100vw, 398px\" \/><\/figure>\n<\/div>\n<\/div>\n\n\n\n<p>Walter Fern\u00e1ndez es Presidente de la Academia Nacional de Ciencias, Costa Rica, y Profesor Em\u00e9rito (F\u00edsica Atmosf\u00e9rica y Espacial) de la Escuela de F\u00edsica e investigador del Centro de Investigaciones Espaciales de la Universidad de Costa Rica.<\/p>\n\n\n\n<p>Se gradu\u00f3 en F\u00edsica y Meteorolog\u00eda en la Universidad de Costa Rica, recibi\u00f3 el grado de M.Sc. en Meteorolog\u00eda en la Saint Louis University, Estados Unidos, el Diploma of Imperial College London en F\u00edsica y el grado de Ph.D. en F\u00edsica (F\u00edsica Atmosf\u00e9rica y Espacial) en el Imperial College London, University of London, Reino Unido. Sus principales campos de investigaci\u00f3n son los procesos f\u00edsicos y qu\u00edmicos que ocurren en las atm\u00f3sferas de la Tierra y otros planetas, con \u00e9nfasis en la estructura y din\u00e1mica de nubes y tormentas, aplicaciones de los sat\u00e9lites meteorol\u00f3gicos, variabilidad clim\u00e1tica y cambio global y atm\u00f3sferas planetarias.<\/p>\n\n\n\n<p>Es miembro de PI MU EPSILON (Fraternidad Nacional Honor\u00edfica de Matem\u00e1tica, U.S.A.), Miembro Honorario de The World Jewish Academy of Sciences y Miembro Correspondiente de la Academia Nacional de Geograf\u00eda de Argentina.<\/p>\n\n\n\n<p>Fue Presidente del Consejo Directivo del Centro Latinoamericano de F\u00edsica (CLAF), Presidente del Consejo Cient\u00edfico Asesor del Instituto Interamericano para la Investigaci\u00f3n del Cambio Global (IAI), Presidente de la Comisi\u00f3n de Geof\u00edsica del Instituto Panamericano de Geograf\u00eda e Historia (IPGH\/OEA), Presidente del Consejo Director del Consejo Nacional para Investigaciones Cient\u00edficas y Tecnol\u00f3gicas (Conicit), Miembro de la Junta Directiva de la Comisi\u00f3n Nacional de Energ\u00eda At\u00f3mica de Costa Rica, Miembro de la Comisi\u00f3n de Metrolog\u00eda, Costa Rica, Coordinador del Grupo de Ciencias de la Tierra y del Espacio de la Estrategia Siglo XXI, Miembro de la Comisi\u00f3n Nacional para la Investigaci\u00f3n 2007 que elabor\u00f3 el Atlas para la Innovaci\u00f3n en Costa Rica, miembro del Consejo Consultivo de Ciencia y Tecnolog\u00eda del Ministerio de Ciencia y Tecnolog\u00eda (MICIT) y Presidente del Colegio de F\u00edsicos.<\/p>\n\n\n\n<p>En la Universidad de Costa Rica fue Director de la Escuela de F\u00edsica, Director del Departamento de F\u00edsica Atmosf\u00e9rica, Oce\u00e1nica y Planetaria de la Escuela de F\u00edsica, Director del Centro de Investigaciones Geof\u00edsicas, Vicedecano de la Facultad de Ciencias, miembro de los Consejos Cient\u00edficos y Consejos Asesores del Centro de Investigaciones Geof\u00edsicas y del Centro de Investigaciones Espaciales y Subdirector del Centro de Investigaci\u00f3n en Contaminaci\u00f3n Ambiental.<\/p>\n\n\n\n<p>Fue Cient\u00edfico Visitante en los cruceros de investigaci\u00f3n oceanogr\u00e1fica DOMO III y DOMO IV, realizados en el buque B\/O El Puma de la Universidad Nacional Aut\u00f3noma de M\u00e9xico (Noviembre &#8211; Diciembre, 1981 y Junio &#8211; Agosto, 1982), Cient\u00edfico Visitante y Conferencista Invitado en el Centro de Ciencias de la Atm\u00f3sfera, Universidad Nacional Aut\u00f3noma de M\u00e9xico (Septiembre 1983), Miembro Asociado del International Centre for Theoretical Physics, Trieste, Italia (1985-1988) y Cient\u00edfico Visitante del Departamento de F\u00edsica, Facultad de Ciencias Exactas y Naturales, Universidad Nacional de Asunci\u00f3n, Paraguay (Noviembre 1994).<\/p>\n\n\n\n<p>Ha participado activamente en el desarrollo institucional de la ciencia, habiendo sido uno de los promotores para la creaci\u00f3n de la Academia Nacional de Ciencias, Costa Rica, y, en la Universidad de Costa Rica, del Centro de Investigaciones Geof\u00edsicas, del Programa de Postgrado en F\u00edsica, del Programa de Postgrado en Ciencias de la Atm\u00f3sfera, del Planetario de San Jos\u00e9 y de la Subsede del Centro Latinoamericano de F\u00edsica CLAF-CA.<\/p>\n\n\n\n<p>Es autor o coautor de un gran n\u00famero de art\u00edculos de investigaci\u00f3n cient\u00edfica, as\u00ed como de art\u00edculos sobre divulgaci\u00f3n y ense\u00f1anza de la ciencia y sobre temas culturales.<\/p>\n\n\n\n<p>Ha sido revisor de revistas cient\u00edficas internacionales indexadas y ha participado en la organizaci\u00f3n de gran cantidad de actividades cient\u00edficas internacionales.<\/p>\n\n\n\n<p><strong>Publicaciones representativas<\/strong><\/p>\n\n\n\n<p>Fern\u00e1ndez, W. and A.J. Thorpe, 1979. An Evaluation of Theories of Storm Motion Using\u00a0\u00a0Observations of Tropical Convective Systems. <em>Monthly Weather Review, 107,<\/em> 1306-1319.<\/p>\n\n\n\n<p>Fern\u00e1ndez, W., 1980. Environmental Conditions and Structure of Some Types of Convective Mesosystems Observed Over Venezuela. <em>Archiv fur Meteorologie, Geophysik und Bioklimatologie, A29,<\/em> 249-267.<\/p>\n\n\n\n<p>Fern\u00e1ndez, W., 1982. Environmental Conditions and Structure of the West African and Eastern Tropical Atlantic Squall Lines.\u00a0 <em>Archiv fur Meteorologie, Geophysik und<\/em> <em>Bioklimatologie, A31,<\/em> 71-89.<\/p>\n\n\n\n<p>Chac\u00f3n, R.E. and W. Fern\u00e1ndez,1985. Temporal and Spatial Rainfall Variability in the Mountainous Region of the Reventaz\u00f3n River Basin, Costa Rica. <em>Journal of Climatology, 5,<\/em> 171-188.<\/p>\n\n\n\n<p>Fern\u00e1ndez, W., R.E. Chac\u00f3n and J.W. Melgarejo, 1986. Modifications of Air Flow Due to the Formation of a&nbsp; Reservoir. <em>Journal of Climate and Applied<\/em> <em>Meteorology, 25,<\/em> 982-988 (1986). &nbsp;&nbsp;&nbsp;&nbsp;&nbsp;&nbsp;&nbsp;&nbsp;&nbsp;&nbsp;&nbsp;&nbsp;&nbsp;&nbsp;&nbsp;&nbsp;<\/p>\n\n\n\n<p>Fern\u00e1ndez, W., V. Castro, J. Wright, H. Hidalgo and A. S\u00e1enz, 1993. Changes in Solar Irradiance and Atmospheric Turbidity in Costa Rica During the Total Solar Eclipse of July\u00a011, 1991. <em>Earth, Moon, and Planets<\/em> <em>63<\/em>, 119-132.<\/p>\n\n\n\n<p>W. Fern\u00e1ndez, W. V. Castro and H. Hidalgo, 1993. Air Temperature and Wind Changes in Costa Rica During the Total Solar Eclipse of July 11, 1991. <em>Earth,<\/em> <em>Moon, and Planets<\/em> <em>63<\/em>, 133-147.<\/p>\n\n\n\n<p>Fern\u00e1ndez, W., 1995.&nbsp; A Numerical Simulation of the Martian Polar Cap Breeze. <em>Earth, Moon, and Planets 70<\/em>, 193-205, 1995.<\/p>\n\n\n\n<p>Fern\u00e1ndez, W., R.E. Chac\u00f3n and J.W. Melgarejo, 1996. On the Rainfall Distribution with Altitude Over Costa Rica. <em>Revista Geof\u00edsica 44,<\/em> 57-72.<\/p>\n\n\n\n<p>Fern\u00e1ndez, W., 1998.\u00a0 VIMHEX 1972 Revisited: The Life Cycles of two Tropical Convective Mesosystems over Land. <em>Meteorology and Atmospheric Physics<\/em>, 69, 67-80. Campos, E.F., I. Zawadzki, M. Petitdidier and W. Fern\u00e1ndez, 2006. Measurements of Raindrop Size Distributions in Tropical Rain at Costa Rica. <em>Journal of Hydrology<\/em>, 328, 98-109, 2006.<\/p>\n\n\n\n<p>Selkirk, H.B., H. V\u00f6mel, J. Valverde Canossa, L. Pfister, J.A. D\u00edaz, W. Fern\u00e1ndez, J. Amador, W. Stolz and G.S. Peng, 2010. Detailed Structure of the Tropical Upper Troposphere and Lower Stratosphere as Revealed by Balloon Sonde Observations of Water Vapor, Ozone, Temperature, and Winds During the NASA TCSP and TC4 Campaigns. J. Geophys. Res.,115, D00J19, doi:10.1029\/2009JD013209, 2010.<\/p>","protected":false},"excerpt":{"rendered":"<p>Walter Fern\u00e1ndez Rojas Presidente- Academia Nacional de Ciencias Walter Fern\u00e1ndez es Presidente de la Academia Nacional de Ciencias, Costa Rica, y Profesor Em\u00e9rito (F\u00edsica Atmosf\u00e9rica y Espacial) de la Escuela de F\u00edsica e investigador del Centro de Investigaciones Espaciales de la Universidad de Costa Rica. Se gradu\u00f3 en F\u00edsica y Meteorolog\u00eda en la Universidad de [&hellip;]<\/p>\n","protected":false},"author":2,"featured_media":0,"parent":0,"menu_order":0,"comment_status":"closed","ping_status":"closed","template":"","meta":{"footnotes":""},"class_list":["post-2332","page","type-page","status-publish","hentry"],"yoast_head":"<!-- This site is optimized with the Yoast SEO plugin v27.3 - https:\/\/yoast.com\/product\/yoast-seo-wordpress\/ -->\n<title>Walter Fern\u00e1ndez Rojas - ANC<\/title>\n<meta name=\"robots\" content=\"index, follow, max-snippet:-1, max-image-preview:large, max-video-preview:-1\" \/>\n<link rel=\"canonical\" href=\"https:\/\/www.anc.cr\/en\/walter-fernandez-rojas-3\/\" \/>\n<meta property=\"og:locale\" content=\"en_US\" \/>\n<meta property=\"og:type\" content=\"article\" \/>\n<meta property=\"og:title\" content=\"Walter Fern\u00e1ndez Rojas - ANC\" \/>\n<meta property=\"og:description\" content=\"Walter Fern\u00e1ndez Rojas Presidente- Academia Nacional de Ciencias Walter Fern\u00e1ndez es Presidente de la Academia Nacional de Ciencias, Costa Rica, y Profesor Em\u00e9rito (F\u00edsica Atmosf\u00e9rica y Espacial) de la Escuela de F\u00edsica e investigador del Centro de Investigaciones Espaciales de la Universidad de Costa Rica. Se gradu\u00f3 en F\u00edsica y Meteorolog\u00eda en la Universidad de [&hellip;]\" \/>\n<meta property=\"og:url\" content=\"https:\/\/www.anc.cr\/en\/walter-fernandez-rojas-3\/\" \/>\n<meta property=\"og:site_name\" content=\"ANC\" \/>\n<meta property=\"article:modified_time\" content=\"2025-04-22T19:19:24+00:00\" \/>\n<meta property=\"og:image\" content=\"https:\/\/www.anc.cr\/wp-content\/uploads\/2024\/05\/m_walter-Fern-ndez2-1569969997.png\" \/>\n\t<meta property=\"og:image:width\" content=\"398\" \/>\n\t<meta property=\"og:image:height\" content=\"383\" \/>\n\t<meta property=\"og:image:type\" content=\"image\/png\" \/>\n<meta name=\"twitter:card\" content=\"summary_large_image\" \/>\n<meta name=\"twitter:label1\" content=\"Est. reading time\" \/>\n\t<meta name=\"twitter:data1\" content=\"5 minutes\" \/>\n<script type=\"application\/ld+json\" class=\"yoast-schema-graph\">{\"@context\":\"https:\\\/\\\/schema.org\",\"@graph\":[{\"@type\":\"WebPage\",\"@id\":\"https:\\\/\\\/www.anc.cr\\\/walter-fernandez-rojas-3\\\/\",\"url\":\"https:\\\/\\\/www.anc.cr\\\/walter-fernandez-rojas-3\\\/\",\"name\":\"Walter Fern\u00e1ndez Rojas - ANC\",\"isPartOf\":{\"@id\":\"https:\\\/\\\/www.anc.cr\\\/#website\"},\"primaryImageOfPage\":{\"@id\":\"https:\\\/\\\/www.anc.cr\\\/walter-fernandez-rojas-3\\\/#primaryimage\"},\"image\":{\"@id\":\"https:\\\/\\\/www.anc.cr\\\/walter-fernandez-rojas-3\\\/#primaryimage\"},\"thumbnailUrl\":\"https:\\\/\\\/www.anc.cr\\\/wp-content\\\/uploads\\\/2024\\\/05\\\/m_walter-Fern-ndez2-1569969997.png\",\"datePublished\":\"2025-04-22T19:10:06+00:00\",\"dateModified\":\"2025-04-22T19:19:24+00:00\",\"breadcrumb\":{\"@id\":\"https:\\\/\\\/www.anc.cr\\\/walter-fernandez-rojas-3\\\/#breadcrumb\"},\"inLanguage\":\"en-US\",\"potentialAction\":[{\"@type\":\"ReadAction\",\"target\":[\"https:\\\/\\\/www.anc.cr\\\/walter-fernandez-rojas-3\\\/\"]}]},{\"@type\":\"ImageObject\",\"inLanguage\":\"en-US\",\"@id\":\"https:\\\/\\\/www.anc.cr\\\/walter-fernandez-rojas-3\\\/#primaryimage\",\"url\":\"https:\\\/\\\/www.anc.cr\\\/wp-content\\\/uploads\\\/2024\\\/05\\\/m_walter-Fern-ndez2-1569969997.png\",\"contentUrl\":\"https:\\\/\\\/www.anc.cr\\\/wp-content\\\/uploads\\\/2024\\\/05\\\/m_walter-Fern-ndez2-1569969997.png\"},{\"@type\":\"BreadcrumbList\",\"@id\":\"https:\\\/\\\/www.anc.cr\\\/walter-fernandez-rojas-3\\\/#breadcrumb\",\"itemListElement\":[{\"@type\":\"ListItem\",\"position\":1,\"name\":\"Portada\",\"item\":\"https:\\\/\\\/www.anc.cr\\\/\"},{\"@type\":\"ListItem\",\"position\":2,\"name\":\"Walter Fern\u00e1ndez Rojas\"}]},{\"@type\":\"WebSite\",\"@id\":\"https:\\\/\\\/www.anc.cr\\\/#website\",\"url\":\"https:\\\/\\\/www.anc.cr\\\/\",\"name\":\"ANC\",\"description\":\"Academia Nacional de Ciencias\",\"publisher\":{\"@id\":\"https:\\\/\\\/www.anc.cr\\\/#organization\"},\"potentialAction\":[{\"@type\":\"SearchAction\",\"target\":{\"@type\":\"EntryPoint\",\"urlTemplate\":\"https:\\\/\\\/www.anc.cr\\\/?s={search_term_string}\"},\"query-input\":{\"@type\":\"PropertyValueSpecification\",\"valueRequired\":true,\"valueName\":\"search_term_string\"}}],\"inLanguage\":\"en-US\"},{\"@type\":\"Organization\",\"@id\":\"https:\\\/\\\/www.anc.cr\\\/#organization\",\"name\":\"ANC\",\"url\":\"https:\\\/\\\/www.anc.cr\\\/\",\"logo\":{\"@type\":\"ImageObject\",\"inLanguage\":\"en-US\",\"@id\":\"https:\\\/\\\/www.anc.cr\\\/#\\\/schema\\\/logo\\\/image\\\/\",\"url\":\"https:\\\/\\\/www.anc.cr\\\/wp-content\\\/uploads\\\/2024\\\/07\\\/Logo-ANC-CR.png\",\"contentUrl\":\"https:\\\/\\\/www.anc.cr\\\/wp-content\\\/uploads\\\/2024\\\/07\\\/Logo-ANC-CR.png\",\"width\":1051,\"height\":593,\"caption\":\"ANC\"},\"image\":{\"@id\":\"https:\\\/\\\/www.anc.cr\\\/#\\\/schema\\\/logo\\\/image\\\/\"}}]}<\/script>\n<!-- \/ Yoast SEO plugin. -->","yoast_head_json":{"title":"Walter Fern\u00e1ndez Rojas - ANC","robots":{"index":"index","follow":"follow","max-snippet":"max-snippet:-1","max-image-preview":"max-image-preview:large","max-video-preview":"max-video-preview:-1"},"canonical":"https:\/\/www.anc.cr\/en\/walter-fernandez-rojas-3\/","og_locale":"en_US","og_type":"article","og_title":"Walter Fern\u00e1ndez Rojas - ANC","og_description":"Walter Fern\u00e1ndez Rojas Presidente- Academia Nacional de Ciencias Walter Fern\u00e1ndez es Presidente de la Academia Nacional de Ciencias, Costa Rica, y Profesor Em\u00e9rito (F\u00edsica Atmosf\u00e9rica y Espacial) de la Escuela de F\u00edsica e investigador del Centro de Investigaciones Espaciales de la Universidad de Costa Rica. Se gradu\u00f3 en F\u00edsica y Meteorolog\u00eda en la Universidad de [&hellip;]","og_url":"https:\/\/www.anc.cr\/en\/walter-fernandez-rojas-3\/","og_site_name":"ANC","article_modified_time":"2025-04-22T19:19:24+00:00","og_image":[{"width":398,"height":383,"url":"https:\/\/www.anc.cr\/wp-content\/uploads\/2024\/05\/m_walter-Fern-ndez2-1569969997.png","type":"image\/png"}],"twitter_card":"summary_large_image","twitter_misc":{"Est. reading time":"5 minutes"},"schema":{"@context":"https:\/\/schema.org","@graph":[{"@type":"WebPage","@id":"https:\/\/www.anc.cr\/walter-fernandez-rojas-3\/","url":"https:\/\/www.anc.cr\/walter-fernandez-rojas-3\/","name":"Walter Fern\u00e1ndez Rojas - ANC","isPartOf":{"@id":"https:\/\/www.anc.cr\/#website"},"primaryImageOfPage":{"@id":"https:\/\/www.anc.cr\/walter-fernandez-rojas-3\/#primaryimage"},"image":{"@id":"https:\/\/www.anc.cr\/walter-fernandez-rojas-3\/#primaryimage"},"thumbnailUrl":"https:\/\/www.anc.cr\/wp-content\/uploads\/2024\/05\/m_walter-Fern-ndez2-1569969997.png","datePublished":"2025-04-22T19:10:06+00:00","dateModified":"2025-04-22T19:19:24+00:00","breadcrumb":{"@id":"https:\/\/www.anc.cr\/walter-fernandez-rojas-3\/#breadcrumb"},"inLanguage":"en-US","potentialAction":[{"@type":"ReadAction","target":["https:\/\/www.anc.cr\/walter-fernandez-rojas-3\/"]}]},{"@type":"ImageObject","inLanguage":"en-US","@id":"https:\/\/www.anc.cr\/walter-fernandez-rojas-3\/#primaryimage","url":"https:\/\/www.anc.cr\/wp-content\/uploads\/2024\/05\/m_walter-Fern-ndez2-1569969997.png","contentUrl":"https:\/\/www.anc.cr\/wp-content\/uploads\/2024\/05\/m_walter-Fern-ndez2-1569969997.png"},{"@type":"BreadcrumbList","@id":"https:\/\/www.anc.cr\/walter-fernandez-rojas-3\/#breadcrumb","itemListElement":[{"@type":"ListItem","position":1,"name":"Portada","item":"https:\/\/www.anc.cr\/"},{"@type":"ListItem","position":2,"name":"Walter Fern\u00e1ndez Rojas"}]},{"@type":"WebSite","@id":"https:\/\/www.anc.cr\/#website","url":"https:\/\/www.anc.cr\/","name":"ANC","description":"Academia Nacional de Ciencias","publisher":{"@id":"https:\/\/www.anc.cr\/#organization"},"potentialAction":[{"@type":"SearchAction","target":{"@type":"EntryPoint","urlTemplate":"https:\/\/www.anc.cr\/?s={search_term_string}"},"query-input":{"@type":"PropertyValueSpecification","valueRequired":true,"valueName":"search_term_string"}}],"inLanguage":"en-US"},{"@type":"Organization","@id":"https:\/\/www.anc.cr\/#organization","name":"ANC","url":"https:\/\/www.anc.cr\/","logo":{"@type":"ImageObject","inLanguage":"en-US","@id":"https:\/\/www.anc.cr\/#\/schema\/logo\/image\/","url":"https:\/\/www.anc.cr\/wp-content\/uploads\/2024\/07\/Logo-ANC-CR.png","contentUrl":"https:\/\/www.anc.cr\/wp-content\/uploads\/2024\/07\/Logo-ANC-CR.png","width":1051,"height":593,"caption":"ANC"},"image":{"@id":"https:\/\/www.anc.cr\/#\/schema\/logo\/image\/"}}]}},"_links":{"self":[{"href":"https:\/\/www.anc.cr\/en\/wp-json\/wp\/v2\/pages\/2332","targetHints":{"allow":["GET"]}}],"collection":[{"href":"https:\/\/www.anc.cr\/en\/wp-json\/wp\/v2\/pages"}],"about":[{"href":"https:\/\/www.anc.cr\/en\/wp-json\/wp\/v2\/types\/page"}],"author":[{"embeddable":true,"href":"https:\/\/www.anc.cr\/en\/wp-json\/wp\/v2\/users\/2"}],"replies":[{"embeddable":true,"href":"https:\/\/www.anc.cr\/en\/wp-json\/wp\/v2\/comments?post=2332"}],"version-history":[{"count":2,"href":"https:\/\/www.anc.cr\/en\/wp-json\/wp\/v2\/pages\/2332\/revisions"}],"predecessor-version":[{"id":2334,"href":"https:\/\/www.anc.cr\/en\/wp-json\/wp\/v2\/pages\/2332\/revisions\/2334"}],"wp:attachment":[{"href":"https:\/\/www.anc.cr\/en\/wp-json\/wp\/v2\/media?parent=2332"}],"curies":[{"name":"wp","href":"https:\/\/api.w.org\/{rel}","templated":true}]}}