{"id":1414,"date":"2024-07-10T08:45:22","date_gmt":"2024-07-10T14:45:22","guid":{"rendered":"http:\/\/anc.local\/?page_id=1414"},"modified":"2026-01-13T15:56:55","modified_gmt":"2026-01-13T21:56:55","slug":"henriette-raventos-vorst","status":"publish","type":"page","link":"https:\/\/www.anc.cr\/en\/henriette-raventos-vorst\/","title":{"rendered":"Henriette Ravent\u00f3s Vorst"},"content":{"rendered":"<div class=\"wp-block-group alignfull has-global-padding is-layout-constrained wp-container-core-group-is-layout-cb151cc7 wp-block-group-is-layout-constrained\" style=\"margin-top:0;margin-bottom:0;padding-top:0;padding-right:var(--wp--preset--spacing--50);padding-bottom:0;padding-left:var(--wp--preset--spacing--50)\">\n<div class=\"wp-block-columns alignwide are-vertically-aligned-center is-layout-flex wp-container-core-columns-is-layout-47c06fe3 wp-block-columns-is-layout-flex\">\n<div class=\"wp-block-column is-vertically-aligned-center is-layout-flow wp-block-column-is-layout-flow\" style=\"flex-basis:50%\">\n<h3 class=\"wp-block-heading has-x-large-font-size\">Henriette Ravent\u00f3s Vorst<\/h3>\n\n\n\n<p><\/p>\n\n\n\n<ul class=\"wp-block-list\">\n<li>Profesora e investigadora de la Universidad de Costa Rica, en el campo de la g\u00e9netica humana.&nbsp;<\/li>\n\n\n\n<li>Especialidad: Gen\u00e9tica&nbsp;<\/li>\n<\/ul>\n<\/div>\n\n\n\n<div class=\"wp-block-column is-vertically-aligned-center is-layout-flow wp-block-column-is-layout-flow\" style=\"flex-basis:50%\">\n<figure class=\"wp-block-image aligncenter size-full is-resized is-style-rounded is-style-rounded--1\"><img decoding=\"async\" width=\"375\" height=\"500\" src=\"https:\/\/www.anc.cr\/wp-content\/uploads\/2024\/07\/image-56.png\" alt=\"\" class=\"wp-image-728\" style=\"aspect-ratio:1;object-fit:cover;width:400px\" srcset=\"https:\/\/www.anc.cr\/wp-content\/uploads\/2024\/07\/image-56.png 375w, https:\/\/www.anc.cr\/wp-content\/uploads\/2024\/07\/image-56-225x300.png 225w\" sizes=\"(max-width: 375px) 100vw, 375px\" \/><\/figure>\n<\/div>\n<\/div>\n<\/div>\n\n\n\n<div style=\"height:10px\" aria-hidden=\"true\" class=\"wp-block-spacer\"><\/div>\n\n\n\n<hr class=\"wp-block-separator has-alpha-channel-opacity\"\/>\n\n\n\n<p>Henriette Ravent\u00f3s se gradu\u00f3 de medicina en 1986 de la Universidad de Costa Rica con el mejor promedio de la graduaci\u00f3n y del \u00e1rea de la salud. Contin\u00fao sus estudios de posgrado con una maestr\u00eda en bioqu\u00edmica en la UCR y un posdoctorado en gen\u00e9tica humana en la Universidad de California en Berkeley, donde trabaj\u00f3 con el Dr. Pedro Le\u00f3n y Mary Claire King en la identificaci\u00f3n del primer gen causante de una sordera no-sindr\u00f3mica. Recientemente, obtuvo un PhD en Estudios de la Sociedad y la Cultura de la misma universidad.<\/p>\n\n\n\n<p>Desde 1996, dirige un grupo de investigaci\u00f3n en el Centro de Investigaci\u00f3n de Biolog\u00eda Celular y Molecular de la Universidad de Costa Rica, que busca identificar variantes gen\u00e9ticas de susceptibilidad para trastornos neuropsiqui\u00e1tricos como el trastorno bipolar, la esquizofrenia y la demencia de Alzheimer. Los resultados de estas investigaciones han sido publicados en art\u00edculos cient\u00edficos nacionales e internacionales y presentados en cursos y congresos en Am\u00e9rica, Europa y Asia. Tambi\u00e9n es revisora de art\u00edculos cient\u00edficos y anteproyectos de investigaci\u00f3n a nivel internacional.<\/p>\n\n\n\n<p>Es la co-directora del grupo de trabajo de Women for Science de IANAS (Inter American Network of Academies of Science); la directora del grupo de trabajo de National Cancer Instititute (NCI, EEUU) sobre el proyecto de la vacuna de HPV en Costa Rica; forma parte de la junta directiva de la Sociedad Mundial de Psiquiatr\u00eda Gen\u00e9tica; es miembro de la comisi\u00f3n de gen\u00e9tica de la Sociedad Mundial de Psiquiatr\u00eda, y m\u00e1s recientemente se integr\u00f3 a la Red LatinGenomes. Es consultada a nivel nacional e internacional sobre proyectos y pol\u00edticas p\u00fablicas en salud mental, salud sexual y reproductiva y discapacidad. Participa activamente en colectivos, fundaciones y asociaciones de la sociedad civil para la defensa de los derechos humanos, la igualdad de g\u00e9nero y la divulgaci\u00f3n de la ciencia.<\/p>\n\n\n\n<ul class=\"wp-block-list\">\n<li><\/li>\n<\/ul>","protected":false},"excerpt":{"rendered":"<p>Henriette Ravent\u00f3s Vorst Henriette Ravent\u00f3s se gradu\u00f3 de medicina en 1986 de la Universidad de Costa Rica con el mejor promedio de la graduaci\u00f3n y del \u00e1rea de la salud. Contin\u00fao sus estudios de posgrado con una maestr\u00eda en bioqu\u00edmica en la UCR y un posdoctorado en gen\u00e9tica humana en la Universidad de California en [&hellip;]<\/p>\n","protected":false},"author":1,"featured_media":0,"parent":0,"menu_order":0,"comment_status":"closed","ping_status":"closed","template":"","meta":{"footnotes":""},"class_list":["post-1414","page","type-page","status-publish","hentry"],"yoast_head":"<!-- This site is optimized with the Yoast SEO plugin v27.3 - https:\/\/yoast.com\/product\/yoast-seo-wordpress\/ -->\n<title>Henriette Ravent\u00f3s Vorst - ANC<\/title>\n<meta name=\"robots\" content=\"index, follow, max-snippet:-1, max-image-preview:large, max-video-preview:-1\" \/>\n<link rel=\"canonical\" href=\"https:\/\/www.anc.cr\/en\/henriette-raventos-vorst\/\" \/>\n<meta property=\"og:locale\" content=\"en_US\" \/>\n<meta property=\"og:type\" content=\"article\" \/>\n<meta property=\"og:title\" content=\"Henriette Ravent\u00f3s Vorst - ANC\" \/>\n<meta property=\"og:description\" content=\"Henriette Ravent\u00f3s Vorst Henriette Ravent\u00f3s se gradu\u00f3 de medicina en 1986 de la Universidad de Costa Rica con el mejor promedio de la graduaci\u00f3n y del \u00e1rea de la salud. Contin\u00fao sus estudios de posgrado con una maestr\u00eda en bioqu\u00edmica en la UCR y un posdoctorado en gen\u00e9tica humana en la Universidad de California en [&hellip;]\" \/>\n<meta property=\"og:url\" content=\"https:\/\/www.anc.cr\/en\/henriette-raventos-vorst\/\" \/>\n<meta property=\"og:site_name\" content=\"ANC\" \/>\n<meta property=\"article:modified_time\" content=\"2026-01-13T21:56:55+00:00\" \/>\n<meta property=\"og:image\" content=\"https:\/\/www.anc.cr\/wp-content\/uploads\/2024\/07\/image-56.png\" \/>\n\t<meta property=\"og:image:width\" content=\"375\" \/>\n\t<meta property=\"og:image:height\" content=\"500\" \/>\n\t<meta property=\"og:image:type\" content=\"image\/png\" \/>\n<meta name=\"twitter:card\" content=\"summary_large_image\" \/>\n<meta name=\"twitter:label1\" content=\"Est. reading time\" \/>\n\t<meta name=\"twitter:data1\" content=\"2 minutes\" \/>\n<script type=\"application\/ld+json\" class=\"yoast-schema-graph\">{\"@context\":\"https:\\\/\\\/schema.org\",\"@graph\":[{\"@type\":\"WebPage\",\"@id\":\"https:\\\/\\\/www.anc.cr\\\/henriette-raventos-vorst\\\/\",\"url\":\"https:\\\/\\\/www.anc.cr\\\/henriette-raventos-vorst\\\/\",\"name\":\"Henriette Ravent\u00f3s Vorst - ANC\",\"isPartOf\":{\"@id\":\"https:\\\/\\\/www.anc.cr\\\/#website\"},\"primaryImageOfPage\":{\"@id\":\"https:\\\/\\\/www.anc.cr\\\/henriette-raventos-vorst\\\/#primaryimage\"},\"image\":{\"@id\":\"https:\\\/\\\/www.anc.cr\\\/henriette-raventos-vorst\\\/#primaryimage\"},\"thumbnailUrl\":\"https:\\\/\\\/www.anc.cr\\\/wp-content\\\/uploads\\\/2024\\\/07\\\/image-56.png\",\"datePublished\":\"2024-07-10T14:45:22+00:00\",\"dateModified\":\"2026-01-13T21:56:55+00:00\",\"breadcrumb\":{\"@id\":\"https:\\\/\\\/www.anc.cr\\\/henriette-raventos-vorst\\\/#breadcrumb\"},\"inLanguage\":\"en-US\",\"potentialAction\":[{\"@type\":\"ReadAction\",\"target\":[\"https:\\\/\\\/www.anc.cr\\\/henriette-raventos-vorst\\\/\"]}]},{\"@type\":\"ImageObject\",\"inLanguage\":\"en-US\",\"@id\":\"https:\\\/\\\/www.anc.cr\\\/henriette-raventos-vorst\\\/#primaryimage\",\"url\":\"https:\\\/\\\/www.anc.cr\\\/wp-content\\\/uploads\\\/2024\\\/07\\\/image-56.png\",\"contentUrl\":\"https:\\\/\\\/www.anc.cr\\\/wp-content\\\/uploads\\\/2024\\\/07\\\/image-56.png\"},{\"@type\":\"BreadcrumbList\",\"@id\":\"https:\\\/\\\/www.anc.cr\\\/henriette-raventos-vorst\\\/#breadcrumb\",\"itemListElement\":[{\"@type\":\"ListItem\",\"position\":1,\"name\":\"Portada\",\"item\":\"https:\\\/\\\/www.anc.cr\\\/\"},{\"@type\":\"ListItem\",\"position\":2,\"name\":\"Henriette Ravent\u00f3s Vorst\"}]},{\"@type\":\"WebSite\",\"@id\":\"https:\\\/\\\/www.anc.cr\\\/#website\",\"url\":\"https:\\\/\\\/www.anc.cr\\\/\",\"name\":\"ANC\",\"description\":\"Academia Nacional de Ciencias\",\"publisher\":{\"@id\":\"https:\\\/\\\/www.anc.cr\\\/#organization\"},\"potentialAction\":[{\"@type\":\"SearchAction\",\"target\":{\"@type\":\"EntryPoint\",\"urlTemplate\":\"https:\\\/\\\/www.anc.cr\\\/?s={search_term_string}\"},\"query-input\":{\"@type\":\"PropertyValueSpecification\",\"valueRequired\":true,\"valueName\":\"search_term_string\"}}],\"inLanguage\":\"en-US\"},{\"@type\":\"Organization\",\"@id\":\"https:\\\/\\\/www.anc.cr\\\/#organization\",\"name\":\"ANC\",\"url\":\"https:\\\/\\\/www.anc.cr\\\/\",\"logo\":{\"@type\":\"ImageObject\",\"inLanguage\":\"en-US\",\"@id\":\"https:\\\/\\\/www.anc.cr\\\/#\\\/schema\\\/logo\\\/image\\\/\",\"url\":\"https:\\\/\\\/www.anc.cr\\\/wp-content\\\/uploads\\\/2024\\\/07\\\/Logo-ANC-CR.png\",\"contentUrl\":\"https:\\\/\\\/www.anc.cr\\\/wp-content\\\/uploads\\\/2024\\\/07\\\/Logo-ANC-CR.png\",\"width\":1051,\"height\":593,\"caption\":\"ANC\"},\"image\":{\"@id\":\"https:\\\/\\\/www.anc.cr\\\/#\\\/schema\\\/logo\\\/image\\\/\"}}]}<\/script>\n<!-- \/ Yoast SEO plugin. -->","yoast_head_json":{"title":"Henriette Ravent\u00f3s Vorst - ANC","robots":{"index":"index","follow":"follow","max-snippet":"max-snippet:-1","max-image-preview":"max-image-preview:large","max-video-preview":"max-video-preview:-1"},"canonical":"https:\/\/www.anc.cr\/en\/henriette-raventos-vorst\/","og_locale":"en_US","og_type":"article","og_title":"Henriette Ravent\u00f3s Vorst - ANC","og_description":"Henriette Ravent\u00f3s Vorst Henriette Ravent\u00f3s se gradu\u00f3 de medicina en 1986 de la Universidad de Costa Rica con el mejor promedio de la graduaci\u00f3n y del \u00e1rea de la salud. Contin\u00fao sus estudios de posgrado con una maestr\u00eda en bioqu\u00edmica en la UCR y un posdoctorado en gen\u00e9tica humana en la Universidad de California en [&hellip;]","og_url":"https:\/\/www.anc.cr\/en\/henriette-raventos-vorst\/","og_site_name":"ANC","article_modified_time":"2026-01-13T21:56:55+00:00","og_image":[{"width":375,"height":500,"url":"https:\/\/www.anc.cr\/wp-content\/uploads\/2024\/07\/image-56.png","type":"image\/png"}],"twitter_card":"summary_large_image","twitter_misc":{"Est. reading time":"2 minutes"},"schema":{"@context":"https:\/\/schema.org","@graph":[{"@type":"WebPage","@id":"https:\/\/www.anc.cr\/henriette-raventos-vorst\/","url":"https:\/\/www.anc.cr\/henriette-raventos-vorst\/","name":"Henriette Ravent\u00f3s Vorst - ANC","isPartOf":{"@id":"https:\/\/www.anc.cr\/#website"},"primaryImageOfPage":{"@id":"https:\/\/www.anc.cr\/henriette-raventos-vorst\/#primaryimage"},"image":{"@id":"https:\/\/www.anc.cr\/henriette-raventos-vorst\/#primaryimage"},"thumbnailUrl":"https:\/\/www.anc.cr\/wp-content\/uploads\/2024\/07\/image-56.png","datePublished":"2024-07-10T14:45:22+00:00","dateModified":"2026-01-13T21:56:55+00:00","breadcrumb":{"@id":"https:\/\/www.anc.cr\/henriette-raventos-vorst\/#breadcrumb"},"inLanguage":"en-US","potentialAction":[{"@type":"ReadAction","target":["https:\/\/www.anc.cr\/henriette-raventos-vorst\/"]}]},{"@type":"ImageObject","inLanguage":"en-US","@id":"https:\/\/www.anc.cr\/henriette-raventos-vorst\/#primaryimage","url":"https:\/\/www.anc.cr\/wp-content\/uploads\/2024\/07\/image-56.png","contentUrl":"https:\/\/www.anc.cr\/wp-content\/uploads\/2024\/07\/image-56.png"},{"@type":"BreadcrumbList","@id":"https:\/\/www.anc.cr\/henriette-raventos-vorst\/#breadcrumb","itemListElement":[{"@type":"ListItem","position":1,"name":"Portada","item":"https:\/\/www.anc.cr\/"},{"@type":"ListItem","position":2,"name":"Henriette Ravent\u00f3s Vorst"}]},{"@type":"WebSite","@id":"https:\/\/www.anc.cr\/#website","url":"https:\/\/www.anc.cr\/","name":"ANC","description":"Academia Nacional de Ciencias","publisher":{"@id":"https:\/\/www.anc.cr\/#organization"},"potentialAction":[{"@type":"SearchAction","target":{"@type":"EntryPoint","urlTemplate":"https:\/\/www.anc.cr\/?s={search_term_string}"},"query-input":{"@type":"PropertyValueSpecification","valueRequired":true,"valueName":"search_term_string"}}],"inLanguage":"en-US"},{"@type":"Organization","@id":"https:\/\/www.anc.cr\/#organization","name":"ANC","url":"https:\/\/www.anc.cr\/","logo":{"@type":"ImageObject","inLanguage":"en-US","@id":"https:\/\/www.anc.cr\/#\/schema\/logo\/image\/","url":"https:\/\/www.anc.cr\/wp-content\/uploads\/2024\/07\/Logo-ANC-CR.png","contentUrl":"https:\/\/www.anc.cr\/wp-content\/uploads\/2024\/07\/Logo-ANC-CR.png","width":1051,"height":593,"caption":"ANC"},"image":{"@id":"https:\/\/www.anc.cr\/#\/schema\/logo\/image\/"}}]}},"_links":{"self":[{"href":"https:\/\/www.anc.cr\/en\/wp-json\/wp\/v2\/pages\/1414","targetHints":{"allow":["GET"]}}],"collection":[{"href":"https:\/\/www.anc.cr\/en\/wp-json\/wp\/v2\/pages"}],"about":[{"href":"https:\/\/www.anc.cr\/en\/wp-json\/wp\/v2\/types\/page"}],"author":[{"embeddable":true,"href":"https:\/\/www.anc.cr\/en\/wp-json\/wp\/v2\/users\/1"}],"replies":[{"embeddable":true,"href":"https:\/\/www.anc.cr\/en\/wp-json\/wp\/v2\/comments?post=1414"}],"version-history":[{"count":4,"href":"https:\/\/www.anc.cr\/en\/wp-json\/wp\/v2\/pages\/1414\/revisions"}],"predecessor-version":[{"id":2863,"href":"https:\/\/www.anc.cr\/en\/wp-json\/wp\/v2\/pages\/1414\/revisions\/2863"}],"wp:attachment":[{"href":"https:\/\/www.anc.cr\/en\/wp-json\/wp\/v2\/media?parent=1414"}],"curies":[{"name":"wp","href":"https:\/\/api.w.org\/{rel}","templated":true}]}}